{"version":"1.0","provider_name":"Instytut Polski w Berlinie","provider_url":"https:\/\/instytutpolski.pl\/berlin","author_name":"mw","author_url":"https:\/\/instytutpolski.pl\/berlin\/author\/witkowskam\/","title":"\u201eGr\u00fcnes Licht\u201c von Janusz Cichocki - Instytut Polski w Berlinie","type":"rich","width":600,"height":338,"html":"<blockquote class=\"wp-embedded-content\" data-secret=\"At3TFFPYid\"><a href=\"https:\/\/instytutpolski.pl\/berlin\/2025\/02\/05\/grunes-licht-von-janusz-cichocki\/\">\u201eGr\u00fcnes Licht\u201c von Janusz Cichocki<\/a><\/blockquote><iframe sandbox=\"allow-scripts\" security=\"restricted\" src=\"https:\/\/instytutpolski.pl\/berlin\/2025\/02\/05\/grunes-licht-von-janusz-cichocki\/embed\/#?secret=At3TFFPYid\" width=\"600\" height=\"338\" title=\"&#8222;\u201eGr\u00fcnes Licht\u201c von Janusz Cichocki&#8221; &#8212; Instytut Polski w Berlinie\" data-secret=\"At3TFFPYid\" frameborder=\"0\" marginwidth=\"0\" marginheight=\"0\" scrolling=\"no\" class=\"wp-embedded-content\"><\/iframe><script type=\"text\/javascript\">\n\/* <![CDATA[ *\/\n\/*! This file is auto-generated *\/\n!function(d,l){\"use strict\";l.querySelector&&d.addEventListener&&\"undefined\"!=typeof URL&&(d.wp=d.wp||{},d.wp.receiveEmbedMessage||(d.wp.receiveEmbedMessage=function(e){var t=e.data;if((t||t.secret||t.message||t.value)&&!\/[^a-zA-Z0-9]\/.test(t.secret)){for(var s,r,n,a=l.querySelectorAll('iframe[data-secret=\"'+t.secret+'\"]'),o=l.querySelectorAll('blockquote[data-secret=\"'+t.secret+'\"]'),c=new RegExp(\"^https?:$\",\"i\"),i=0;i<o.length;i++)o[i].style.display=\"none\";for(i=0;i<a.length;i++)s=a[i],e.source===s.contentWindow&&(s.removeAttribute(\"style\"),\"height\"===t.message?(1e3<(r=parseInt(t.value,10))?r=1e3:~~r<200&&(r=200),s.height=r):\"link\"===t.message&&(r=new URL(s.getAttribute(\"src\")),n=new URL(t.value),c.test(n.protocol))&&n.host===r.host&&l.activeElement===s&&(d.top.location.href=t.value))}},d.addEventListener(\"message\",d.wp.receiveEmbedMessage,!1),l.addEventListener(\"DOMContentLoaded\",function(){for(var e,t,s=l.querySelectorAll(\"iframe.wp-embedded-content\"),r=0;r<s.length;r++)(t=(e=s[r]).getAttribute(\"data-secret\"))||(t=Math.random().toString(36).substring(2,12),e.src+=\"#?secret=\"+t,e.setAttribute(\"data-secret\",t)),e.contentWindow.postMessage({message:\"ready\",secret:t},\"*\")},!1)))}(window,document);\n\/* ]]> *\/\n<\/script>\n","thumbnail_url":"https:\/\/instytutpolski.pl\/berlin\/wp-content\/uploads\/sites\/3\/2025\/02\/Zrzut-ekranu-2025-02-5-o-12.21.37-1024x729.png","thumbnail_width":1024,"thumbnail_height":729,"description":"Wir leben in Zeiten gro\u00dfer Krisen &#8211; Kriege, Klimakatastrophen und Rezessionen sind zu unserer t\u00e4glichen Realit\u00e4t geworden. Sie f\u00fchren unter anderem zu gro\u00dfen humanit\u00e4ren Trag\u00f6dien in vielen Regionen der Welt. Massive Zerst\u00f6rung, Tod, Hunger und der Kampf ums \u00dcberleben sind f\u00fcr Millionen von Menschen brutale Realit\u00e4t. Diese dramatischen Umst\u00e4nde tragen zu gro\u00dfen Migrationsbewegungen bei, die [&hellip;]"}