{"version":"1.0","provider_name":"Instytut Polski w Berlinie","provider_url":"https:\/\/instytutpolski.pl\/berlin","author_name":"Rainer Mende","author_url":"https:\/\/instytutpolski.pl\/berlin\/author\/mender\/","title":"Imago - Instytut Polski w Berlinie","type":"rich","width":600,"height":338,"html":"<blockquote class=\"wp-embedded-content\" data-secret=\"GaikbDDrtu\"><a href=\"https:\/\/instytutpolski.pl\/berlin\/filme\/film\/imago\/\">Imago<\/a><\/blockquote><iframe sandbox=\"allow-scripts\" security=\"restricted\" src=\"https:\/\/instytutpolski.pl\/berlin\/filme\/film\/imago\/embed\/#?secret=GaikbDDrtu\" width=\"600\" height=\"338\" title=\"&#8222;Imago&#8221; &#8212; Instytut Polski w Berlinie\" data-secret=\"GaikbDDrtu\" frameborder=\"0\" marginwidth=\"0\" marginheight=\"0\" scrolling=\"no\" class=\"wp-embedded-content\"><\/iframe><script type=\"text\/javascript\">\n\/* <![CDATA[ *\/\n\/*! This file is auto-generated *\/\n!function(d,l){\"use strict\";l.querySelector&&d.addEventListener&&\"undefined\"!=typeof URL&&(d.wp=d.wp||{},d.wp.receiveEmbedMessage||(d.wp.receiveEmbedMessage=function(e){var t=e.data;if((t||t.secret||t.message||t.value)&&!\/[^a-zA-Z0-9]\/.test(t.secret)){for(var s,r,n,a=l.querySelectorAll('iframe[data-secret=\"'+t.secret+'\"]'),o=l.querySelectorAll('blockquote[data-secret=\"'+t.secret+'\"]'),c=new RegExp(\"^https?:$\",\"i\"),i=0;i<o.length;i++)o[i].style.display=\"none\";for(i=0;i<a.length;i++)s=a[i],e.source===s.contentWindow&&(s.removeAttribute(\"style\"),\"height\"===t.message?(1e3<(r=parseInt(t.value,10))?r=1e3:~~r<200&&(r=200),s.height=r):\"link\"===t.message&&(r=new URL(s.getAttribute(\"src\")),n=new URL(t.value),c.test(n.protocol))&&n.host===r.host&&l.activeElement===s&&(d.top.location.href=t.value))}},d.addEventListener(\"message\",d.wp.receiveEmbedMessage,!1),l.addEventListener(\"DOMContentLoaded\",function(){for(var e,t,s=l.querySelectorAll(\"iframe.wp-embedded-content\"),r=0;r<s.length;r++)(t=(e=s[r]).getAttribute(\"data-secret\"))||(t=Math.random().toString(36).substring(2,12),e.src+=\"#?secret=\"+t,e.setAttribute(\"data-secret\",t)),e.contentWindow.postMessage({message:\"ready\",secret:t},\"*\")},!1)))}(window,document);\n\/* ]]> *\/\n<\/script>\n","thumbnail_url":"https:\/\/instytutpolski.pl\/berlin\/wp-content\/uploads\/sites\/3\/2024\/07\/Lena-Gora_copyright_Robert_Palka_Apple_Film.jpg","thumbnail_width":1440,"thumbnail_height":960,"description":"Imago PL\/NL\/CZ 2023R: Olga Chajdas113 min, OmeUB: Lena G\u00f3ra &amp; Olga ChajdasK: Tomasz NaumiukS: Pavel Hrdli\u010dkaM: Andrzej SmolikD: Lena G\u00f3ra, Bogus\u0142awa Schubert, Mateusz Wi\u0119c\u0142awek, Wac\u0142aw Warcho\u0142, Micha\u0142 Balicki, Wojciech Brzezi\u0144ski u. a. Gda\u0144sk in den Achtzigerjahren \u2013 graue Industriemetropole und Fenster zur Welt, Hort katholischer Familientraditionen und Hotspot einer alternativen Jugendkultur, die der New Wave [&hellip;]"}