{"version":"1.0","provider_name":"Instytut Polski w Berlinie","provider_url":"https:\/\/instytutpolski.pl\/berlin","author_name":"mw","author_url":"https:\/\/instytutpolski.pl\/berlin\/author\/witkowskam\/","title":"\u00d3smy dzie\u0144 tygodnia - Instytut Polski w Berlinie","type":"rich","width":600,"height":338,"html":"<blockquote class=\"wp-embedded-content\" data-secret=\"X0s9fITDVv\"><a href=\"https:\/\/instytutpolski.pl\/berlin\/filme\/film\/osmy-dzien-tygodnia\/\">\u00d3smy dzie\u0144 tygodnia<\/a><\/blockquote><iframe sandbox=\"allow-scripts\" security=\"restricted\" src=\"https:\/\/instytutpolski.pl\/berlin\/filme\/film\/osmy-dzien-tygodnia\/embed\/#?secret=X0s9fITDVv\" width=\"600\" height=\"338\" title=\"&#8222;\u00d3smy dzie\u0144 tygodnia&#8221; &#8212; Instytut Polski w Berlinie\" data-secret=\"X0s9fITDVv\" frameborder=\"0\" marginwidth=\"0\" marginheight=\"0\" scrolling=\"no\" class=\"wp-embedded-content\"><\/iframe><script type=\"text\/javascript\">\n\/* <![CDATA[ *\/\n\/*! This file is auto-generated *\/\n!function(d,l){\"use strict\";l.querySelector&&d.addEventListener&&\"undefined\"!=typeof URL&&(d.wp=d.wp||{},d.wp.receiveEmbedMessage||(d.wp.receiveEmbedMessage=function(e){var t=e.data;if((t||t.secret||t.message||t.value)&&!\/[^a-zA-Z0-9]\/.test(t.secret)){for(var s,r,n,a=l.querySelectorAll('iframe[data-secret=\"'+t.secret+'\"]'),o=l.querySelectorAll('blockquote[data-secret=\"'+t.secret+'\"]'),c=new RegExp(\"^https?:$\",\"i\"),i=0;i<o.length;i++)o[i].style.display=\"none\";for(i=0;i<a.length;i++)s=a[i],e.source===s.contentWindow&&(s.removeAttribute(\"style\"),\"height\"===t.message?(1e3<(r=parseInt(t.value,10))?r=1e3:~~r<200&&(r=200),s.height=r):\"link\"===t.message&&(r=new URL(s.getAttribute(\"src\")),n=new URL(t.value),c.test(n.protocol))&&n.host===r.host&&l.activeElement===s&&(d.top.location.href=t.value))}},d.addEventListener(\"message\",d.wp.receiveEmbedMessage,!1),l.addEventListener(\"DOMContentLoaded\",function(){for(var e,t,s=l.querySelectorAll(\"iframe.wp-embedded-content\"),r=0;r<s.length;r++)(t=(e=s[r]).getAttribute(\"data-secret\"))||(t=Math.random().toString(36).substring(2,12),e.src+=\"#?secret=\"+t,e.setAttribute(\"data-secret\",t)),e.contentWindow.postMessage({message:\"ready\",secret:t},\"*\")},!1)))}(window,document);\n\/* ]]> *\/\n<\/script>\n","thumbnail_url":"https:\/\/instytutpolski.pl\/berlin\/wp-content\/uploads\/sites\/3\/2022\/06\/Osmy_dzien_tygodnia.jpg","thumbnail_width":1235,"thumbnail_height":695,"description":"R: Aleksander Ford83 min, OmeUB: Aleksander Ford, Marek H\u0142askoK: Jerzy LipmanS: Halina Prugar-KetlingM: Kazimierz SerockiD: Sonja Ziemann, Zbigniew Cybulski, Barbara Po\u0142omska, Ilse Steppat, Bum Kr\u00fcger, Tadeusz \u0141omnicki, Leon Niemczyk u.\u00a0a. \u00a0 Ein Drama zwischen zwei jungen Menschen in einer immer noch stark vom Krieg gepr\u00e4gten urbanen Szenerie. Er (Cybulski) dr\u00e4ngt seine Geliebte zu einer ersten [&hellip;]"}