{"version":"1.0","provider_name":"Instytut Polski w Berlinie","provider_url":"https:\/\/instytutpolski.pl\/berlin","author_name":"mw","author_url":"https:\/\/instytutpolski.pl\/berlin\/author\/witkowskam\/","title":"S\u0105siedzi - Instytut Polski w Berlinie","type":"rich","width":600,"height":338,"html":"<blockquote class=\"wp-embedded-content\" data-secret=\"eH6usrZbYe\"><a href=\"https:\/\/instytutpolski.pl\/berlin\/filme\/film\/sasiedzi\/\">S\u0105siedzi<\/a><\/blockquote><iframe sandbox=\"allow-scripts\" security=\"restricted\" src=\"https:\/\/instytutpolski.pl\/berlin\/filme\/film\/sasiedzi\/embed\/#?secret=eH6usrZbYe\" width=\"600\" height=\"338\" title=\"&#8222;S\u0105siedzi&#8221; &#8212; Instytut Polski w Berlinie\" data-secret=\"eH6usrZbYe\" frameborder=\"0\" marginwidth=\"0\" marginheight=\"0\" scrolling=\"no\" class=\"wp-embedded-content\"><\/iframe><script type=\"text\/javascript\">\n\/* <![CDATA[ *\/\n\/*! This file is auto-generated *\/\n!function(d,l){\"use strict\";l.querySelector&&d.addEventListener&&\"undefined\"!=typeof URL&&(d.wp=d.wp||{},d.wp.receiveEmbedMessage||(d.wp.receiveEmbedMessage=function(e){var t=e.data;if((t||t.secret||t.message||t.value)&&!\/[^a-zA-Z0-9]\/.test(t.secret)){for(var s,r,n,a=l.querySelectorAll('iframe[data-secret=\"'+t.secret+'\"]'),o=l.querySelectorAll('blockquote[data-secret=\"'+t.secret+'\"]'),c=new RegExp(\"^https?:$\",\"i\"),i=0;i<o.length;i++)o[i].style.display=\"none\";for(i=0;i<a.length;i++)s=a[i],e.source===s.contentWindow&&(s.removeAttribute(\"style\"),\"height\"===t.message?(1e3<(r=parseInt(t.value,10))?r=1e3:~~r<200&&(r=200),s.height=r):\"link\"===t.message&&(r=new URL(s.getAttribute(\"src\")),n=new URL(t.value),c.test(n.protocol))&&n.host===r.host&&l.activeElement===s&&(d.top.location.href=t.value))}},d.addEventListener(\"message\",d.wp.receiveEmbedMessage,!1),l.addEventListener(\"DOMContentLoaded\",function(){for(var e,t,s=l.querySelectorAll(\"iframe.wp-embedded-content\"),r=0;r<s.length;r++)(t=(e=s[r]).getAttribute(\"data-secret\"))||(t=Math.random().toString(36).substring(2,12),e.src+=\"#?secret=\"+t,e.setAttribute(\"data-secret\",t)),e.contentWindow.postMessage({message:\"ready\",secret:t},\"*\")},!1)))}(window,document);\n\/* ]]> *\/\n<\/script>\n","thumbnail_url":"https:\/\/instytutpolski.pl\/berlin\/wp-content\/uploads\/sites\/3\/2023\/07\/logoDEFA_Stiftung_weiss-unterlegt.png","thumbnail_width":800,"thumbnail_height":542,"description":"S\u0105siedzi \/ Nachbarn PL 1969R\/B: Aleksander \u015acibor-Rylski135 min, OmdUK: Kurt WeberS: Irena Chory\u0144skaM: Wojciech KilarD: Jerzy Mata\u0142owski, J\u00f3zef Nowak, Marian Opania, Tadeusz Kalinowski, Henryk B\u0105k, Jan Machulski u.\u00a0a. Bydgoszcz, Anfang September 1939, die deutsche Wehrmacht hat Polen angegriffen. In der nordpolnischen Stadt kommt es zu einem Vorfall, der als \u201eBromberger Blutsonntag\u201c in die Geschichtsb\u00fccher eingeht [&hellip;]"}