{"id":5319,"date":"2023-07-31T01:15:31","date_gmt":"2023-07-30T23:15:31","guid":{"rendered":"https:\/\/instytutpolski.pl\/berlin\/?post_type=film&#038;p=5319"},"modified":"2023-07-31T01:16:24","modified_gmt":"2023-07-30T23:16:24","slug":"matecznik","status":"publish","type":"film","link":"https:\/\/instytutpolski.pl\/berlin\/filme\/film\/matecznik\/","title":{"rendered":"Matecznik"},"content":{"rendered":"\n<p><b>Matecznik \/ The Hatcher<br \/><br \/><\/b><span style=\"font-weight: 400\">PL 2022<br \/><\/span><span style=\"font-weight: 400\">R: Grzegorz Mo\u0142da\u00a0<br \/><\/span><span style=\"font-weight: 400\">81 min, OmeU<br \/><\/span><span style=\"font-weight: 400\">B: Grzegorz Mo\u0142da &amp; Monika Powalisz<br \/><\/span><span style=\"font-weight: 400\">K: Constanze Schmitt<br \/><\/span><span style=\"font-weight: 400\">S: Piasek &amp; W\u00f3jcik<br \/><\/span><span style=\"font-weight: 400\">D: Agnieszka Kryst, Micha\u0142 Zieli\u0144ski u.a.<br \/><br \/><\/span><span style=\"font-weight: 400\">Etwas verloren wirkt Karol so allein in der ziemlich leeren Wohnung. Aber er ist auch nicht freiwillig hier \u2013 er tr\u00e4gt eine elektronische Fu\u00dffessel und absolviert hier eine Art Training, um zu beweisen, dass er in der Lage ist, selbstst\u00e4ndig und ohne Gesetzes\u00fcbertretungen seinen Alltag zu bew\u00e4ltigen. Damit ihm das gelingt, steht ihm Marta als Betreuerin zur Seite. Sie kontrolliert die Abl\u00e4ufe, gibt Ratschl\u00e4ge und ordnet neue \u00dcbungen an. Beispielsweise soll Karol mit einer Babypuppe beweisen, dass er sich zuverl\u00e4ssig um ein Kind k\u00fcmmern kann.<br \/><br \/><\/span><span style=\"font-weight: 400\">Aber im Gegensatz zu der Puppe ist Marta ein Mensch mit Gef\u00fchlen, der nicht immer berechenbar ist. Zwischen Kontrolleurin und Kontrolliertem entspinnt sich ein feines Netz aus Zwang, Abh\u00e4ngigkeit, Manipulation, Widerstand, Zu- und Abneigung. Damit spielt das formal enorm reduzierte und originell fotografierte, durch das herausragende Schauspieler*innen-Duo getragene Kammerspiel in bed\u00e4chtigem Tempo im Kleinen das komplexe Verh\u00e4ltnis von Macht und Missbrauch durch. <\/span><i><span style=\"font-weight: 400\">[Rainer Mende]<br \/><br \/><\/span><\/i><b>Grzegorz Mo\u0142da<\/b><span style=\"font-weight: 400\"> (geb. 1993 in W\u0142oszczowa) studierte Regie an der Filmschule Gdynia. Nach seinem Abschlussfilm \u201eKoniec widzenia \/ Time To Go\u201c (2017) und einigen Filmen der TV-Serie \u201eNa sygnale\u201c war er 2022 beim Filmfestival in Gdynia nicht nur mit \u201eMatecznik\u201c im Wettbewerb f\u00fcr Low-Budget-Filme, sondern auch mit dem Drama \u201eZadra\u201c im Spielfilm-Hauptwettbewerb vertreten.<br \/><br \/><\/span><strong><i>10.09. \/ 20:00 \/ fsk Kino \/ zu Gast: Grzegorz Mo\u0142da<br \/><\/i><i>11.09. \/ 20:30 \/ Bundesplatz-Kino \/ zu Gast: Grzegorz Mo\u0142da<br \/><\/i><\/strong><i><span style=\"font-weight: 400\"><strong>12.09. \/ 20:00 \/ Sputnik \/ zu Gast: Grzegorz Mo\u0142da<\/strong><br \/><br \/><br \/>Foto \u00a9 Galapagos Films<\/span><\/i><\/p>\n","protected":false},"featured_media":5321,"parent":0,"menu_order":0,"template":"","letter":[241],"film-category":[],"class_list":["post-5319","film","type-film","status-publish","has-post-thumbnail","hentry","letter-m"],"yoast_head":"<!-- This site is optimized with the Yoast SEO plugin v24.6 - https:\/\/yoast.com\/wordpress\/plugins\/seo\/ -->\n<title>Matecznik - Instytut Polski w Berlinie<\/title>\n<meta name=\"robots\" content=\"index, follow, max-snippet:-1, max-image-preview:large, max-video-preview:-1\" \/>\n<link rel=\"canonical\" href=\"https:\/\/instytutpolski.pl\/berlin\/filme\/film\/matecznik\/\" \/>\n<meta property=\"og:locale\" content=\"pl_PL\" \/>\n<meta property=\"og:type\" content=\"article\" \/>\n<meta property=\"og:title\" content=\"Matecznik - Instytut Polski w Berlinie\" \/>\n<meta property=\"og:description\" content=\"Matecznik \/ The Hatcher PL 2022R: Grzegorz Mo\u0142da\u00a081 min, OmeUB: Grzegorz Mo\u0142da &amp; Monika PowaliszK: Constanze SchmittS: Piasek &amp; W\u00f3jcikD: Agnieszka Kryst, Micha\u0142 Zieli\u0144ski u.a. Etwas verloren wirkt Karol so allein in der ziemlich leeren Wohnung. Aber er ist auch nicht freiwillig hier \u2013 er tr\u00e4gt eine elektronische Fu\u00dffessel und absolviert hier eine Art Training, [&hellip;]\" \/>\n<meta property=\"og:url\" content=\"https:\/\/instytutpolski.pl\/berlin\/filme\/film\/matecznik\/\" \/>\n<meta property=\"og:site_name\" content=\"Instytut Polski w Berlinie\" \/>\n<meta property=\"article:modified_time\" content=\"2023-07-30T23:16:24+00:00\" \/>\n<meta property=\"og:image\" content=\"https:\/\/instytutpolski.pl\/berlin\/wp-content\/uploads\/sites\/3\/2023\/07\/MATECZNIK_fot.-Galapagos-Films_2.png\" \/>\n\t<meta property=\"og:image:width\" content=\"1440\" \/>\n\t<meta property=\"og:image:height\" content=\"1080\" \/>\n\t<meta property=\"og:image:type\" content=\"image\/png\" \/>\n<meta name=\"twitter:card\" content=\"summary_large_image\" \/>\n<meta name=\"twitter:label1\" content=\"Szacowany czas czytania\" \/>\n\t<meta name=\"twitter:data1\" content=\"2 minuty\" \/>\n<script type=\"application\/ld+json\" class=\"yoast-schema-graph\">{\"@context\":\"https:\/\/schema.org\",\"@graph\":[{\"@type\":\"WebPage\",\"@id\":\"https:\/\/instytutpolski.pl\/berlin\/filme\/film\/matecznik\/\",\"url\":\"https:\/\/instytutpolski.pl\/berlin\/filme\/film\/matecznik\/\",\"name\":\"Matecznik - Instytut Polski w Berlinie\",\"isPartOf\":{\"@id\":\"https:\/\/instytutpolski.pl\/berlin\/#website\"},\"primaryImageOfPage\":{\"@id\":\"https:\/\/instytutpolski.pl\/berlin\/filme\/film\/matecznik\/#primaryimage\"},\"image\":{\"@id\":\"https:\/\/instytutpolski.pl\/berlin\/filme\/film\/matecznik\/#primaryimage\"},\"thumbnailUrl\":\"https:\/\/instytutpolski.pl\/berlin\/wp-content\/uploads\/sites\/3\/2023\/07\/MATECZNIK_fot.-Galapagos-Films_2.png\",\"datePublished\":\"2023-07-30T23:15:31+00:00\",\"dateModified\":\"2023-07-30T23:16:24+00:00\",\"breadcrumb\":{\"@id\":\"https:\/\/instytutpolski.pl\/berlin\/filme\/film\/matecznik\/#breadcrumb\"},\"inLanguage\":\"pl-PL\",\"potentialAction\":[{\"@type\":\"ReadAction\",\"target\":[\"https:\/\/instytutpolski.pl\/berlin\/filme\/film\/matecznik\/\"]}]},{\"@type\":\"ImageObject\",\"inLanguage\":\"pl-PL\",\"@id\":\"https:\/\/instytutpolski.pl\/berlin\/filme\/film\/matecznik\/#primaryimage\",\"url\":\"https:\/\/instytutpolski.pl\/berlin\/wp-content\/uploads\/sites\/3\/2023\/07\/MATECZNIK_fot.-Galapagos-Films_2.png\",\"contentUrl\":\"https:\/\/instytutpolski.pl\/berlin\/wp-content\/uploads\/sites\/3\/2023\/07\/MATECZNIK_fot.-Galapagos-Films_2.png\",\"width\":1440,\"height\":1080},{\"@type\":\"BreadcrumbList\",\"@id\":\"https:\/\/instytutpolski.pl\/berlin\/filme\/film\/matecznik\/#breadcrumb\",\"itemListElement\":[{\"@type\":\"ListItem\",\"position\":1,\"name\":\"Home\",\"item\":\"https:\/\/instytutpolski.pl\/berlin\/\"},{\"@type\":\"ListItem\",\"position\":2,\"name\":\"Matecznik\"}]},{\"@type\":\"WebSite\",\"@id\":\"https:\/\/instytutpolski.pl\/berlin\/#website\",\"url\":\"https:\/\/instytutpolski.pl\/berlin\/\",\"name\":\"Instytut Polski w Berlinie\",\"description\":\"Instytuty Polskie\",\"potentialAction\":[{\"@type\":\"SearchAction\",\"target\":{\"@type\":\"EntryPoint\",\"urlTemplate\":\"https:\/\/instytutpolski.pl\/berlin\/?s={search_term_string}\"},\"query-input\":{\"@type\":\"PropertyValueSpecification\",\"valueRequired\":true,\"valueName\":\"search_term_string\"}}],\"inLanguage\":\"pl-PL\"}]}<\/script>\n<!-- \/ Yoast SEO plugin. -->","yoast_head_json":{"title":"Matecznik - Instytut Polski w Berlinie","robots":{"index":"index","follow":"follow","max-snippet":"max-snippet:-1","max-image-preview":"max-image-preview:large","max-video-preview":"max-video-preview:-1"},"canonical":"https:\/\/instytutpolski.pl\/berlin\/filme\/film\/matecznik\/","og_locale":"pl_PL","og_type":"article","og_title":"Matecznik - Instytut Polski w Berlinie","og_description":"Matecznik \/ The Hatcher PL 2022R: Grzegorz Mo\u0142da\u00a081 min, OmeUB: Grzegorz Mo\u0142da &amp; Monika PowaliszK: Constanze SchmittS: Piasek &amp; W\u00f3jcikD: Agnieszka Kryst, Micha\u0142 Zieli\u0144ski u.a. Etwas verloren wirkt Karol so allein in der ziemlich leeren Wohnung. Aber er ist auch nicht freiwillig hier \u2013 er tr\u00e4gt eine elektronische Fu\u00dffessel und absolviert hier eine Art Training, [&hellip;]","og_url":"https:\/\/instytutpolski.pl\/berlin\/filme\/film\/matecznik\/","og_site_name":"Instytut Polski w Berlinie","article_modified_time":"2023-07-30T23:16:24+00:00","og_image":[{"width":1440,"height":1080,"url":"https:\/\/instytutpolski.pl\/berlin\/wp-content\/uploads\/sites\/3\/2023\/07\/MATECZNIK_fot.-Galapagos-Films_2.png","type":"image\/png"}],"twitter_card":"summary_large_image","twitter_misc":{"Szacowany czas czytania":"2 minuty"},"schema":{"@context":"https:\/\/schema.org","@graph":[{"@type":"WebPage","@id":"https:\/\/instytutpolski.pl\/berlin\/filme\/film\/matecznik\/","url":"https:\/\/instytutpolski.pl\/berlin\/filme\/film\/matecznik\/","name":"Matecznik - Instytut Polski w Berlinie","isPartOf":{"@id":"https:\/\/instytutpolski.pl\/berlin\/#website"},"primaryImageOfPage":{"@id":"https:\/\/instytutpolski.pl\/berlin\/filme\/film\/matecznik\/#primaryimage"},"image":{"@id":"https:\/\/instytutpolski.pl\/berlin\/filme\/film\/matecznik\/#primaryimage"},"thumbnailUrl":"https:\/\/instytutpolski.pl\/berlin\/wp-content\/uploads\/sites\/3\/2023\/07\/MATECZNIK_fot.-Galapagos-Films_2.png","datePublished":"2023-07-30T23:15:31+00:00","dateModified":"2023-07-30T23:16:24+00:00","breadcrumb":{"@id":"https:\/\/instytutpolski.pl\/berlin\/filme\/film\/matecznik\/#breadcrumb"},"inLanguage":"pl-PL","potentialAction":[{"@type":"ReadAction","target":["https:\/\/instytutpolski.pl\/berlin\/filme\/film\/matecznik\/"]}]},{"@type":"ImageObject","inLanguage":"pl-PL","@id":"https:\/\/instytutpolski.pl\/berlin\/filme\/film\/matecznik\/#primaryimage","url":"https:\/\/instytutpolski.pl\/berlin\/wp-content\/uploads\/sites\/3\/2023\/07\/MATECZNIK_fot.-Galapagos-Films_2.png","contentUrl":"https:\/\/instytutpolski.pl\/berlin\/wp-content\/uploads\/sites\/3\/2023\/07\/MATECZNIK_fot.-Galapagos-Films_2.png","width":1440,"height":1080},{"@type":"BreadcrumbList","@id":"https:\/\/instytutpolski.pl\/berlin\/filme\/film\/matecznik\/#breadcrumb","itemListElement":[{"@type":"ListItem","position":1,"name":"Home","item":"https:\/\/instytutpolski.pl\/berlin\/"},{"@type":"ListItem","position":2,"name":"Matecznik"}]},{"@type":"WebSite","@id":"https:\/\/instytutpolski.pl\/berlin\/#website","url":"https:\/\/instytutpolski.pl\/berlin\/","name":"Instytut Polski w Berlinie","description":"Instytuty Polskie","potentialAction":[{"@type":"SearchAction","target":{"@type":"EntryPoint","urlTemplate":"https:\/\/instytutpolski.pl\/berlin\/?s={search_term_string}"},"query-input":{"@type":"PropertyValueSpecification","valueRequired":true,"valueName":"search_term_string"}}],"inLanguage":"pl-PL"}]}},"_links":{"self":[{"href":"https:\/\/instytutpolski.pl\/berlin\/wp-json\/wp\/v2\/film\/5319","targetHints":{"allow":["GET"]}}],"collection":[{"href":"https:\/\/instytutpolski.pl\/berlin\/wp-json\/wp\/v2\/film"}],"about":[{"href":"https:\/\/instytutpolski.pl\/berlin\/wp-json\/wp\/v2\/types\/film"}],"wp:featuredmedia":[{"embeddable":true,"href":"https:\/\/instytutpolski.pl\/berlin\/wp-json\/wp\/v2\/media\/5321"}],"wp:attachment":[{"href":"https:\/\/instytutpolski.pl\/berlin\/wp-json\/wp\/v2\/media?parent=5319"}],"wp:term":[{"taxonomy":"letter","embeddable":true,"href":"https:\/\/instytutpolski.pl\/berlin\/wp-json\/wp\/v2\/letter?post=5319"},{"taxonomy":"film-category","embeddable":true,"href":"https:\/\/instytutpolski.pl\/berlin\/wp-json\/wp\/v2\/film-category?post=5319"}],"curies":[{"name":"wp","href":"https:\/\/api.w.org\/{rel}","templated":true}]}}