{"version":"1.0","provider_name":"Instytut Polski w Bratys\u0142awie","provider_url":"https:\/\/instytutpolski.pl\/bratislava","author_name":"sienkiewiczl.disabled","author_url":"https:\/\/instytutpolski.pl\/bratislava\/author\/msz\/","title":"100 vec\u00ed, ktor\u00e9 neviete o Po\u013esku - Instytut Polski w Bratys\u0142awie","type":"rich","width":600,"height":338,"html":"<blockquote class=\"wp-embedded-content\" data-secret=\"tZX7OavYsE\"><a href=\"https:\/\/instytutpolski.pl\/bratislava\/2019\/06\/06\/100-veci-ktore-neviete-o-polsku\/\">100 vec\u00ed, ktor\u00e9 neviete o Po\u013esku<\/a><\/blockquote><iframe sandbox=\"allow-scripts\" security=\"restricted\" src=\"https:\/\/instytutpolski.pl\/bratislava\/2019\/06\/06\/100-veci-ktore-neviete-o-polsku\/embed\/#?secret=tZX7OavYsE\" width=\"600\" height=\"338\" title=\"&#8222;100 vec\u00ed, ktor\u00e9 neviete o Po\u013esku&#8221; &#8212; Instytut Polski w Bratys\u0142awie\" data-secret=\"tZX7OavYsE\" frameborder=\"0\" marginwidth=\"0\" marginheight=\"0\" scrolling=\"no\" class=\"wp-embedded-content\"><\/iframe><script type=\"text\/javascript\">\n\/* <![CDATA[ *\/\n\/*! This file is auto-generated *\/\n!function(d,l){\"use strict\";l.querySelector&&d.addEventListener&&\"undefined\"!=typeof URL&&(d.wp=d.wp||{},d.wp.receiveEmbedMessage||(d.wp.receiveEmbedMessage=function(e){var t=e.data;if((t||t.secret||t.message||t.value)&&!\/[^a-zA-Z0-9]\/.test(t.secret)){for(var s,r,n,a=l.querySelectorAll('iframe[data-secret=\"'+t.secret+'\"]'),o=l.querySelectorAll('blockquote[data-secret=\"'+t.secret+'\"]'),c=new RegExp(\"^https?:$\",\"i\"),i=0;i<o.length;i++)o[i].style.display=\"none\";for(i=0;i<a.length;i++)s=a[i],e.source===s.contentWindow&&(s.removeAttribute(\"style\"),\"height\"===t.message?(1e3<(r=parseInt(t.value,10))?r=1e3:~~r<200&&(r=200),s.height=r):\"link\"===t.message&&(r=new URL(s.getAttribute(\"src\")),n=new URL(t.value),c.test(n.protocol))&&n.host===r.host&&l.activeElement===s&&(d.top.location.href=t.value))}},d.addEventListener(\"message\",d.wp.receiveEmbedMessage,!1),l.addEventListener(\"DOMContentLoaded\",function(){for(var e,t,s=l.querySelectorAll(\"iframe.wp-embedded-content\"),r=0;r<s.length;r++)(t=(e=s[r]).getAttribute(\"data-secret\"))||(t=Math.random().toString(36).substring(2,12),e.src+=\"#?secret=\"+t,e.setAttribute(\"data-secret\",t)),e.contentWindow.postMessage({message:\"ready\",secret:t},\"*\")},!1)))}(window,document);\n\/* ]]> *\/\n<\/script>\n","thumbnail_url":"https:\/\/instytutpolski.pl\/bratislava\/wp-content\/uploads\/sites\/13\/2019\/06\/001-1024x575.png","thumbnail_width":1024,"thumbnail_height":575,"description":"V\u00a0s\u00favislosti so za\u010diatkom jubilejn\u00e9ho roka pre Po\u013esko \u2013 st\u00e9ho v\u00fdro\u010dia op\u00e4tovn\u00e9ho z\u00edskania nez\u00e1vislosti \u2013 Odbor verejnej a\u00a0kult\u00farnej diplomacie spolu s\u00a0Tla\u010dov\u00fdm odborom Ministerstva zahrani\u010dn\u00fdch vec\u00ed Po\u013eskej republiky spustili internetov\u00fa propaga\u010dn\u00fa kampa\u0148 s\u00a0n\u00e1zvom\u00a0100 vec\u00ed, ktor\u00e9 ste nevedeli o\u00a0Po\u013esku. Cie\u013eom kampane je predstavi\u0165 inform\u00e1cie o\u00a0Po\u013esku, ktor\u00e9 nie s\u00fa samozrejm\u00e9, ako aj zd\u00f4razni\u0165 pozit\u00edva a\u00a0v\u00fdnimo\u010dnos\u0165 Po\u013eska. \u00a0 V\u00a0r\u00e1mci pripravenej [&hellip;]"}