{"version":"1.0","provider_name":"Instytut Polski w Bratys\u0142awie","provider_url":"https:\/\/instytutpolski.pl\/bratislava","author_name":"kyselm","author_url":"https:\/\/instytutpolski.pl\/bratislava\/author\/kyselm\/","title":"80. v\u00fdro\u010die vypuknutia 2. svetovej vojny - Instytut Polski w Bratys\u0142awie","type":"rich","width":600,"height":338,"html":"<blockquote class=\"wp-embedded-content\" data-secret=\"qbeaYrQ0Nj\"><a href=\"https:\/\/instytutpolski.pl\/bratislava\/2019\/09\/01\/80-vyrocie-vypuknutia-2-svetovej-vojny\/\">80. v\u00fdro\u010die vypuknutia 2. svetovej vojny<\/a><\/blockquote><iframe sandbox=\"allow-scripts\" security=\"restricted\" src=\"https:\/\/instytutpolski.pl\/bratislava\/2019\/09\/01\/80-vyrocie-vypuknutia-2-svetovej-vojny\/embed\/#?secret=qbeaYrQ0Nj\" width=\"600\" height=\"338\" title=\"&#8222;80. v\u00fdro\u010die vypuknutia 2. svetovej vojny&#8221; &#8212; Instytut Polski w Bratys\u0142awie\" data-secret=\"qbeaYrQ0Nj\" frameborder=\"0\" marginwidth=\"0\" marginheight=\"0\" scrolling=\"no\" class=\"wp-embedded-content\"><\/iframe><script type=\"text\/javascript\">\n\/* <![CDATA[ *\/\n\/*! This file is auto-generated *\/\n!function(d,l){\"use strict\";l.querySelector&&d.addEventListener&&\"undefined\"!=typeof URL&&(d.wp=d.wp||{},d.wp.receiveEmbedMessage||(d.wp.receiveEmbedMessage=function(e){var t=e.data;if((t||t.secret||t.message||t.value)&&!\/[^a-zA-Z0-9]\/.test(t.secret)){for(var s,r,n,a=l.querySelectorAll('iframe[data-secret=\"'+t.secret+'\"]'),o=l.querySelectorAll('blockquote[data-secret=\"'+t.secret+'\"]'),c=new RegExp(\"^https?:$\",\"i\"),i=0;i<o.length;i++)o[i].style.display=\"none\";for(i=0;i<a.length;i++)s=a[i],e.source===s.contentWindow&&(s.removeAttribute(\"style\"),\"height\"===t.message?(1e3<(r=parseInt(t.value,10))?r=1e3:~~r<200&&(r=200),s.height=r):\"link\"===t.message&&(r=new URL(s.getAttribute(\"src\")),n=new URL(t.value),c.test(n.protocol))&&n.host===r.host&&l.activeElement===s&&(d.top.location.href=t.value))}},d.addEventListener(\"message\",d.wp.receiveEmbedMessage,!1),l.addEventListener(\"DOMContentLoaded\",function(){for(var e,t,s=l.querySelectorAll(\"iframe.wp-embedded-content\"),r=0;r<s.length;r++)(t=(e=s[r]).getAttribute(\"data-secret\"))||(t=Math.random().toString(36).substring(2,12),e.src+=\"#?secret=\"+t,e.setAttribute(\"data-secret\",t)),e.contentWindow.postMessage({message:\"ready\",secret:t},\"*\")},!1)))}(window,document);\n\/* ]]> *\/\n<\/script>\n","thumbnail_url":"https:\/\/instytutpolski.pl\/bratislava\/wp-content\/uploads\/sites\/13\/2020\/02\/komunikat_WW2_2019.png","thumbnail_width":480,"thumbnail_height":360,"description":"Pred 80 rokmi napadnut\u00edm Po\u013eska Nemeckom sa za\u010dala 2. svetov\u00e1 vojna. Nadr\u00e1nom 1. septembra 1939 vojsk\u00e1 Nemeckej r\u00ed\u0161e prekro\u010dili po\u013esko-nemeck\u00fa hranicu. Po\u013esk\u00e1 arm\u00e1da kl\u00e1dla siln\u00fd ozbrojen\u00fd odpor a o\u010dak\u00e1vala reakciu spojencov. Franc\u00fazsko a Ve\u013ek\u00e1 Brit\u00e1nia vypovedali 3. septembra 1939 vojnu Nemeckej r\u00ed\u0161i, ale nepredpokladali \u017eiadne re\u00e1lne vojensk\u00e9 kroky. Tragick\u00fd osud Po\u013eska bol spe\u010daten\u00fd 17. septembra [&hellip;]"}