{"version":"1.0","provider_name":"Instytut Polski w Bratys\u0142awie","provider_url":"https:\/\/instytutpolski.pl\/bratislava","author_name":"gajewskij","author_url":"https:\/\/instytutpolski.pl\/bratislava\/author\/gajewskij\/","title":"Voda trio - Instytut Polski w Bratys\u0142awie","type":"rich","width":600,"height":338,"html":"<blockquote class=\"wp-embedded-content\" data-secret=\"52EJrjp6ci\"><a href=\"https:\/\/instytutpolski.pl\/bratislava\/2019\/11\/29\/voda-trio\/\">Voda trio<\/a><\/blockquote><iframe sandbox=\"allow-scripts\" security=\"restricted\" src=\"https:\/\/instytutpolski.pl\/bratislava\/2019\/11\/29\/voda-trio\/embed\/#?secret=52EJrjp6ci\" width=\"600\" height=\"338\" title=\"&#8222;Voda trio&#8221; &#8212; Instytut Polski w Bratys\u0142awie\" data-secret=\"52EJrjp6ci\" frameborder=\"0\" marginwidth=\"0\" marginheight=\"0\" scrolling=\"no\" class=\"wp-embedded-content\"><\/iframe><script type=\"text\/javascript\">\n\/* <![CDATA[ *\/\n\/*! This file is auto-generated *\/\n!function(d,l){\"use strict\";l.querySelector&&d.addEventListener&&\"undefined\"!=typeof URL&&(d.wp=d.wp||{},d.wp.receiveEmbedMessage||(d.wp.receiveEmbedMessage=function(e){var t=e.data;if((t||t.secret||t.message||t.value)&&!\/[^a-zA-Z0-9]\/.test(t.secret)){for(var s,r,n,a=l.querySelectorAll('iframe[data-secret=\"'+t.secret+'\"]'),o=l.querySelectorAll('blockquote[data-secret=\"'+t.secret+'\"]'),c=new RegExp(\"^https?:$\",\"i\"),i=0;i<o.length;i++)o[i].style.display=\"none\";for(i=0;i<a.length;i++)s=a[i],e.source===s.contentWindow&&(s.removeAttribute(\"style\"),\"height\"===t.message?(1e3<(r=parseInt(t.value,10))?r=1e3:~~r<200&&(r=200),s.height=r):\"link\"===t.message&&(r=new URL(s.getAttribute(\"src\")),n=new URL(t.value),c.test(n.protocol))&&n.host===r.host&&l.activeElement===s&&(d.top.location.href=t.value))}},d.addEventListener(\"message\",d.wp.receiveEmbedMessage,!1),l.addEventListener(\"DOMContentLoaded\",function(){for(var e,t,s=l.querySelectorAll(\"iframe.wp-embedded-content\"),r=0;r<s.length;r++)(t=(e=s[r]).getAttribute(\"data-secret\"))||(t=Math.random().toString(36).substring(2,12),e.src+=\"#?secret=\"+t,e.setAttribute(\"data-secret\",t)),e.contentWindow.postMessage({message:\"ready\",secret:t},\"*\")},!1)))}(window,document);\n\/* ]]> *\/\n<\/script>\n","description":"29. 11. \/ 19:00 Bratislava, M\u00fazeum obchodu www.rockvmuzeu.sk V bratislavskom M\u00fazeu obchodu op\u00e4\u0165 zaznie rock v po\u013eskom preveden\u00ed. Na sc\u00e9nu sa postav\u00ed kapela Voda trio v&nbsp;zlo\u017een\u00ed&nbsp;Radek Kope\u0107&nbsp;(gitara, spev),&nbsp;Dawid Wo\u0142czasty&nbsp;(basgitara),&nbsp;Micha\u0142 Obrok&nbsp;(perkusie). Trio vznikli v&nbsp;Krakove v&nbsp;roku 2014. Tvorba kapely je in\u0161pirovan\u00e1 70. rokmi spolu s&nbsp;hudobn\u00fdmi \u017e\u00e1nrami ako d\u017eez \u010di funk. Na svojom konte m\u00e1 \u00faspe\u0161n\u00e9 albumy a&nbsp;koncertn\u00e9 [&hellip;]"}