{"version":"1.0","provider_name":"Instytut Polski w Bratys\u0142awie","provider_url":"https:\/\/instytutpolski.pl\/bratislava","author_name":"gajewskij","author_url":"https:\/\/instytutpolski.pl\/bratislava\/author\/gajewskij\/","title":"Vechi Acum: Koncert kolied a viano\u010dn\u00fdch piesn\u00ed - Instytut Polski w Bratys\u0142awie","type":"rich","width":600,"height":338,"html":"<blockquote class=\"wp-embedded-content\" data-secret=\"sJ2af6CDtb\"><a href=\"https:\/\/instytutpolski.pl\/bratislava\/2019\/12\/08\/vechi-acum-koncert-kolied-a-vianocnych-piesni\/\">Vechi Acum: Koncert kolied a viano\u010dn\u00fdch piesn\u00ed<\/a><\/blockquote><iframe sandbox=\"allow-scripts\" security=\"restricted\" src=\"https:\/\/instytutpolski.pl\/bratislava\/2019\/12\/08\/vechi-acum-koncert-kolied-a-vianocnych-piesni\/embed\/#?secret=sJ2af6CDtb\" width=\"600\" height=\"338\" title=\"&#8222;Vechi Acum: Koncert kolied a viano\u010dn\u00fdch piesn\u00ed&#8221; &#8212; Instytut Polski w Bratys\u0142awie\" data-secret=\"sJ2af6CDtb\" frameborder=\"0\" marginwidth=\"0\" marginheight=\"0\" scrolling=\"no\" class=\"wp-embedded-content\"><\/iframe><script type=\"text\/javascript\">\n\/* <![CDATA[ *\/\n\/*! This file is auto-generated *\/\n!function(d,l){\"use strict\";l.querySelector&&d.addEventListener&&\"undefined\"!=typeof URL&&(d.wp=d.wp||{},d.wp.receiveEmbedMessage||(d.wp.receiveEmbedMessage=function(e){var t=e.data;if((t||t.secret||t.message||t.value)&&!\/[^a-zA-Z0-9]\/.test(t.secret)){for(var s,r,n,a=l.querySelectorAll('iframe[data-secret=\"'+t.secret+'\"]'),o=l.querySelectorAll('blockquote[data-secret=\"'+t.secret+'\"]'),c=new RegExp(\"^https?:$\",\"i\"),i=0;i<o.length;i++)o[i].style.display=\"none\";for(i=0;i<a.length;i++)s=a[i],e.source===s.contentWindow&&(s.removeAttribute(\"style\"),\"height\"===t.message?(1e3<(r=parseInt(t.value,10))?r=1e3:~~r<200&&(r=200),s.height=r):\"link\"===t.message&&(r=new URL(s.getAttribute(\"src\")),n=new URL(t.value),c.test(n.protocol))&&n.host===r.host&&l.activeElement===s&&(d.top.location.href=t.value))}},d.addEventListener(\"message\",d.wp.receiveEmbedMessage,!1),l.addEventListener(\"DOMContentLoaded\",function(){for(var e,t,s=l.querySelectorAll(\"iframe.wp-embedded-content\"),r=0;r<s.length;r++)(t=(e=s[r]).getAttribute(\"data-secret\"))||(t=Math.random().toString(36).substring(2,12),e.src+=\"#?secret=\"+t,e.setAttribute(\"data-secret\",t)),e.contentWindow.postMessage({message:\"ready\",secret:t},\"*\")},!1)))}(window,document);\n\/* ]]> *\/\n<\/script>\n","thumbnail_url":"https:\/\/instytutpolski.pl\/bratislava\/wp-content\/uploads\/sites\/13\/2020\/05\/Vechi-Acum-12-2019.jpg","thumbnail_width":720,"thumbnail_height":960,"description":"8. 12. \/ 17:00 Bratislava, Kostol Pov\u00fd\u0161enia sv\u00e4t\u00e9ho Kr\u00ed\u017ea (Klarisky), Klarisk\u00e1 ul. U\u017e tradi\u010dne sa vo viano\u010dnom obdob\u00ed uskuto\u010dn\u00ed koncert kolied a\u00a0viano\u010dn\u00fdch piesn\u00ed \u2013 tentoraz v\u00a0podan\u00ed hudobnej skupiny\u00a0Vechi Acum\u00a0z\u00a0Krakova. Na koncerte u\u00a0kostole Klarisiek zaznej\u00fa najkraj\u0161ie po\u013esk\u00e9 koledy a\u00a0viano\u010dn\u00e9 piesne v\u00a0interpret\u00e1cii kapely prezentuj\u00facej etnick\u00fa hudbu \u2013 nielen po\u013esk\u00fa, ale aj balk\u00e1nsku \u010di \u017eidovsk\u00fa. Kapela sa predstav\u00ed [&hellip;]"}