{"version":"1.0","provider_name":"Instytut Polski w Bratys\u0142awie","provider_url":"https:\/\/instytutpolski.pl\/bratislava","author_name":"gajewskij","author_url":"https:\/\/instytutpolski.pl\/bratislava\/author\/gajewskij\/","title":"V4 Jazzfest: Kamila Drabek Tercet - Instytut Polski w Bratys\u0142awie","type":"rich","width":600,"height":338,"html":"<blockquote class=\"wp-embedded-content\" data-secret=\"lYD402imzu\"><a href=\"https:\/\/instytutpolski.pl\/bratislava\/2020\/03\/05\/v4-jazzfest-kamila-drabek-tercet\/\">V4 Jazzfest: Kamila Drabek Tercet<\/a><\/blockquote><iframe sandbox=\"allow-scripts\" security=\"restricted\" src=\"https:\/\/instytutpolski.pl\/bratislava\/2020\/03\/05\/v4-jazzfest-kamila-drabek-tercet\/embed\/#?secret=lYD402imzu\" width=\"600\" height=\"338\" title=\"&#8222;V4 Jazzfest: Kamila Drabek Tercet&#8221; &#8212; Instytut Polski w Bratys\u0142awie\" data-secret=\"lYD402imzu\" frameborder=\"0\" marginwidth=\"0\" marginheight=\"0\" scrolling=\"no\" class=\"wp-embedded-content\"><\/iframe><script type=\"text\/javascript\">\n\/* <![CDATA[ *\/\n\/*! This file is auto-generated *\/\n!function(d,l){\"use strict\";l.querySelector&&d.addEventListener&&\"undefined\"!=typeof URL&&(d.wp=d.wp||{},d.wp.receiveEmbedMessage||(d.wp.receiveEmbedMessage=function(e){var t=e.data;if((t||t.secret||t.message||t.value)&&!\/[^a-zA-Z0-9]\/.test(t.secret)){for(var s,r,n,a=l.querySelectorAll('iframe[data-secret=\"'+t.secret+'\"]'),o=l.querySelectorAll('blockquote[data-secret=\"'+t.secret+'\"]'),c=new RegExp(\"^https?:$\",\"i\"),i=0;i<o.length;i++)o[i].style.display=\"none\";for(i=0;i<a.length;i++)s=a[i],e.source===s.contentWindow&&(s.removeAttribute(\"style\"),\"height\"===t.message?(1e3<(r=parseInt(t.value,10))?r=1e3:~~r<200&&(r=200),s.height=r):\"link\"===t.message&&(r=new URL(s.getAttribute(\"src\")),n=new URL(t.value),c.test(n.protocol))&&n.host===r.host&&l.activeElement===s&&(d.top.location.href=t.value))}},d.addEventListener(\"message\",d.wp.receiveEmbedMessage,!1),l.addEventListener(\"DOMContentLoaded\",function(){for(var e,t,s=l.querySelectorAll(\"iframe.wp-embedded-content\"),r=0;r<s.length;r++)(t=(e=s[r]).getAttribute(\"data-secret\"))||(t=Math.random().toString(36).substring(2,12),e.src+=\"#?secret=\"+t,e.setAttribute(\"data-secret\",t)),e.contentWindow.postMessage({message:\"ready\",secret:t},\"*\")},!1)))}(window,document);\n\/* ]]> *\/\n<\/script>\n","thumbnail_url":"https:\/\/instytutpolski.pl\/bratislava\/wp-content\/uploads\/sites\/13\/2020\/05\/V4-Jazz-Fest.jpg","thumbnail_width":1037,"thumbnail_height":569,"description":"5. 3. \/ 21:00 \u0160amor\u00edn, Mozi Club, Bratislavsk\u00e1 86 www.v4jazzfest.eu V4 Jazzfest\u00a0pribli\u017euje najv\u00fdznamnej\u0161ie d\u017eezov\u00e9 produkcie region\u00e1lnemu publiku postupne v\u00a0\u0160amor\u00edne, Krakove, Budape\u0161ti a\u00a0Prahe. Po\u013esk\u00fdm \u00fa\u010dastn\u00edkom projektu je\u00a0Kamila Dr\u0105bek Tercet v\u00a0zlo\u017een\u00ed Marcin Konieczkowicz (alt saxof\u00f3n),\u00a0Kamila Drabek\u00a0(kontrabas) a\u00a0Kacper Ka\u017amierski\u00a0(perkusie), ktor\u00ed sa spoznali po\u010das \u0161t\u00fadia na Hudobnej akad\u00e9mii v Krakove. V\u00a0podan\u00ed tria sa m\u00f4\u017eete te\u0161i\u0165 na folkov\u00e9 mel\u00f3die s\u00a0rockovou [&hellip;]"}