{"version":"1.0","provider_name":"Instytut Polski w Bratys\u0142awie","provider_url":"https:\/\/instytutpolski.pl\/bratislava","author_name":"kyselm","author_url":"https:\/\/instytutpolski.pl\/bratislava\/author\/kyselm\/","title":"Arkadiusz Gola: \u010ciernobiela zem - Instytut Polski w Bratys\u0142awie","type":"rich","width":600,"height":338,"html":"<blockquote class=\"wp-embedded-content\" data-secret=\"CEOkvvokvi\"><a href=\"https:\/\/instytutpolski.pl\/bratislava\/2021\/03\/08\/arkadiusz-gola-ciernobiela-zem\/\">Arkadiusz Gola: \u010ciernobiela zem<\/a><\/blockquote><iframe sandbox=\"allow-scripts\" security=\"restricted\" src=\"https:\/\/instytutpolski.pl\/bratislava\/2021\/03\/08\/arkadiusz-gola-ciernobiela-zem\/embed\/#?secret=CEOkvvokvi\" width=\"600\" height=\"338\" title=\"&#8222;Arkadiusz Gola: \u010ciernobiela zem&#8221; &#8212; Instytut Polski w Bratys\u0142awie\" data-secret=\"CEOkvvokvi\" frameborder=\"0\" marginwidth=\"0\" marginheight=\"0\" scrolling=\"no\" class=\"wp-embedded-content\"><\/iframe><script type=\"text\/javascript\">\n\/* <![CDATA[ *\/\n\/*! This file is auto-generated *\/\n!function(d,l){\"use strict\";l.querySelector&&d.addEventListener&&\"undefined\"!=typeof URL&&(d.wp=d.wp||{},d.wp.receiveEmbedMessage||(d.wp.receiveEmbedMessage=function(e){var t=e.data;if((t||t.secret||t.message||t.value)&&!\/[^a-zA-Z0-9]\/.test(t.secret)){for(var s,r,n,a=l.querySelectorAll('iframe[data-secret=\"'+t.secret+'\"]'),o=l.querySelectorAll('blockquote[data-secret=\"'+t.secret+'\"]'),c=new RegExp(\"^https?:$\",\"i\"),i=0;i<o.length;i++)o[i].style.display=\"none\";for(i=0;i<a.length;i++)s=a[i],e.source===s.contentWindow&&(s.removeAttribute(\"style\"),\"height\"===t.message?(1e3<(r=parseInt(t.value,10))?r=1e3:~~r<200&&(r=200),s.height=r):\"link\"===t.message&&(r=new URL(s.getAttribute(\"src\")),n=new URL(t.value),c.test(n.protocol))&&n.host===r.host&&l.activeElement===s&&(d.top.location.href=t.value))}},d.addEventListener(\"message\",d.wp.receiveEmbedMessage,!1),l.addEventListener(\"DOMContentLoaded\",function(){for(var e,t,s=l.querySelectorAll(\"iframe.wp-embedded-content\"),r=0;r<s.length;r++)(t=(e=s[r]).getAttribute(\"data-secret\"))||(t=Math.random().toString(36).substring(2,12),e.src+=\"#?secret=\"+t,e.setAttribute(\"data-secret\",t)),e.contentWindow.postMessage({message:\"ready\",secret:t},\"*\")},!1)))}(window,document);\n\/* ]]> *\/\n<\/script>\n","thumbnail_url":"https:\/\/instytutpolski.pl\/bratislava\/wp-content\/uploads\/sites\/13\/2020\/11\/003-Arkadiusz-Gola_Riviera_18.jpg","thumbnail_width":787,"thumbnail_height":527,"description":"Ide o regi\u00f3n, ktor\u00fd pre\u0161iel b\u00farlivou hist\u00f3riou a za\u017eil ako rozmach, tak aj \u00fapadok \u0165a\u017ek\u00e9ho priemyslu. Regi\u00f3n, ktor\u00fd sa pre svoj bansk\u00fd charakter zvykne ozna\u010dova\u0165 ako \u010cierna zem. Regi\u00f3n, ktor\u00fd Gola u\u017e tri desa\u0165ro\u010dia systematicky zobrazuje vo svojich fotografi\u00e1ch nielen ako \u010dierny, ale ako \u010diernobiely, preto\u017ee zobrazuje aj pozit\u00edvne zmeny, ktor\u00e9 priniesli tri desa\u0165ro\u010dia po [&hellip;]"}