{"version":"1.0","provider_name":"Instytut Polski w Bratys\u0142awie","provider_url":"https:\/\/instytutpolski.pl\/bratislava","author_name":"kyselm","author_url":"https:\/\/instytutpolski.pl\/bratislava\/author\/kyselm\/","title":"Festan\u010da - Instytut Polski w Bratys\u0142awie","type":"rich","width":600,"height":338,"html":"<blockquote class=\"wp-embedded-content\" data-secret=\"5bFOBSrgoe\"><a href=\"https:\/\/instytutpolski.pl\/bratislava\/2021\/07\/11\/festanca\/\">Festan\u010da<\/a><\/blockquote><iframe sandbox=\"allow-scripts\" security=\"restricted\" src=\"https:\/\/instytutpolski.pl\/bratislava\/2021\/07\/11\/festanca\/embed\/#?secret=5bFOBSrgoe\" width=\"600\" height=\"338\" title=\"&#8222;Festan\u010da&#8221; &#8212; Instytut Polski w Bratys\u0142awie\" data-secret=\"5bFOBSrgoe\" frameborder=\"0\" marginwidth=\"0\" marginheight=\"0\" scrolling=\"no\" class=\"wp-embedded-content\"><\/iframe><script type=\"text\/javascript\">\n\/* <![CDATA[ *\/\n\/*! This file is auto-generated *\/\n!function(d,l){\"use strict\";l.querySelector&&d.addEventListener&&\"undefined\"!=typeof URL&&(d.wp=d.wp||{},d.wp.receiveEmbedMessage||(d.wp.receiveEmbedMessage=function(e){var t=e.data;if((t||t.secret||t.message||t.value)&&!\/[^a-zA-Z0-9]\/.test(t.secret)){for(var s,r,n,a=l.querySelectorAll('iframe[data-secret=\"'+t.secret+'\"]'),o=l.querySelectorAll('blockquote[data-secret=\"'+t.secret+'\"]'),c=new RegExp(\"^https?:$\",\"i\"),i=0;i<o.length;i++)o[i].style.display=\"none\";for(i=0;i<a.length;i++)s=a[i],e.source===s.contentWindow&&(s.removeAttribute(\"style\"),\"height\"===t.message?(1e3<(r=parseInt(t.value,10))?r=1e3:~~r<200&&(r=200),s.height=r):\"link\"===t.message&&(r=new URL(s.getAttribute(\"src\")),n=new URL(t.value),c.test(n.protocol))&&n.host===r.host&&l.activeElement===s&&(d.top.location.href=t.value))}},d.addEventListener(\"message\",d.wp.receiveEmbedMessage,!1),l.addEventListener(\"DOMContentLoaded\",function(){for(var e,t,s=l.querySelectorAll(\"iframe.wp-embedded-content\"),r=0;r<s.length;r++)(t=(e=s[r]).getAttribute(\"data-secret\"))||(t=Math.random().toString(36).substring(2,12),e.src+=\"#?secret=\"+t,e.setAttribute(\"data-secret\",t)),e.contentWindow.postMessage({message:\"ready\",secret:t},\"*\")},!1)))}(window,document);\n\/* ]]> *\/\n<\/script>\n","thumbnail_url":"https:\/\/instytutpolski.pl\/bratislava\/wp-content\/uploads\/sites\/13\/2021\/07\/fa21_splash_02-710x399-1.png","thumbnail_width":710,"thumbnail_height":399,"description":"Tento rok v\u0161ak s jednou ve\u013ekou zmenou: 14. ro\u010dn\u00edk Fest An\u010da sa odohr\u00e1 prim\u00e1rne ako online festival. V aktu\u00e1lnom ro\u010dn\u00edku za\u017eiari siln\u00fdm programom kombinuj\u00facim anim\u00e1ciu s&nbsp;in\u00fdmi formami umenia, kvalitnou dramaturgiou, ale aj hviezdnym zlo\u017een\u00edm s\u00fa\u0165a\u017en\u00fdch por\u00f4t. Div\u00e1ci sa m\u00f4\u017eu te\u0161i\u0165 aj na 8 po\u013esk\u00fdch animovan\u00fdch filmov autorstva Mateusza Jarmulsk\u00e9ho, Renaty G\u0105siorowskej, Ewy Wolskiej, Sary Szyma\u0144skej, [&hellip;]"}