{"version":"1.0","provider_name":"Instytut Polski w Bratys\u0142awie","provider_url":"https:\/\/instytutpolski.pl\/bratislava","author_name":"kyselm","author_url":"https:\/\/instytutpolski.pl\/bratislava\/author\/kyselm\/","title":"Tygodnik Solidarno\u015b\u0107 \u2013 pam\u00e4tn\u00edk slobody slova - Instytut Polski w Bratys\u0142awie","type":"rich","width":600,"height":338,"html":"<blockquote class=\"wp-embedded-content\" data-secret=\"CmE5vNuFsE\"><a href=\"https:\/\/instytutpolski.pl\/bratislava\/2021\/11\/03\/tygodnik-solidarnosc-pamatnik-slobody-slova\/\">Tygodnik Solidarno\u015b\u0107 \u2013 pam\u00e4tn\u00edk slobody slova<\/a><\/blockquote><iframe sandbox=\"allow-scripts\" security=\"restricted\" src=\"https:\/\/instytutpolski.pl\/bratislava\/2021\/11\/03\/tygodnik-solidarnosc-pamatnik-slobody-slova\/embed\/#?secret=CmE5vNuFsE\" width=\"600\" height=\"338\" title=\"&#8222;Tygodnik Solidarno\u015b\u0107 \u2013 pam\u00e4tn\u00edk slobody slova&#8221; &#8212; Instytut Polski w Bratys\u0142awie\" data-secret=\"CmE5vNuFsE\" frameborder=\"0\" marginwidth=\"0\" marginheight=\"0\" scrolling=\"no\" class=\"wp-embedded-content\"><\/iframe><script type=\"text\/javascript\">\n\/* <![CDATA[ *\/\n\/*! This file is auto-generated *\/\n!function(d,l){\"use strict\";l.querySelector&&d.addEventListener&&\"undefined\"!=typeof URL&&(d.wp=d.wp||{},d.wp.receiveEmbedMessage||(d.wp.receiveEmbedMessage=function(e){var t=e.data;if((t||t.secret||t.message||t.value)&&!\/[^a-zA-Z0-9]\/.test(t.secret)){for(var s,r,n,a=l.querySelectorAll('iframe[data-secret=\"'+t.secret+'\"]'),o=l.querySelectorAll('blockquote[data-secret=\"'+t.secret+'\"]'),c=new RegExp(\"^https?:$\",\"i\"),i=0;i<o.length;i++)o[i].style.display=\"none\";for(i=0;i<a.length;i++)s=a[i],e.source===s.contentWindow&&(s.removeAttribute(\"style\"),\"height\"===t.message?(1e3<(r=parseInt(t.value,10))?r=1e3:~~r<200&&(r=200),s.height=r):\"link\"===t.message&&(r=new URL(s.getAttribute(\"src\")),n=new URL(t.value),c.test(n.protocol))&&n.host===r.host&&l.activeElement===s&&(d.top.location.href=t.value))}},d.addEventListener(\"message\",d.wp.receiveEmbedMessage,!1),l.addEventListener(\"DOMContentLoaded\",function(){for(var e,t,s=l.querySelectorAll(\"iframe.wp-embedded-content\"),r=0;r<s.length;r++)(t=(e=s[r]).getAttribute(\"data-secret\"))||(t=Math.random().toString(36).substring(2,12),e.src+=\"#?secret=\"+t,e.setAttribute(\"data-secret\",t)),e.contentWindow.postMessage({message:\"ready\",secret:t},\"*\")},!1)))}(window,document);\n\/* ]]> *\/\n<\/script>\n","thumbnail_url":"https:\/\/instytutpolski.pl\/bratislava\/wp-content\/uploads\/sites\/13\/2021\/11\/wystawa-solidarnosc-1024x818.png","thumbnail_width":1024,"thumbnail_height":818,"description":"Ide pritom o&nbsp;periodikum, ktor\u00e9mu sa podarilo prelomi\u0165 komunistick\u00fd monopol v&nbsp;stredov\u00fdchodnej Eur\u00f3pe. T\u00fd\u017edenn\u00edk Tygodnik Solidarno\u015b\u0107 bol za v\u00fdstavu Pam\u00e4tn\u00edk slobody slova, ktor\u00e1 m\u00e1 komiksov\u00fd charakter, nominovan\u00fd na prest\u00ed\u017enu cenu BohaterON. 8. 11. \u2013 5. 12., Bratislava, Po\u013esk\u00fd in\u0161tit\u00fat, Neform\u00e1lna gal\u00e9ria, Klobu\u010dn\u00edcka ul. www.festivalslobody.sk"}