{"version":"1.0","provider_name":"Instytut Polski w Bratys\u0142awie","provider_url":"https:\/\/instytutpolski.pl\/bratislava","author_name":"kyselm","author_url":"https:\/\/instytutpolski.pl\/bratislava\/author\/kyselm\/","title":"Predn\u00e1\u0161ka dr hab. Ma\u0142gorzaty Liseckej - Instytut Polski w Bratys\u0142awie","type":"rich","width":600,"height":338,"html":"<blockquote class=\"wp-embedded-content\" data-secret=\"Os1wJAdGEI\"><a href=\"https:\/\/instytutpolski.pl\/bratislava\/2022\/02\/28\/prednaska-dr-hab-malgorzaty-liseckej\/\">Predn\u00e1\u0161ka dr hab. Ma\u0142gorzaty Liseckej<\/a><\/blockquote><iframe sandbox=\"allow-scripts\" security=\"restricted\" src=\"https:\/\/instytutpolski.pl\/bratislava\/2022\/02\/28\/prednaska-dr-hab-malgorzaty-liseckej\/embed\/#?secret=Os1wJAdGEI\" width=\"600\" height=\"338\" title=\"&#8222;Predn\u00e1\u0161ka dr hab. Ma\u0142gorzaty Liseckej&#8221; &#8212; Instytut Polski w Bratys\u0142awie\" data-secret=\"Os1wJAdGEI\" frameborder=\"0\" marginwidth=\"0\" marginheight=\"0\" scrolling=\"no\" class=\"wp-embedded-content\"><\/iframe><script type=\"text\/javascript\">\n\/* <![CDATA[ *\/\n\/*! This file is auto-generated *\/\n!function(d,l){\"use strict\";l.querySelector&&d.addEventListener&&\"undefined\"!=typeof URL&&(d.wp=d.wp||{},d.wp.receiveEmbedMessage||(d.wp.receiveEmbedMessage=function(e){var t=e.data;if((t||t.secret||t.message||t.value)&&!\/[^a-zA-Z0-9]\/.test(t.secret)){for(var s,r,n,a=l.querySelectorAll('iframe[data-secret=\"'+t.secret+'\"]'),o=l.querySelectorAll('blockquote[data-secret=\"'+t.secret+'\"]'),c=new RegExp(\"^https?:$\",\"i\"),i=0;i<o.length;i++)o[i].style.display=\"none\";for(i=0;i<a.length;i++)s=a[i],e.source===s.contentWindow&&(s.removeAttribute(\"style\"),\"height\"===t.message?(1e3<(r=parseInt(t.value,10))?r=1e3:~~r<200&&(r=200),s.height=r):\"link\"===t.message&&(r=new URL(s.getAttribute(\"src\")),n=new URL(t.value),c.test(n.protocol))&&n.host===r.host&&l.activeElement===s&&(d.top.location.href=t.value))}},d.addEventListener(\"message\",d.wp.receiveEmbedMessage,!1),l.addEventListener(\"DOMContentLoaded\",function(){for(var e,t,s=l.querySelectorAll(\"iframe.wp-embedded-content\"),r=0;r<s.length;r++)(t=(e=s[r]).getAttribute(\"data-secret\"))||(t=Math.random().toString(36).substring(2,12),e.src+=\"#?secret=\"+t,e.setAttribute(\"data-secret\",t)),e.contentWindow.postMessage({message:\"ready\",secret:t},\"*\")},!1)))}(window,document);\n\/* ]]> *\/\n<\/script>\n","thumbnail_url":"https:\/\/instytutpolski.pl\/bratislava\/wp-content\/uploads\/sites\/13\/2022\/02\/640px-Karol_Szymanowski.jpg","thumbnail_width":640,"thumbnail_height":807,"description":"V\u00a0r\u00e1mci svojej predn\u00e1\u0161ky predstav\u00ed t\u00e9mu Po\u013esko medzi trad\u00edciou a\u00a0modernou v\u00a0oper\u00e1ch Stanis\u0142awa Moniuszka, a\u00a0n\u00e1sledne Skladate\u013e troch avantg\u00e1rd \u2013 o\u00a0impresionizme, expresionizme a\u00a0folkl\u00f3re v\u00a0tvorbe K. Szymanowsk\u00e9ho. 24. 3. Bratislava, Hudobn\u00e1 a\u00a0tane\u010dn\u00e1 fakulta V\u0160MU, Zochova 1"}