{"version":"1.0","provider_name":"Instytut Polski w Bratys\u0142awie","provider_url":"https:\/\/instytutpolski.pl\/bratislava","author_name":"kyselm","author_url":"https:\/\/instytutpolski.pl\/bratislava\/author\/kyselm\/","title":"231. v\u00fdro\u010die prijatia \u00dastavy 3. m\u00e1ja - Instytut Polski w Bratys\u0142awie","type":"rich","width":600,"height":338,"html":"<blockquote class=\"wp-embedded-content\" data-secret=\"AhZKB2qceD\"><a href=\"https:\/\/instytutpolski.pl\/bratislava\/2022\/05\/03\/231-vyrocie-prijatia-ustavy-3-maja\/\">231. v\u00fdro\u010die prijatia \u00dastavy 3. m\u00e1ja<\/a><\/blockquote><iframe sandbox=\"allow-scripts\" security=\"restricted\" src=\"https:\/\/instytutpolski.pl\/bratislava\/2022\/05\/03\/231-vyrocie-prijatia-ustavy-3-maja\/embed\/#?secret=AhZKB2qceD\" width=\"600\" height=\"338\" title=\"&#8222;231. v\u00fdro\u010die prijatia \u00dastavy 3. m\u00e1ja&#8221; &#8212; Instytut Polski w Bratys\u0142awie\" data-secret=\"AhZKB2qceD\" frameborder=\"0\" marginwidth=\"0\" marginheight=\"0\" scrolling=\"no\" class=\"wp-embedded-content\"><\/iframe><script type=\"text\/javascript\">\n\/* <![CDATA[ *\/\n\/*! This file is auto-generated *\/\n!function(d,l){\"use strict\";l.querySelector&&d.addEventListener&&\"undefined\"!=typeof URL&&(d.wp=d.wp||{},d.wp.receiveEmbedMessage||(d.wp.receiveEmbedMessage=function(e){var t=e.data;if((t||t.secret||t.message||t.value)&&!\/[^a-zA-Z0-9]\/.test(t.secret)){for(var s,r,n,a=l.querySelectorAll('iframe[data-secret=\"'+t.secret+'\"]'),o=l.querySelectorAll('blockquote[data-secret=\"'+t.secret+'\"]'),c=new RegExp(\"^https?:$\",\"i\"),i=0;i<o.length;i++)o[i].style.display=\"none\";for(i=0;i<a.length;i++)s=a[i],e.source===s.contentWindow&&(s.removeAttribute(\"style\"),\"height\"===t.message?(1e3<(r=parseInt(t.value,10))?r=1e3:~~r<200&&(r=200),s.height=r):\"link\"===t.message&&(r=new URL(s.getAttribute(\"src\")),n=new URL(t.value),c.test(n.protocol))&&n.host===r.host&&l.activeElement===s&&(d.top.location.href=t.value))}},d.addEventListener(\"message\",d.wp.receiveEmbedMessage,!1),l.addEventListener(\"DOMContentLoaded\",function(){for(var e,t,s=l.querySelectorAll(\"iframe.wp-embedded-content\"),r=0;r<s.length;r++)(t=(e=s[r]).getAttribute(\"data-secret\"))||(t=Math.random().toString(36).substring(2,12),e.src+=\"#?secret=\"+t,e.setAttribute(\"data-secret\",t)),e.contentWindow.postMessage({message:\"ready\",secret:t},\"*\")},!1)))}(window,document);\n\/* ]]> *\/\n<\/script>\n","thumbnail_url":"https:\/\/instytutpolski.pl\/bratislava\/wp-content\/uploads\/sites\/13\/2021\/04\/Konstytucja_3_Maja-scaled.jpg","thumbnail_width":2560,"thumbnail_height":1419,"description":"Dnes, ke\u010f oslavujeme 231. v\u00fdro\u010die prijatia \u00dastavy 3. m\u00e1ja za vl\u00e1dy posledn\u00e9ho po\u013esk\u00e9ho kr\u00e1\u013ea a\u00a0litovsk\u00e9ho ve\u013ekoknie\u017ea\u0165a Stanis\u0142awa Augusta Poniatowsk\u00e9ho, netreba zab\u00fada\u0165 na to, \u017ee pr\u00e1ve \u00fastava zaviedla trojdelenie moci a\u00a0zmenu dovtedaj\u0161ieho \u0161t\u00e1tneho zriadenia \u010diasto\u010dn\u00fdm zrovnopr\u00e1vnen\u00edm obyvate\u013estva Po\u013eskej republiky. Bola tie\u017e d\u00f4kazom v\u00f4le br\u00e1ni\u0165 nez\u00e1vislos\u0165 po 1. rozdelen\u00ed po\u013esk\u00e9ho \u00fazemia medzi Rak\u00fasko, Prusko a\u00a0Rusko v\u00a0roku 1772. [&hellip;]"}