{"version":"1.0","provider_name":"Instytut Polski w Bratys\u0142awie","provider_url":"https:\/\/instytutpolski.pl\/bratislava","author_name":"kyselm","author_url":"https:\/\/instytutpolski.pl\/bratislava\/author\/kyselm\/","title":"Inaugur\u00e1cia 7. Po\u013esk\u00fdch dn\u00ed v Pre\u0161ove - Instytut Polski w Bratys\u0142awie","type":"rich","width":600,"height":338,"html":"<blockquote class=\"wp-embedded-content\" data-secret=\"caVzD7LAKs\"><a href=\"https:\/\/instytutpolski.pl\/bratislava\/2022\/08\/26\/inauguracia-7-polskych-dni-v-presove\/\">Inaugur\u00e1cia 7. Po\u013esk\u00fdch dn\u00ed v Pre\u0161ove<\/a><\/blockquote><iframe sandbox=\"allow-scripts\" security=\"restricted\" src=\"https:\/\/instytutpolski.pl\/bratislava\/2022\/08\/26\/inauguracia-7-polskych-dni-v-presove\/embed\/#?secret=caVzD7LAKs\" width=\"600\" height=\"338\" title=\"&#8222;Inaugur\u00e1cia 7. Po\u013esk\u00fdch dn\u00ed v Pre\u0161ove&#8221; &#8212; Instytut Polski w Bratys\u0142awie\" data-secret=\"caVzD7LAKs\" frameborder=\"0\" marginwidth=\"0\" marginheight=\"0\" scrolling=\"no\" class=\"wp-embedded-content\"><\/iframe><script type=\"text\/javascript\">\n\/* <![CDATA[ *\/\n\/*! This file is auto-generated *\/\n!function(d,l){\"use strict\";l.querySelector&&d.addEventListener&&\"undefined\"!=typeof URL&&(d.wp=d.wp||{},d.wp.receiveEmbedMessage||(d.wp.receiveEmbedMessage=function(e){var t=e.data;if((t||t.secret||t.message||t.value)&&!\/[^a-zA-Z0-9]\/.test(t.secret)){for(var s,r,n,a=l.querySelectorAll('iframe[data-secret=\"'+t.secret+'\"]'),o=l.querySelectorAll('blockquote[data-secret=\"'+t.secret+'\"]'),c=new RegExp(\"^https?:$\",\"i\"),i=0;i<o.length;i++)o[i].style.display=\"none\";for(i=0;i<a.length;i++)s=a[i],e.source===s.contentWindow&&(s.removeAttribute(\"style\"),\"height\"===t.message?(1e3<(r=parseInt(t.value,10))?r=1e3:~~r<200&&(r=200),s.height=r):\"link\"===t.message&&(r=new URL(s.getAttribute(\"src\")),n=new URL(t.value),c.test(n.protocol))&&n.host===r.host&&l.activeElement===s&&(d.top.location.href=t.value))}},d.addEventListener(\"message\",d.wp.receiveEmbedMessage,!1),l.addEventListener(\"DOMContentLoaded\",function(){for(var e,t,s=l.querySelectorAll(\"iframe.wp-embedded-content\"),r=0;r<s.length;r++)(t=(e=s[r]).getAttribute(\"data-secret\"))||(t=Math.random().toString(36).substring(2,12),e.src+=\"#?secret=\"+t,e.setAttribute(\"data-secret\",t)),e.contentWindow.postMessage({message:\"ready\",secret:t},\"*\")},!1)))}(window,document);\n\/* ]]> *\/\n<\/script>\n","description":"Srde\u010dne poz\u00fdvame na inaugur\u00e1ciu 7. Po\u013esk\u00fdch dn\u00ed, ktor\u00fdch program otvor\u00ed predn\u00e1\u0161ka ve\u013evyslanca Po\u013eskej republiky na Slovensku p. Krzysztofa Strza\u0142ku v\u00a0stredu 28. 9. o\u00a014:00 hod. na Filozofickej fakulte Pre\u0161ovskej univerzity (Ul. 17. novembra 1) na t\u00e9mu Priority zahrani\u010dnej politiky Po\u013eska a\u00a0vz\u0165ahy so Slovenskom. Vo \u0161tvrtok inauguruje Po\u013esk\u00e9 dni koncert klasickej hudby v\u00a0podan\u00ed po\u013eskej sopranistky Julity Zio\u0142ko [&hellip;]"}