{"version":"1.0","provider_name":"Instytut Polski w Bratys\u0142awie","provider_url":"https:\/\/instytutpolski.pl\/bratislava","author_name":"kyselm","author_url":"https:\/\/instytutpolski.pl\/bratislava\/author\/kyselm\/","title":"Po\u013esk\u00e1 kni\u017enica bl\u00edzko v\u00e1s: Aleksander Fredro - Instytut Polski w Bratys\u0142awie","type":"rich","width":600,"height":338,"html":"<blockquote class=\"wp-embedded-content\" data-secret=\"YBYHyUxbS2\"><a href=\"https:\/\/instytutpolski.pl\/bratislava\/2023\/02\/27\/polska-kniznica-blizko-vas-aleksander-fredro\/\">Po\u013esk\u00e1 kni\u017enica bl\u00edzko v\u00e1s: Aleksander Fredro<\/a><\/blockquote><iframe sandbox=\"allow-scripts\" security=\"restricted\" src=\"https:\/\/instytutpolski.pl\/bratislava\/2023\/02\/27\/polska-kniznica-blizko-vas-aleksander-fredro\/embed\/#?secret=YBYHyUxbS2\" width=\"600\" height=\"338\" title=\"&#8222;Po\u013esk\u00e1 kni\u017enica bl\u00edzko v\u00e1s: Aleksander Fredro&#8221; &#8212; Instytut Polski w Bratys\u0142awie\" data-secret=\"YBYHyUxbS2\" frameborder=\"0\" marginwidth=\"0\" marginheight=\"0\" scrolling=\"no\" class=\"wp-embedded-content\"><\/iframe><script type=\"text\/javascript\">\n\/* <![CDATA[ *\/\n\/*! This file is auto-generated *\/\n!function(d,l){\"use strict\";l.querySelector&&d.addEventListener&&\"undefined\"!=typeof URL&&(d.wp=d.wp||{},d.wp.receiveEmbedMessage||(d.wp.receiveEmbedMessage=function(e){var t=e.data;if((t||t.secret||t.message||t.value)&&!\/[^a-zA-Z0-9]\/.test(t.secret)){for(var s,r,n,a=l.querySelectorAll('iframe[data-secret=\"'+t.secret+'\"]'),o=l.querySelectorAll('blockquote[data-secret=\"'+t.secret+'\"]'),c=new RegExp(\"^https?:$\",\"i\"),i=0;i<o.length;i++)o[i].style.display=\"none\";for(i=0;i<a.length;i++)s=a[i],e.source===s.contentWindow&&(s.removeAttribute(\"style\"),\"height\"===t.message?(1e3<(r=parseInt(t.value,10))?r=1e3:~~r<200&&(r=200),s.height=r):\"link\"===t.message&&(r=new URL(s.getAttribute(\"src\")),n=new URL(t.value),c.test(n.protocol))&&n.host===r.host&&l.activeElement===s&&(d.top.location.href=t.value))}},d.addEventListener(\"message\",d.wp.receiveEmbedMessage,!1),l.addEventListener(\"DOMContentLoaded\",function(){for(var e,t,s=l.querySelectorAll(\"iframe.wp-embedded-content\"),r=0;r<s.length;r++)(t=(e=s[r]).getAttribute(\"data-secret\"))||(t=Math.random().toString(36).substring(2,12),e.src+=\"#?secret=\"+t,e.setAttribute(\"data-secret\",t)),e.contentWindow.postMessage({message:\"ready\",secret:t},\"*\")},!1)))}(window,document);\n\/* ]]> *\/\n<\/script>\n","thumbnail_url":"https:\/\/instytutpolski.pl\/bratislava\/wp-content\/uploads\/sites\/13\/2023\/02\/800px-Aleksander_Fredro.png","thumbnail_width":800,"thumbnail_height":902,"description":"A. Fredro patril k naj\u010dastej\u0161ie prekladan\u00fdm autorom druhej polovice 19. storo\u010dia na Slovensku, preto Dr. Zuzana Obertov\u00e1 z Univerzity Komensk\u00e9ho v&nbsp;Bratislave, ktor\u00e1 bude stretnutie vies\u0165, obr\u00e1ti pozornos\u0165 aj na v\u00fdznam jeho dramatickej tvorby pre rozvoj slovensk\u00e9ho divadla. 7. 3. \/ 10:50, Bratislava, Po\u013esk\u00fd in\u0161tit\u00fat, N\u00e1m. SNP 27"}