{"version":"1.0","provider_name":"Instytut Polski w Bratys\u0142awie","provider_url":"https:\/\/instytutpolski.pl\/bratislava","author_name":"kyselm","author_url":"https:\/\/instytutpolski.pl\/bratislava\/author\/kyselm\/","title":"Jerzy Nowosielski - Instytut Polski w Bratys\u0142awie","type":"rich","width":600,"height":338,"html":"<blockquote class=\"wp-embedded-content\" data-secret=\"miLShgElZz\"><a href=\"https:\/\/instytutpolski.pl\/bratislava\/2023\/05\/02\/jerzy-nowosielski\/\">Jerzy Nowosielski<\/a><\/blockquote><iframe sandbox=\"allow-scripts\" security=\"restricted\" src=\"https:\/\/instytutpolski.pl\/bratislava\/2023\/05\/02\/jerzy-nowosielski\/embed\/#?secret=miLShgElZz\" width=\"600\" height=\"338\" title=\"&#8222;Jerzy Nowosielski&#8221; &#8212; Instytut Polski w Bratys\u0142awie\" data-secret=\"miLShgElZz\" frameborder=\"0\" marginwidth=\"0\" marginheight=\"0\" scrolling=\"no\" class=\"wp-embedded-content\"><\/iframe><script type=\"text\/javascript\">\n\/* <![CDATA[ *\/\n\/*! This file is auto-generated *\/\n!function(d,l){\"use strict\";l.querySelector&&d.addEventListener&&\"undefined\"!=typeof URL&&(d.wp=d.wp||{},d.wp.receiveEmbedMessage||(d.wp.receiveEmbedMessage=function(e){var t=e.data;if((t||t.secret||t.message||t.value)&&!\/[^a-zA-Z0-9]\/.test(t.secret)){for(var s,r,n,a=l.querySelectorAll('iframe[data-secret=\"'+t.secret+'\"]'),o=l.querySelectorAll('blockquote[data-secret=\"'+t.secret+'\"]'),c=new RegExp(\"^https?:$\",\"i\"),i=0;i<o.length;i++)o[i].style.display=\"none\";for(i=0;i<a.length;i++)s=a[i],e.source===s.contentWindow&&(s.removeAttribute(\"style\"),\"height\"===t.message?(1e3<(r=parseInt(t.value,10))?r=1e3:~~r<200&&(r=200),s.height=r):\"link\"===t.message&&(r=new URL(s.getAttribute(\"src\")),n=new URL(t.value),c.test(n.protocol))&&n.host===r.host&&l.activeElement===s&&(d.top.location.href=t.value))}},d.addEventListener(\"message\",d.wp.receiveEmbedMessage,!1),l.addEventListener(\"DOMContentLoaded\",function(){for(var e,t,s=l.querySelectorAll(\"iframe.wp-embedded-content\"),r=0;r<s.length;r++)(t=(e=s[r]).getAttribute(\"data-secret\"))||(t=Math.random().toString(36).substring(2,12),e.src+=\"#?secret=\"+t,e.setAttribute(\"data-secret\",t)),e.contentWindow.postMessage({message:\"ready\",secret:t},\"*\")},!1)))}(window,document);\n\/* ]]> *\/\n<\/script>\n","thumbnail_url":"https:\/\/instytutpolski.pl\/bratislava\/wp-content\/uploads\/sites\/13\/2023\/05\/nowosielski-w-pracowni.jpg","thumbnail_width":481,"thumbnail_height":640,"description":"Sejm Po\u013eskej republiky ho pri pr\u00edle\u017eitosti 100. v\u00fdro\u010dia jeho narodenia vyhl\u00e1sil za jedn\u00e9ho z\u202fpatr\u00f3nov roka 2023. V\u202fgal\u00e9rii Po\u013esk\u00e9ho in\u0161tit\u00fatu n\u00e1jdu n\u00e1v\u0161tevn\u00edci reprodukcie jeho diel, ale aj dve serigrafie (signovan\u00e9 grafiky) zo zbierky Po\u013esk\u00e9ho in\u0161tit\u00fatu, ktor\u00e9 bud\u00fa v\u00f4bec po prv\u00fdkr\u00e1t predstaven\u00e9 \u0161ir\u0161ej verejnosti. V\u010faka svojmu jedine\u010dn\u00e9mu individu\u00e1lnemu \u0161t\u00fdlu sa J. Nowosielski stal jedn\u00fdm z najzn\u00e1mej\u0161\u00edch po\u013esk\u00fdch [&hellip;]"}