{"version":"1.0","provider_name":"Instytut Polski w Bratys\u0142awie","provider_url":"https:\/\/instytutpolski.pl\/bratislava","author_name":"kyselm","author_url":"https:\/\/instytutpolski.pl\/bratislava\/author\/kyselm\/","title":"Klav\u00edrny recit\u00e1l Eryka Koszelu - Instytut Polski w Bratys\u0142awie","type":"rich","width":600,"height":338,"html":"<blockquote class=\"wp-embedded-content\" data-secret=\"yliKGuTGKE\"><a href=\"https:\/\/instytutpolski.pl\/bratislava\/2023\/10\/30\/klavirny-recital-eryka-koszelu\/\">Klav\u00edrny recit\u00e1l Eryka Koszelu<\/a><\/blockquote><iframe sandbox=\"allow-scripts\" security=\"restricted\" src=\"https:\/\/instytutpolski.pl\/bratislava\/2023\/10\/30\/klavirny-recital-eryka-koszelu\/embed\/#?secret=yliKGuTGKE\" width=\"600\" height=\"338\" title=\"&#8222;Klav\u00edrny recit\u00e1l Eryka Koszelu&#8221; &#8212; Instytut Polski w Bratys\u0142awie\" data-secret=\"yliKGuTGKE\" frameborder=\"0\" marginwidth=\"0\" marginheight=\"0\" scrolling=\"no\" class=\"wp-embedded-content\"><\/iframe><script type=\"text\/javascript\">\n\/* <![CDATA[ *\/\n\/*! This file is auto-generated *\/\n!function(d,l){\"use strict\";l.querySelector&&d.addEventListener&&\"undefined\"!=typeof URL&&(d.wp=d.wp||{},d.wp.receiveEmbedMessage||(d.wp.receiveEmbedMessage=function(e){var t=e.data;if((t||t.secret||t.message||t.value)&&!\/[^a-zA-Z0-9]\/.test(t.secret)){for(var s,r,n,a=l.querySelectorAll('iframe[data-secret=\"'+t.secret+'\"]'),o=l.querySelectorAll('blockquote[data-secret=\"'+t.secret+'\"]'),c=new RegExp(\"^https?:$\",\"i\"),i=0;i<o.length;i++)o[i].style.display=\"none\";for(i=0;i<a.length;i++)s=a[i],e.source===s.contentWindow&&(s.removeAttribute(\"style\"),\"height\"===t.message?(1e3<(r=parseInt(t.value,10))?r=1e3:~~r<200&&(r=200),s.height=r):\"link\"===t.message&&(r=new URL(s.getAttribute(\"src\")),n=new URL(t.value),c.test(n.protocol))&&n.host===r.host&&l.activeElement===s&&(d.top.location.href=t.value))}},d.addEventListener(\"message\",d.wp.receiveEmbedMessage,!1),l.addEventListener(\"DOMContentLoaded\",function(){for(var e,t,s=l.querySelectorAll(\"iframe.wp-embedded-content\"),r=0;r<s.length;r++)(t=(e=s[r]).getAttribute(\"data-secret\"))||(t=Math.random().toString(36).substring(2,12),e.src+=\"#?secret=\"+t,e.setAttribute(\"data-secret\",t)),e.contentWindow.postMessage({message:\"ready\",secret:t},\"*\")},!1)))}(window,document);\n\/* ]]> *\/\n<\/script>\n","thumbnail_url":"https:\/\/instytutpolski.pl\/bratislava\/wp-content\/uploads\/sites\/13\/2023\/10\/koszela.jpg","thumbnail_width":750,"thumbnail_height":1000,"description":"Mlad\u00fd a\u00a0talentovan\u00fd po\u013esk\u00fd klavirista zahr\u00e1 skladby Johanna Sebastiana Bacha, Wolfganga Amadea Mozarta, Fryderyka Chopina a Claudea Debussyho. Svoju hru zdokona\u013eoval na master classoch veden\u00fdch popredn\u00fdmi po\u013esk\u00fdmi a\u00a0zahrani\u010dn\u00fdmi klaviristami, pri\u010dom sa stal laure\u00e1tom mnoh\u00fdch klav\u00edrnych s\u00fa\u0165a\u017e\u00ed v\u00a0Po\u013esku a\u00a0zahrani\u010d\u00ed (Vilnius, Budape\u0161\u0165, Ko\u0161ice, Lod\u017e \u010di Krakov) a\u00a0\u0161tipendi\u00ed vr\u00e1tane \u0160tipendia ministra kult\u00fary a\u00a0n\u00e1rodn\u00e9ho dedi\u010dstva Po\u013eskej republiky. 14. 12. \/ [&hellip;]"}