{"version":"1.0","provider_name":"Instytut Polski w Bratys\u0142awie","provider_url":"https:\/\/instytutpolski.pl\/bratislava","author_name":"kyselm","author_url":"https:\/\/instytutpolski.pl\/bratislava\/author\/kyselm\/","title":"Po\u013esko: 20 rokov vyu\u017eit\u00fdch pr\u00edle\u017eitost\u00ed - Instytut Polski w Bratys\u0142awie","type":"rich","width":600,"height":338,"html":"<blockquote class=\"wp-embedded-content\" data-secret=\"dt3UUriWiP\"><a href=\"https:\/\/instytutpolski.pl\/bratislava\/2024\/05\/01\/polsko-20-rokov-vyuzitych-prilezitosti\/\">Po\u013esko: 20 rokov vyu\u017eit\u00fdch pr\u00edle\u017eitost\u00ed<\/a><\/blockquote><iframe sandbox=\"allow-scripts\" security=\"restricted\" src=\"https:\/\/instytutpolski.pl\/bratislava\/2024\/05\/01\/polsko-20-rokov-vyuzitych-prilezitosti\/embed\/#?secret=dt3UUriWiP\" width=\"600\" height=\"338\" title=\"&#8222;Po\u013esko: 20 rokov vyu\u017eit\u00fdch pr\u00edle\u017eitost\u00ed&#8221; &#8212; Instytut Polski w Bratys\u0142awie\" data-secret=\"dt3UUriWiP\" frameborder=\"0\" marginwidth=\"0\" marginheight=\"0\" scrolling=\"no\" class=\"wp-embedded-content\"><\/iframe><script type=\"text\/javascript\">\n\/* <![CDATA[ *\/\n\/*! This file is auto-generated *\/\n!function(d,l){\"use strict\";l.querySelector&&d.addEventListener&&\"undefined\"!=typeof URL&&(d.wp=d.wp||{},d.wp.receiveEmbedMessage||(d.wp.receiveEmbedMessage=function(e){var t=e.data;if((t||t.secret||t.message||t.value)&&!\/[^a-zA-Z0-9]\/.test(t.secret)){for(var s,r,n,a=l.querySelectorAll('iframe[data-secret=\"'+t.secret+'\"]'),o=l.querySelectorAll('blockquote[data-secret=\"'+t.secret+'\"]'),c=new RegExp(\"^https?:$\",\"i\"),i=0;i<o.length;i++)o[i].style.display=\"none\";for(i=0;i<a.length;i++)s=a[i],e.source===s.contentWindow&&(s.removeAttribute(\"style\"),\"height\"===t.message?(1e3<(r=parseInt(t.value,10))?r=1e3:~~r<200&&(r=200),s.height=r):\"link\"===t.message&&(r=new URL(s.getAttribute(\"src\")),n=new URL(t.value),c.test(n.protocol))&&n.host===r.host&&l.activeElement===s&&(d.top.location.href=t.value))}},d.addEventListener(\"message\",d.wp.receiveEmbedMessage,!1),l.addEventListener(\"DOMContentLoaded\",function(){for(var e,t,s=l.querySelectorAll(\"iframe.wp-embedded-content\"),r=0;r<s.length;r++)(t=(e=s[r]).getAttribute(\"data-secret\"))||(t=Math.random().toString(36).substring(2,12),e.src+=\"#?secret=\"+t,e.setAttribute(\"data-secret\",t)),e.contentWindow.postMessage({message:\"ready\",secret:t},\"*\")},!1)))}(window,document);\n\/* ]]> *\/\n<\/script>\n","thumbnail_url":"https:\/\/instytutpolski.pl\/bratislava\/wp-content\/uploads\/sites\/13\/2024\/05\/image001.jpg","thumbnail_width":640,"thumbnail_height":360,"description":"Nejde pritom iba o korpor\u00e1tnu \u010di s\u00fakromn\u00fa architekt\u00faru, ale predov\u0161etk\u00fdm o\u00a0t\u00fa verejn\u00fa. N\u00e1jdeme medzi nimi ve\u013ek\u00e9 infra\u0161trukt\u00farne projekty \u2013 dia\u013enice, letisk\u00e1, \u017eelezni\u010dn\u00e9 stanice, v\u010faka ktor\u00fdm je \u010doraz jednoduch\u0161ie do Po\u013eska i\u00a0po Po\u013esku cestova\u0165. Ale taktie\u017e \u2013 a\u00a0to najm\u00e4 \u2013 \u201einfra\u0161trukt\u00faru pre ducha\u201c, teda m\u00faze\u00e1, koncertn\u00e9 s\u00e1ly, kult\u00farne a\u00a0kongresov\u00e9 centr\u00e1, v\u010faka ktor\u00fdm sa turisti m\u00f4\u017eu obozn\u00e1mi\u0165 [&hellip;]"}