{"version":"1.0","provider_name":"Instytut Polski w Bratys\u0142awie","provider_url":"https:\/\/instytutpolski.pl\/bratislava","author_name":"kyselm","author_url":"https:\/\/instytutpolski.pl\/bratislava\/author\/kyselm\/","title":"Angelus \u2013 Pod kr\u00eddlami naivnej intu\u00edcie - Instytut Polski w Bratys\u0142awie","type":"rich","width":600,"height":338,"html":"<blockquote class=\"wp-embedded-content\" data-secret=\"Kmlvci9CJ4\"><a href=\"https:\/\/instytutpolski.pl\/bratislava\/2024\/08\/30\/angelus-pod-kridlami-naivnej-intuicie\/\">Angelus \u2013 Pod kr\u00eddlami naivnej intu\u00edcie<\/a><\/blockquote><iframe sandbox=\"allow-scripts\" security=\"restricted\" src=\"https:\/\/instytutpolski.pl\/bratislava\/2024\/08\/30\/angelus-pod-kridlami-naivnej-intuicie\/embed\/#?secret=Kmlvci9CJ4\" width=\"600\" height=\"338\" title=\"&#8222;Angelus \u2013 Pod kr\u00eddlami naivnej intu\u00edcie&#8221; &#8212; Instytut Polski w Bratys\u0142awie\" data-secret=\"Kmlvci9CJ4\" frameborder=\"0\" marginwidth=\"0\" marginheight=\"0\" scrolling=\"no\" class=\"wp-embedded-content\"><\/iframe><script type=\"text\/javascript\">\n\/* <![CDATA[ *\/\n\/*! This file is auto-generated *\/\n!function(d,l){\"use strict\";l.querySelector&&d.addEventListener&&\"undefined\"!=typeof URL&&(d.wp=d.wp||{},d.wp.receiveEmbedMessage||(d.wp.receiveEmbedMessage=function(e){var t=e.data;if((t||t.secret||t.message||t.value)&&!\/[^a-zA-Z0-9]\/.test(t.secret)){for(var s,r,n,a=l.querySelectorAll('iframe[data-secret=\"'+t.secret+'\"]'),o=l.querySelectorAll('blockquote[data-secret=\"'+t.secret+'\"]'),c=new RegExp(\"^https?:$\",\"i\"),i=0;i<o.length;i++)o[i].style.display=\"none\";for(i=0;i<a.length;i++)s=a[i],e.source===s.contentWindow&&(s.removeAttribute(\"style\"),\"height\"===t.message?(1e3<(r=parseInt(t.value,10))?r=1e3:~~r<200&&(r=200),s.height=r):\"link\"===t.message&&(r=new URL(s.getAttribute(\"src\")),n=new URL(t.value),c.test(n.protocol))&&n.host===r.host&&l.activeElement===s&&(d.top.location.href=t.value))}},d.addEventListener(\"message\",d.wp.receiveEmbedMessage,!1),l.addEventListener(\"DOMContentLoaded\",function(){for(var e,t,s=l.querySelectorAll(\"iframe.wp-embedded-content\"),r=0;r<s.length;r++)(t=(e=s[r]).getAttribute(\"data-secret\"))||(t=Math.random().toString(36).substring(2,12),e.src+=\"#?secret=\"+t,e.setAttribute(\"data-secret\",t)),e.contentWindow.postMessage({message:\"ready\",secret:t},\"*\")},!1)))}(window,document);\n\/* ]]> *\/\n<\/script>\n","thumbnail_url":"https:\/\/instytutpolski.pl\/bratislava\/wp-content\/uploads\/sites\/13\/2024\/08\/Jadwiga-Fastnacht.jpg","thumbnail_width":1024,"thumbnail_height":732,"description":"Pr\u00edkladom stretu t\u00fdchto dvoch svetov je film Angelus Lecha Majewsk\u00e9ho, ktor\u00fd poeticky pretk\u00e1va svet naivnej tvorby do sliezskej reality, \u010d\u00edm jej dod\u00e1va magick\u00fd charakter. S\u00fa\u010das\u0165ou vernis\u00e1\u017ee bude aj premietanie filmu Angelus. V\u00fdstava potrv\u00e1 do 30. okt\u00f3bra. 25. 9. \/ 17:00 Bratislava, Po\u013esk\u00fd in\u0161tit\u00fat, N\u00e1m. SNP 27"}