{"version":"1.0","provider_name":"Instytut Polski w Bratys\u0142awie","provider_url":"https:\/\/instytutpolski.pl\/bratislava","author_name":"kyselm","author_url":"https:\/\/instytutpolski.pl\/bratislava\/author\/kyselm\/","title":"Medzin\u00e1rodn\u00e9 bien\u00e1le v\u00fdtvarn\u00e9ho umenia - Instytut Polski w Bratys\u0142awie","type":"rich","width":600,"height":338,"html":"<blockquote class=\"wp-embedded-content\" data-secret=\"zmeVsT10Xp\"><a href=\"https:\/\/instytutpolski.pl\/bratislava\/2025\/05\/07\/medzinarodne-bienale-vytvarneho-umenia\/\">Medzin\u00e1rodn\u00e9 bien\u00e1le v\u00fdtvarn\u00e9ho umenia<\/a><\/blockquote><iframe sandbox=\"allow-scripts\" security=\"restricted\" src=\"https:\/\/instytutpolski.pl\/bratislava\/2025\/05\/07\/medzinarodne-bienale-vytvarneho-umenia\/embed\/#?secret=zmeVsT10Xp\" width=\"600\" height=\"338\" title=\"&#8222;Medzin\u00e1rodn\u00e9 bien\u00e1le v\u00fdtvarn\u00e9ho umenia&#8221; &#8212; Instytut Polski w Bratys\u0142awie\" data-secret=\"zmeVsT10Xp\" frameborder=\"0\" marginwidth=\"0\" marginheight=\"0\" scrolling=\"no\" class=\"wp-embedded-content\"><\/iframe><script type=\"text\/javascript\">\n\/* <![CDATA[ *\/\n\/*! This file is auto-generated *\/\n!function(d,l){\"use strict\";l.querySelector&&d.addEventListener&&\"undefined\"!=typeof URL&&(d.wp=d.wp||{},d.wp.receiveEmbedMessage||(d.wp.receiveEmbedMessage=function(e){var t=e.data;if((t||t.secret||t.message||t.value)&&!\/[^a-zA-Z0-9]\/.test(t.secret)){for(var s,r,n,a=l.querySelectorAll('iframe[data-secret=\"'+t.secret+'\"]'),o=l.querySelectorAll('blockquote[data-secret=\"'+t.secret+'\"]'),c=new RegExp(\"^https?:$\",\"i\"),i=0;i<o.length;i++)o[i].style.display=\"none\";for(i=0;i<a.length;i++)s=a[i],e.source===s.contentWindow&&(s.removeAttribute(\"style\"),\"height\"===t.message?(1e3<(r=parseInt(t.value,10))?r=1e3:~~r<200&&(r=200),s.height=r):\"link\"===t.message&&(r=new URL(s.getAttribute(\"src\")),n=new URL(t.value),c.test(n.protocol))&&n.host===r.host&&l.activeElement===s&&(d.top.location.href=t.value))}},d.addEventListener(\"message\",d.wp.receiveEmbedMessage,!1),l.addEventListener(\"DOMContentLoaded\",function(){for(var e,t,s=l.querySelectorAll(\"iframe.wp-embedded-content\"),r=0;r<s.length;r++)(t=(e=s[r]).getAttribute(\"data-secret\"))||(t=Math.random().toString(36).substring(2,12),e.src+=\"#?secret=\"+t,e.setAttribute(\"data-secret\",t)),e.contentWindow.postMessage({message:\"ready\",secret:t},\"*\")},!1)))}(window,document);\n\/* ]]> *\/\n<\/script>\n","thumbnail_url":"https:\/\/instytutpolski.pl\/bratislava\/wp-content\/uploads\/sites\/13\/2025\/05\/MBVUposter_bratislava-scaled.jpg","thumbnail_width":1810,"thumbnail_height":2560,"description":"V\u00fdstava, ktor\u00e1 sa bude nies\u0165 v\u00a0znamen\u00ed t\u00e9my S\u00e1m sebe zmyslom?! H\u013eadanie identity prostredn\u00edctvom zmyslov \u2013 materialita tela, predstav\u00ed pr\u00e1ce mlad\u00fdch talentov aj renomovan\u00fdch umelcov zo v\u0161etk\u00fdch kraj\u00edn Vy\u0161ehradskej \u0161tvorky vr\u00e1tane v\u00fdtvarn\u00edkov z\u00a0Po\u013eska ako prof. S\u0142awomir Kuszczak, Karol Rusza\u0142a, prof. Marlena Promna, Michal Pietrzak, Olena Matoshniuk, Andrzej Rafa\u0142owicz, Tomasz Pietrek. Hlavn\u00fd organiz\u00e1tor bien\u00e1le: Fakulta multimedi\u00e1lnych komunik\u00e1ci\u00ed [&hellip;]"}