{"version":"1.0","provider_name":"Instytut Polski w Bratys\u0142awie","provider_url":"https:\/\/instytutpolski.pl\/bratislava","author_name":"kyselm","author_url":"https:\/\/instytutpolski.pl\/bratislava\/author\/kyselm\/","title":"Febiofest 2026 - Instytut Polski w Bratys\u0142awie","type":"rich","width":600,"height":338,"html":"<blockquote class=\"wp-embedded-content\" data-secret=\"kmbtBnWld1\"><a href=\"https:\/\/instytutpolski.pl\/bratislava\/2026\/03\/08\/febiofest-2026\/\">Febiofest 2026<\/a><\/blockquote><iframe sandbox=\"allow-scripts\" security=\"restricted\" src=\"https:\/\/instytutpolski.pl\/bratislava\/2026\/03\/08\/febiofest-2026\/embed\/#?secret=kmbtBnWld1\" width=\"600\" height=\"338\" title=\"&#8222;Febiofest 2026&#8221; &#8212; Instytut Polski w Bratys\u0142awie\" data-secret=\"kmbtBnWld1\" frameborder=\"0\" marginwidth=\"0\" marginheight=\"0\" scrolling=\"no\" class=\"wp-embedded-content\"><\/iframe><script type=\"text\/javascript\">\n\/* <![CDATA[ *\/\n\/*! This file is auto-generated *\/\n!function(d,l){\"use strict\";l.querySelector&&d.addEventListener&&\"undefined\"!=typeof URL&&(d.wp=d.wp||{},d.wp.receiveEmbedMessage||(d.wp.receiveEmbedMessage=function(e){var t=e.data;if((t||t.secret||t.message||t.value)&&!\/[^a-zA-Z0-9]\/.test(t.secret)){for(var s,r,n,a=l.querySelectorAll('iframe[data-secret=\"'+t.secret+'\"]'),o=l.querySelectorAll('blockquote[data-secret=\"'+t.secret+'\"]'),c=new RegExp(\"^https?:$\",\"i\"),i=0;i<o.length;i++)o[i].style.display=\"none\";for(i=0;i<a.length;i++)s=a[i],e.source===s.contentWindow&&(s.removeAttribute(\"style\"),\"height\"===t.message?(1e3<(r=parseInt(t.value,10))?r=1e3:~~r<200&&(r=200),s.height=r):\"link\"===t.message&&(r=new URL(s.getAttribute(\"src\")),n=new URL(t.value),c.test(n.protocol))&&n.host===r.host&&l.activeElement===s&&(d.top.location.href=t.value))}},d.addEventListener(\"message\",d.wp.receiveEmbedMessage,!1),l.addEventListener(\"DOMContentLoaded\",function(){for(var e,t,s=l.querySelectorAll(\"iframe.wp-embedded-content\"),r=0;r<s.length;r++)(t=(e=s[r]).getAttribute(\"data-secret\"))||(t=Math.random().toString(36).substring(2,12),e.src+=\"#?secret=\"+t,e.setAttribute(\"data-secret\",t)),e.contentWindow.postMessage({message:\"ready\",secret:t},\"*\")},!1)))}(window,document);\n\/* ]]> *\/\n<\/script>\n","thumbnail_url":"https:\/\/instytutpolski.pl\/bratislava\/wp-content\/uploads\/sites\/13\/2026\/03\/FF2026_ENslider-1.png","thumbnail_width":1920,"thumbnail_height":1080,"description":"V r\u00e1mci celove\u010dern\u00fdch filmov sa do programovej ponuky festivalu Febiofest 2026 dostalo to najlep\u0161ie, \u010do za posledn\u00fd rok vzniklo aj na po\u013eskej filmovej sc\u00e9ne. Nebud\u00fa ch\u00fdba\u0165 ani dve sn\u00edmky Andrzeja Wajdu, ktor\u00e9ho 100. v\u00fdro\u010die narodenia si tento rok pripom\u00edname a\u00a0na festivale zabojuj\u00fa aj po\u013esk\u00e9 kr\u00e1tkometr\u00e1\u017ene filmy v\u00a0s\u00fa\u0165a\u017ei kr\u00e1tkych filmov. 11. \u2013 17. 3. Bratislava, Kino [&hellip;]"}