{"version":"1.0","provider_name":"Instytut Polski w Bratys\u0142awie","provider_url":"https:\/\/instytutpolski.pl\/bratislava","author_name":"kyselm","author_url":"https:\/\/instytutpolski.pl\/bratislava\/author\/kyselm\/","title":"Wolno\u015b\u0107 i ucisk \u2013 \u015bmier\u0107 i odkupienie - Instytut Polski w Bratys\u0142awie","type":"rich","width":600,"height":338,"html":"<blockquote class=\"wp-embedded-content\" data-secret=\"9j4oT0LODe\"><a href=\"https:\/\/instytutpolski.pl\/bratislava\/pl\/2024\/03\/27\/wolnosc-i-ucisk-smierc-i-odkupienie\/\">Wolno\u015b\u0107 i ucisk \u2013 \u015bmier\u0107 i odkupienie<\/a><\/blockquote><iframe sandbox=\"allow-scripts\" security=\"restricted\" src=\"https:\/\/instytutpolski.pl\/bratislava\/pl\/2024\/03\/27\/wolnosc-i-ucisk-smierc-i-odkupienie\/embed\/#?secret=9j4oT0LODe\" width=\"600\" height=\"338\" title=\"&#8222;Wolno\u015b\u0107 i ucisk \u2013 \u015bmier\u0107 i odkupienie&#8221; &#8212; Instytut Polski w Bratys\u0142awie\" data-secret=\"9j4oT0LODe\" frameborder=\"0\" marginwidth=\"0\" marginheight=\"0\" scrolling=\"no\" class=\"wp-embedded-content\"><\/iframe><script type=\"text\/javascript\">\n\/* <![CDATA[ *\/\n\/*! This file is auto-generated *\/\n!function(d,l){\"use strict\";l.querySelector&&d.addEventListener&&\"undefined\"!=typeof URL&&(d.wp=d.wp||{},d.wp.receiveEmbedMessage||(d.wp.receiveEmbedMessage=function(e){var t=e.data;if((t||t.secret||t.message||t.value)&&!\/[^a-zA-Z0-9]\/.test(t.secret)){for(var s,r,n,a=l.querySelectorAll('iframe[data-secret=\"'+t.secret+'\"]'),o=l.querySelectorAll('blockquote[data-secret=\"'+t.secret+'\"]'),c=new RegExp(\"^https?:$\",\"i\"),i=0;i<o.length;i++)o[i].style.display=\"none\";for(i=0;i<a.length;i++)s=a[i],e.source===s.contentWindow&&(s.removeAttribute(\"style\"),\"height\"===t.message?(1e3<(r=parseInt(t.value,10))?r=1e3:~~r<200&&(r=200),s.height=r):\"link\"===t.message&&(r=new URL(s.getAttribute(\"src\")),n=new URL(t.value),c.test(n.protocol))&&n.host===r.host&&l.activeElement===s&&(d.top.location.href=t.value))}},d.addEventListener(\"message\",d.wp.receiveEmbedMessage,!1),l.addEventListener(\"DOMContentLoaded\",function(){for(var e,t,s=l.querySelectorAll(\"iframe.wp-embedded-content\"),r=0;r<s.length;r++)(t=(e=s[r]).getAttribute(\"data-secret\"))||(t=Math.random().toString(36).substring(2,12),e.src+=\"#?secret=\"+t,e.setAttribute(\"data-secret\",t)),e.contentWindow.postMessage({message:\"ready\",secret:t},\"*\")},!1)))}(window,document);\n\/* ]]> *\/\n<\/script>\n","thumbnail_url":"https:\/\/instytutpolski.pl\/bratislava\/wp-content\/uploads\/sites\/13\/2024\/03\/penderecki-sfk-1024x571.png","thumbnail_width":1024,"thumbnail_height":571,"description":"Z tej okazji, pod batut\u0105 serbskiego dyrygenta Aleksandara Markovi\u0107a, czeski pianista Jan Barto\u0161 wykona m.in. monumentalny utw\u00f3r Tren \u2013 Ofiarom Hiroszimy na 52 smyczki polskiego kompozytora Krzysztofa Pendereckiego, dzi\u0119ki kt\u00f3remu odni\u00f3s\u0142 on \u015bwiatowy sukces. 11.04 \/ 19:00 Koszyce, S\u0142owacka Filharmonia Pa\u0144stwowa, Dom Sztuki, Moyzesova 66 sfk.sk"}