{"version":"1.0","provider_name":"Instytut Polski w Bratys\u0142awie","provider_url":"https:\/\/instytutpolski.pl\/bratislava","author_name":"kyselm","author_url":"https:\/\/instytutpolski.pl\/bratislava\/author\/kyselm\/","title":"Warszawa na wyci\u0105gni\u0119cie r\u0119ki - Instytut Polski w Bratys\u0142awie","type":"rich","width":600,"height":338,"html":"<blockquote class=\"wp-embedded-content\" data-secret=\"7c57Eqz4BT\"><a href=\"https:\/\/instytutpolski.pl\/bratislava\/pl\/2026\/03\/08\/warszawa-na-wyciagniecie-reki\/\">Warszawa na wyci\u0105gni\u0119cie r\u0119ki<\/a><\/blockquote><iframe sandbox=\"allow-scripts\" security=\"restricted\" src=\"https:\/\/instytutpolski.pl\/bratislava\/pl\/2026\/03\/08\/warszawa-na-wyciagniecie-reki\/embed\/#?secret=7c57Eqz4BT\" width=\"600\" height=\"338\" title=\"&#8222;Warszawa na wyci\u0105gni\u0119cie r\u0119ki&#8221; &#8212; Instytut Polski w Bratys\u0142awie\" data-secret=\"7c57Eqz4BT\" frameborder=\"0\" marginwidth=\"0\" marginheight=\"0\" scrolling=\"no\" class=\"wp-embedded-content\"><\/iframe><script type=\"text\/javascript\">\n\/* <![CDATA[ *\/\n\/*! This file is auto-generated *\/\n!function(d,l){\"use strict\";l.querySelector&&d.addEventListener&&\"undefined\"!=typeof URL&&(d.wp=d.wp||{},d.wp.receiveEmbedMessage||(d.wp.receiveEmbedMessage=function(e){var t=e.data;if((t||t.secret||t.message||t.value)&&!\/[^a-zA-Z0-9]\/.test(t.secret)){for(var s,r,n,a=l.querySelectorAll('iframe[data-secret=\"'+t.secret+'\"]'),o=l.querySelectorAll('blockquote[data-secret=\"'+t.secret+'\"]'),c=new RegExp(\"^https?:$\",\"i\"),i=0;i<o.length;i++)o[i].style.display=\"none\";for(i=0;i<a.length;i++)s=a[i],e.source===s.contentWindow&&(s.removeAttribute(\"style\"),\"height\"===t.message?(1e3<(r=parseInt(t.value,10))?r=1e3:~~r<200&&(r=200),s.height=r):\"link\"===t.message&&(r=new URL(s.getAttribute(\"src\")),n=new URL(t.value),c.test(n.protocol))&&n.host===r.host&&l.activeElement===s&&(d.top.location.href=t.value))}},d.addEventListener(\"message\",d.wp.receiveEmbedMessage,!1),l.addEventListener(\"DOMContentLoaded\",function(){for(var e,t,s=l.querySelectorAll(\"iframe.wp-embedded-content\"),r=0;r<s.length;r++)(t=(e=s[r]).getAttribute(\"data-secret\"))||(t=Math.random().toString(36).substring(2,12),e.src+=\"#?secret=\"+t,e.setAttribute(\"data-secret\",t)),e.contentWindow.postMessage({message:\"ready\",secret:t},\"*\")},!1)))}(window,document);\n\/* ]]> *\/\n<\/script>\n","thumbnail_url":"https:\/\/instytutpolski.pl\/bratislava\/wp-content\/uploads\/sites\/13\/2026\/03\/PKiN_fot.-L.-Kopec.jpg","thumbnail_width":1800,"thumbnail_height":2399,"description":"G\u0142\u00f3wn\u0105 cz\u0119\u015bci\u0105 programu b\u0119dzie wystawa warszawskiej graficzki i ilustratorki Aleksandry Jasionowskiej, kt\u00f3ra od dawna zwi\u0105zana jest z Zarz\u0105dem Zieleni m.st. Warszawy. Od 2016 roku uczestniczy w tworzeniu wizualnej strony wi\u0119kszo\u015bci kampanii wizerunkowych i informacyjnych miasta. W swojej tw\u00f3rczo\u015bci koncentruje si\u0119 na projektach z pogranicza grafiki i natury oraz wsp\u00f3\u0142pracuje z instytucjami kulturalnymi i klientami komercyjnymi [&hellip;]"}