{"version":"1.0","provider_name":"Instytut Polski w Brukseli","provider_url":"https:\/\/instytutpolski.pl\/brussels","author_name":"dyjakn","author_url":"https:\/\/instytutpolski.pl\/brussels\/author\/dyjakn\/","title":"Roman PERUCKI participe au Festival d'Orgue de Bruges - Instytut Polski w Brukseli","type":"rich","width":600,"height":338,"html":"<blockquote class=\"wp-embedded-content\" data-secret=\"De9CeR9wnk\"><a href=\"https:\/\/instytutpolski.pl\/brussels\/2016\/08\/12\/roman-perucki-participe-au-festival-dorgue-de-bruges\/\">Roman PERUCKI participe au Festival d&#8217;Orgue de Bruges<\/a><\/blockquote><iframe sandbox=\"allow-scripts\" security=\"restricted\" src=\"https:\/\/instytutpolski.pl\/brussels\/2016\/08\/12\/roman-perucki-participe-au-festival-dorgue-de-bruges\/embed\/#?secret=De9CeR9wnk\" width=\"600\" height=\"338\" title=\"&#8222;Roman PERUCKI participe au Festival d&#8217;Orgue de Bruges&#8221; &#8212; Instytut Polski w Brukseli\" data-secret=\"De9CeR9wnk\" frameborder=\"0\" marginwidth=\"0\" marginheight=\"0\" scrolling=\"no\" class=\"wp-embedded-content\"><\/iframe><script type=\"text\/javascript\">\n\/* <![CDATA[ *\/\n\/*! This file is auto-generated *\/\n!function(d,l){\"use strict\";l.querySelector&&d.addEventListener&&\"undefined\"!=typeof URL&&(d.wp=d.wp||{},d.wp.receiveEmbedMessage||(d.wp.receiveEmbedMessage=function(e){var t=e.data;if((t||t.secret||t.message||t.value)&&!\/[^a-zA-Z0-9]\/.test(t.secret)){for(var s,r,n,a=l.querySelectorAll('iframe[data-secret=\"'+t.secret+'\"]'),o=l.querySelectorAll('blockquote[data-secret=\"'+t.secret+'\"]'),c=new RegExp(\"^https?:$\",\"i\"),i=0;i<o.length;i++)o[i].style.display=\"none\";for(i=0;i<a.length;i++)s=a[i],e.source===s.contentWindow&&(s.removeAttribute(\"style\"),\"height\"===t.message?(1e3<(r=parseInt(t.value,10))?r=1e3:~~r<200&&(r=200),s.height=r):\"link\"===t.message&&(r=new URL(s.getAttribute(\"src\")),n=new URL(t.value),c.test(n.protocol))&&n.host===r.host&&l.activeElement===s&&(d.top.location.href=t.value))}},d.addEventListener(\"message\",d.wp.receiveEmbedMessage,!1),l.addEventListener(\"DOMContentLoaded\",function(){for(var e,t,s=l.querySelectorAll(\"iframe.wp-embedded-content\"),r=0;r<s.length;r++)(t=(e=s[r]).getAttribute(\"data-secret\"))||(t=Math.random().toString(36).substring(2,12),e.src+=\"#?secret=\"+t,e.setAttribute(\"data-secret\",t)),e.contentWindow.postMessage({message:\"ready\",secret:t},\"*\")},!1)))}(window,document);\n\/* ]]> *\/\n<\/script>\n","thumbnail_url":"https:\/\/instytutpolski.pl\/brussels\/wp-content\/uploads\/sites\/4\/2020\/05\/99990fr-2-7.jpg","thumbnail_width":572,"thumbnail_height":358,"description":"Roman PERUCKI, le chef-organiste de la\u00a0cath\u00e9drale de Gda\u0144sk-Oliwa, pr\u00e9sente un programme presque uniquement polonais au\u00a0Festival d\u2019Orgue de Bruges. Ce sera l\u2019occasion de faire (re)d\u00e9couvrir au grand public des noms peu connus qu\u2019il n\u2019oubliera pourtant pas.Programme\u00a0Mieczys\u0142aw Surzy\u0144ski (Pologne, 1886-1924),\u00a0Variations sur &#8222;Kto si\u0119 w opiek\u0119&#8221;F.W. Markull (Pologne [Gda\u0144sk], 1816-1887),\u00a0Air Russes (cycle de 12 pi\u00e8ces caract\u00e9ristiques)F.W. Markull,\u00a0Sonate sur [&hellip;]"}