{"version":"1.0","provider_name":"Instytut Polski w Bukareszcie","provider_url":"https:\/\/instytutpolski.pl\/bucuresti","author_name":"mrozowskiw","author_url":"https:\/\/instytutpolski.pl\/bucuresti\/author\/mrozowskiw\/","title":"Expozi\u021bie de afi\u0219 polonez, la Oradea - Instytut Polski w Bukareszcie","type":"rich","width":600,"height":338,"html":"<blockquote class=\"wp-embedded-content\" data-secret=\"fOl5tVaOMJ\"><a href=\"https:\/\/instytutpolski.pl\/bucuresti\/2015\/01\/28\/expozitie-de-afis-polonez-la-oradea\/\">Expozi\u021bie de afi\u0219 polonez, la Oradea<\/a><\/blockquote><iframe sandbox=\"allow-scripts\" security=\"restricted\" src=\"https:\/\/instytutpolski.pl\/bucuresti\/2015\/01\/28\/expozitie-de-afis-polonez-la-oradea\/embed\/#?secret=fOl5tVaOMJ\" width=\"600\" height=\"338\" title=\"&#8222;Expozi\u021bie de afi\u0219 polonez, la Oradea&#8221; &#8212; Instytut Polski w Bukareszcie\" data-secret=\"fOl5tVaOMJ\" frameborder=\"0\" marginwidth=\"0\" marginheight=\"0\" scrolling=\"no\" class=\"wp-embedded-content\"><\/iframe><script type=\"text\/javascript\">\n\/* <![CDATA[ *\/\n\/*! This file is auto-generated *\/\n!function(d,l){\"use strict\";l.querySelector&&d.addEventListener&&\"undefined\"!=typeof URL&&(d.wp=d.wp||{},d.wp.receiveEmbedMessage||(d.wp.receiveEmbedMessage=function(e){var t=e.data;if((t||t.secret||t.message||t.value)&&!\/[^a-zA-Z0-9]\/.test(t.secret)){for(var s,r,n,a=l.querySelectorAll('iframe[data-secret=\"'+t.secret+'\"]'),o=l.querySelectorAll('blockquote[data-secret=\"'+t.secret+'\"]'),c=new RegExp(\"^https?:$\",\"i\"),i=0;i<o.length;i++)o[i].style.display=\"none\";for(i=0;i<a.length;i++)s=a[i],e.source===s.contentWindow&&(s.removeAttribute(\"style\"),\"height\"===t.message?(1e3<(r=parseInt(t.value,10))?r=1e3:~~r<200&&(r=200),s.height=r):\"link\"===t.message&&(r=new URL(s.getAttribute(\"src\")),n=new URL(t.value),c.test(n.protocol))&&n.host===r.host&&l.activeElement===s&&(d.top.location.href=t.value))}},d.addEventListener(\"message\",d.wp.receiveEmbedMessage,!1),l.addEventListener(\"DOMContentLoaded\",function(){for(var e,t,s=l.querySelectorAll(\"iframe.wp-embedded-content\"),r=0;r<s.length;r++)(t=(e=s[r]).getAttribute(\"data-secret\"))||(t=Math.random().toString(36).substring(2,12),e.src+=\"#?secret=\"+t,e.setAttribute(\"data-secret\",t)),e.contentWindow.postMessage({message:\"ready\",secret:t},\"*\")},!1)))}(window,document);\n\/* ]]> *\/\n<\/script>\n","thumbnail_url":"https:\/\/instytutpolski.pl\/bucuresti\/wp-content\/uploads\/sites\/11\/2020\/06\/expozitie-de-afis-polonez-la-oradea-scaled.jpg","thumbnail_width":2560,"thumbnail_height":2427,"description":"Expozi\u021bia a fost prezentat\u0103 anul trecut la T\u00e2rgu-Jiu, Suceava, Gala\u021bi \u0219i Sibiu. Cei trei graficieni fac parte dintre cei mai buni autori de afi\u0219e din Polonia de ast\u0103zi. Au participat la expozi\u021bii individuale \u0219i colective din \u00eentreaga lume, sunt laurea\u021bi ai multor premii \u0219i distinc\u021bii la concursuri din Polonia \u0219i din str\u0103in\u0103tate. Se implic\u0103 \u00een [&hellip;]"}