{"version":"1.0","provider_name":"Instytut Polski w Bukareszcie","provider_url":"https:\/\/instytutpolski.pl\/bucuresti","author_name":"zalaszewskak","author_url":"https:\/\/instytutpolski.pl\/bucuresti\/author\/zalaszewskak\/","title":"Poe\u021bi polonezi la Festivalul de la Bistri\u021ba - Instytut Polski w Bukareszcie","type":"rich","width":600,"height":338,"html":"<blockquote class=\"wp-embedded-content\" data-secret=\"Mk6GDrk9bU\"><a href=\"https:\/\/instytutpolski.pl\/bucuresti\/2015\/07\/13\/poeti-polonezi-la-festivalul-de-la-bistrita\/\">Poe\u021bi polonezi la Festivalul de la Bistri\u021ba<\/a><\/blockquote><iframe sandbox=\"allow-scripts\" security=\"restricted\" src=\"https:\/\/instytutpolski.pl\/bucuresti\/2015\/07\/13\/poeti-polonezi-la-festivalul-de-la-bistrita\/embed\/#?secret=Mk6GDrk9bU\" width=\"600\" height=\"338\" title=\"&#8222;Poe\u021bi polonezi la Festivalul de la Bistri\u021ba&#8221; &#8212; Instytut Polski w Bukareszcie\" data-secret=\"Mk6GDrk9bU\" frameborder=\"0\" marginwidth=\"0\" marginheight=\"0\" scrolling=\"no\" class=\"wp-embedded-content\"><\/iframe><script type=\"text\/javascript\">\n\/* <![CDATA[ *\/\n\/*! This file is auto-generated *\/\n!function(d,l){\"use strict\";l.querySelector&&d.addEventListener&&\"undefined\"!=typeof URL&&(d.wp=d.wp||{},d.wp.receiveEmbedMessage||(d.wp.receiveEmbedMessage=function(e){var t=e.data;if((t||t.secret||t.message||t.value)&&!\/[^a-zA-Z0-9]\/.test(t.secret)){for(var s,r,n,a=l.querySelectorAll('iframe[data-secret=\"'+t.secret+'\"]'),o=l.querySelectorAll('blockquote[data-secret=\"'+t.secret+'\"]'),c=new RegExp(\"^https?:$\",\"i\"),i=0;i<o.length;i++)o[i].style.display=\"none\";for(i=0;i<a.length;i++)s=a[i],e.source===s.contentWindow&&(s.removeAttribute(\"style\"),\"height\"===t.message?(1e3<(r=parseInt(t.value,10))?r=1e3:~~r<200&&(r=200),s.height=r):\"link\"===t.message&&(r=new URL(s.getAttribute(\"src\")),n=new URL(t.value),c.test(n.protocol))&&n.host===r.host&&l.activeElement===s&&(d.top.location.href=t.value))}},d.addEventListener(\"message\",d.wp.receiveEmbedMessage,!1),l.addEventListener(\"DOMContentLoaded\",function(){for(var e,t,s=l.querySelectorAll(\"iframe.wp-embedded-content\"),r=0;r<s.length;r++)(t=(e=s[r]).getAttribute(\"data-secret\"))||(t=Math.random().toString(36).substring(2,12),e.src+=\"#?secret=\"+t,e.setAttribute(\"data-secret\",t)),e.contentWindow.postMessage({message:\"ready\",secret:t},\"*\")},!1)))}(window,document);\n\/* ]]> *\/\n<\/script>\n","thumbnail_url":"https:\/\/instytutpolski.pl\/bucuresti\/wp-content\/uploads\/sites\/11\/2020\/06\/poetii-polonezi-la-festivalul-de-la-bistrita.jpg","thumbnail_width":599,"thumbnail_height":383,"description":"VINERI, 17 IULIE\u00a0 \u2022 la Centrul Multicultural Sinagoga Bistri\u021ba19:00 \u2013 21:00LECTURI:Ion Mure\u0219an, Paula Erizanu (Republica Moldova), Paul Vinicius,\u00a0Wojciech Bonowicz\u00a0(Polonia), Alexandra Turcu, Pablo Garc\u00eda Casado (Spania), Svetlana C\u00e2rstean, Octavian Soviany, Krisztina T\u00f3th (Ungaria), Florin Dan Prodan RECITAL CAMERALsus\u021binut de Eugen Dumitrescu (pian)\u0219i Corina R\u0103ducanu (pian)\u00een program:Ignacy Jan Paderewski\u00a0\u2013 Tatra Album Op.12Ern\u0151 Dohn\u00e1nyi \u2013 Vals Op.3Leon Klepper [&hellip;]"}