{"version":"1.0","provider_name":"Instytut Polski w Bukareszcie","provider_url":"https:\/\/instytutpolski.pl\/bucuresti","author_name":"nicolaua","author_url":"https:\/\/instytutpolski.pl\/bucuresti\/author\/nicolaua\/","title":"News from Polska - patru spectacole \u0219i un concert - Instytut Polski w Bukareszcie","type":"rich","width":600,"height":338,"html":"<blockquote class=\"wp-embedded-content\" data-secret=\"mNYDjL7lpE\"><a href=\"https:\/\/instytutpolski.pl\/bucuresti\/2016\/02\/04\/news-from-polska-patru-spectacole-si-un-concert\/\">News from Polska &#8211; patru spectacole \u0219i un concert<\/a><\/blockquote><iframe sandbox=\"allow-scripts\" security=\"restricted\" src=\"https:\/\/instytutpolski.pl\/bucuresti\/2016\/02\/04\/news-from-polska-patru-spectacole-si-un-concert\/embed\/#?secret=mNYDjL7lpE\" width=\"600\" height=\"338\" title=\"&#8222;News from Polska &#8211; patru spectacole \u0219i un concert&#8221; &#8212; Instytut Polski w Bukareszcie\" data-secret=\"mNYDjL7lpE\" frameborder=\"0\" marginwidth=\"0\" marginheight=\"0\" scrolling=\"no\" class=\"wp-embedded-content\"><\/iframe><script type=\"text\/javascript\">\n\/* <![CDATA[ *\/\n\/*! This file is auto-generated *\/\n!function(d,l){\"use strict\";l.querySelector&&d.addEventListener&&\"undefined\"!=typeof URL&&(d.wp=d.wp||{},d.wp.receiveEmbedMessage||(d.wp.receiveEmbedMessage=function(e){var t=e.data;if((t||t.secret||t.message||t.value)&&!\/[^a-zA-Z0-9]\/.test(t.secret)){for(var s,r,n,a=l.querySelectorAll('iframe[data-secret=\"'+t.secret+'\"]'),o=l.querySelectorAll('blockquote[data-secret=\"'+t.secret+'\"]'),c=new RegExp(\"^https?:$\",\"i\"),i=0;i<o.length;i++)o[i].style.display=\"none\";for(i=0;i<a.length;i++)s=a[i],e.source===s.contentWindow&&(s.removeAttribute(\"style\"),\"height\"===t.message?(1e3<(r=parseInt(t.value,10))?r=1e3:~~r<200&&(r=200),s.height=r):\"link\"===t.message&&(r=new URL(s.getAttribute(\"src\")),n=new URL(t.value),c.test(n.protocol))&&n.host===r.host&&l.activeElement===s&&(d.top.location.href=t.value))}},d.addEventListener(\"message\",d.wp.receiveEmbedMessage,!1),l.addEventListener(\"DOMContentLoaded\",function(){for(var e,t,s=l.querySelectorAll(\"iframe.wp-embedded-content\"),r=0;r<s.length;r++)(t=(e=s[r]).getAttribute(\"data-secret\"))||(t=Math.random().toString(36).substring(2,12),e.src+=\"#?secret=\"+t,e.setAttribute(\"data-secret\",t)),e.contentWindow.postMessage({message:\"ready\",secret:t},\"*\")},!1)))}(window,document);\n\/* ]]> *\/\n<\/script>\n","thumbnail_url":"https:\/\/instytutpolski.pl\/bucuresti\/wp-content\/uploads\/sites\/11\/2020\/06\/news-from-polska-patru-spectacole-si-un-concert_4bc0df.jpg","thumbnail_width":1000,"thumbnail_height":581,"description":"Ideea micro-festivalului \u201eNews from Polska\u201d este de a prezenta publicului din Bucure\u0219ti\u00a0produc\u021bii scenice\u00a0dintre\u00a0cele mai\u00a0reprezentative, originale\u00a0\u0219i, \u00een acela\u0219i timp, c\u00e2t se poate de\u00a0diferite\u00a0din punctul de vedere\u00a0al formei \u0219i temei\u00a0abordate. Nu \u00eent\u00e2mpl\u0103tor,\u00a0creatoarele \u0219i protagonistele spectacolelor incluse \u00een program sunt, \u00een marea majoritate,\u00a0femei. \u00cen ultimii ani,\u00a0ele au ajuns s\u0103 formeze un grup majoritar\u00a0printre absolven\u021bii de \u0219coli artistice \u00een [&hellip;]"}