{"version":"1.0","provider_name":"Instytut Polski w Bukareszcie","provider_url":"https:\/\/instytutpolski.pl\/bucuresti","author_name":"mrozowskiw","author_url":"https:\/\/instytutpolski.pl\/bucuresti\/author\/mrozowskiw\/","title":"Cerceta\u0219ii din Polonia \u0219i Rom\u00e2nia \u00een Bucovina - Instytut Polski w Bukareszcie","type":"rich","width":600,"height":338,"html":"<blockquote class=\"wp-embedded-content\" data-secret=\"4r0I9o15Jm\"><a href=\"https:\/\/instytutpolski.pl\/bucuresti\/2018\/07\/16\/cercetasii-din-polonia-si-romania-in-bucovina\/\">Cerceta\u0219ii din Polonia \u0219i Rom\u00e2nia \u00een Bucovina<\/a><\/blockquote><iframe sandbox=\"allow-scripts\" security=\"restricted\" src=\"https:\/\/instytutpolski.pl\/bucuresti\/2018\/07\/16\/cercetasii-din-polonia-si-romania-in-bucovina\/embed\/#?secret=4r0I9o15Jm\" width=\"600\" height=\"338\" title=\"&#8222;Cerceta\u0219ii din Polonia \u0219i Rom\u00e2nia \u00een Bucovina&#8221; &#8212; Instytut Polski w Bukareszcie\" data-secret=\"4r0I9o15Jm\" frameborder=\"0\" marginwidth=\"0\" marginheight=\"0\" scrolling=\"no\" class=\"wp-embedded-content\"><\/iframe><script type=\"text\/javascript\">\n\/* <![CDATA[ *\/\n\/*! This file is auto-generated *\/\n!function(d,l){\"use strict\";l.querySelector&&d.addEventListener&&\"undefined\"!=typeof URL&&(d.wp=d.wp||{},d.wp.receiveEmbedMessage||(d.wp.receiveEmbedMessage=function(e){var t=e.data;if((t||t.secret||t.message||t.value)&&!\/[^a-zA-Z0-9]\/.test(t.secret)){for(var s,r,n,a=l.querySelectorAll('iframe[data-secret=\"'+t.secret+'\"]'),o=l.querySelectorAll('blockquote[data-secret=\"'+t.secret+'\"]'),c=new RegExp(\"^https?:$\",\"i\"),i=0;i<o.length;i++)o[i].style.display=\"none\";for(i=0;i<a.length;i++)s=a[i],e.source===s.contentWindow&&(s.removeAttribute(\"style\"),\"height\"===t.message?(1e3<(r=parseInt(t.value,10))?r=1e3:~~r<200&&(r=200),s.height=r):\"link\"===t.message&&(r=new URL(s.getAttribute(\"src\")),n=new URL(t.value),c.test(n.protocol))&&n.host===r.host&&l.activeElement===s&&(d.top.location.href=t.value))}},d.addEventListener(\"message\",d.wp.receiveEmbedMessage,!1),l.addEventListener(\"DOMContentLoaded\",function(){for(var e,t,s=l.querySelectorAll(\"iframe.wp-embedded-content\"),r=0;r<s.length;r++)(t=(e=s[r]).getAttribute(\"data-secret\"))||(t=Math.random().toString(36).substring(2,12),e.src+=\"#?secret=\"+t,e.setAttribute(\"data-secret\",t)),e.contentWindow.postMessage({message:\"ready\",secret:t},\"*\")},!1)))}(window,document);\n\/* ]]> *\/\n<\/script>\n","thumbnail_url":"https:\/\/instytutpolski.pl\/bucuresti\/wp-content\/uploads\/sites\/11\/2020\/05\/cercetasii-din-polonia-si-romania-in-bucovina_90ba51.jpg","thumbnail_width":2048,"thumbnail_height":1274,"description":"Cerceta\u0219ii polonezi \u0219i rom\u00e2ni vor participa la programul educa\u021bional, care se compune din dou\u0103 p\u0103r\u021bi \u00a0&#8211; drume\u021bia pe munte \u0219i sta\u021bionarea \u00een Bucovina, \u00een Ple\u0219a, unul dintre cele mai pitore\u0219ti sate din Rom\u00e2nia, locuit de polonezi. \u00cen apropierea acestei localit\u0103\u021bi, \u00eentre 19 \u0219i 23 iulie, cerceta\u0219ii vor organiza activit\u0103\u021bi \u00een aer liber pentru copiii \u0219i [&hellip;]"}