{"version":"1.0","provider_name":"Instytut Polski w Bukareszcie","provider_url":"https:\/\/instytutpolski.pl\/bucuresti","author_name":"skieterskaa","author_url":"https:\/\/instytutpolski.pl\/bucuresti\/author\/skieterskaa\/","title":"Legenda alpinismului mondial vine \u00een Rom\u00e2nia - Instytut Polski w Bukareszcie","type":"rich","width":600,"height":338,"html":"<blockquote class=\"wp-embedded-content\" data-secret=\"AIsoCBpfsE\"><a href=\"https:\/\/instytutpolski.pl\/bucuresti\/2020\/02\/14\/legenda-alpinismului-mondial-vine-in-romania\/\">Legenda alpinismului mondial vine \u00een Rom\u00e2nia<\/a><\/blockquote><iframe sandbox=\"allow-scripts\" security=\"restricted\" src=\"https:\/\/instytutpolski.pl\/bucuresti\/2020\/02\/14\/legenda-alpinismului-mondial-vine-in-romania\/embed\/#?secret=AIsoCBpfsE\" width=\"600\" height=\"338\" title=\"&#8222;Legenda alpinismului mondial vine \u00een Rom\u00e2nia&#8221; &#8212; Instytut Polski w Bukareszcie\" data-secret=\"AIsoCBpfsE\" frameborder=\"0\" marginwidth=\"0\" marginheight=\"0\" scrolling=\"no\" class=\"wp-embedded-content\"><\/iframe><script type=\"text\/javascript\">\n\/* <![CDATA[ *\/\n\/*! This file is auto-generated *\/\n!function(d,l){\"use strict\";l.querySelector&&d.addEventListener&&\"undefined\"!=typeof URL&&(d.wp=d.wp||{},d.wp.receiveEmbedMessage||(d.wp.receiveEmbedMessage=function(e){var t=e.data;if((t||t.secret||t.message||t.value)&&!\/[^a-zA-Z0-9]\/.test(t.secret)){for(var s,r,n,a=l.querySelectorAll('iframe[data-secret=\"'+t.secret+'\"]'),o=l.querySelectorAll('blockquote[data-secret=\"'+t.secret+'\"]'),c=new RegExp(\"^https?:$\",\"i\"),i=0;i<o.length;i++)o[i].style.display=\"none\";for(i=0;i<a.length;i++)s=a[i],e.source===s.contentWindow&&(s.removeAttribute(\"style\"),\"height\"===t.message?(1e3<(r=parseInt(t.value,10))?r=1e3:~~r<200&&(r=200),s.height=r):\"link\"===t.message&&(r=new URL(s.getAttribute(\"src\")),n=new URL(t.value),c.test(n.protocol))&&n.host===r.host&&l.activeElement===s&&(d.top.location.href=t.value))}},d.addEventListener(\"message\",d.wp.receiveEmbedMessage,!1),l.addEventListener(\"DOMContentLoaded\",function(){for(var e,t,s=l.querySelectorAll(\"iframe.wp-embedded-content\"),r=0;r<s.length;r++)(t=(e=s[r]).getAttribute(\"data-secret\"))||(t=Math.random().toString(36).substring(2,12),e.src+=\"#?secret=\"+t,e.setAttribute(\"data-secret\",t)),e.contentWindow.postMessage({message:\"ready\",secret:t},\"*\")},!1)))}(window,document);\n\/* ]]> *\/\n<\/script>\n","thumbnail_url":"https:\/\/instytutpolski.pl\/bucuresti\/wp-content\/uploads\/sites\/11\/2020\/02\/Wielicki.jpg","thumbnail_width":1600,"thumbnail_height":900,"description":"Krzysztof Wielicki se va \u00eent\u00e2lni cu iubitorii de munte la Bra\u0219ov, \u00een timpul proiec\u021biei filmului documentar \u201eUltimul munte\u201d (2019), regizat de Dariusz Za\u0142uski. Ac\u021biunea filmului se petrece \u00een anul 2018, \u00een timpul expedi\u021biei poloneze, desf\u0103\u0219urate pe timp de iarn\u0103, de pe K2, al doilea cel mai \u00eenalt v\u00e2rf de pe p\u0103m\u00e2nt \u0219i singurul care \u00eenc\u0103 [&hellip;]"}