{"version":"1.0","provider_name":"Instytut Polski w Bukareszcie","provider_url":"https:\/\/instytutpolski.pl\/bucuresti","author_name":"mirelal","author_url":"https:\/\/instytutpolski.pl\/bucuresti\/author\/mirelal\/","title":"S\u0103pt\u0103m\u00e2n\u0103 polonez\u0103 la Eforie Sud - Instytut Polski w Bukareszcie","type":"rich","width":600,"height":338,"html":"<blockquote class=\"wp-embedded-content\" data-secret=\"q3nItWnrQS\"><a href=\"https:\/\/instytutpolski.pl\/bucuresti\/2021\/06\/14\/saptamana-poloneza-la-eforie-sud\/\">S\u0103pt\u0103m\u00e2n\u0103 polonez\u0103 la Eforie Sud<\/a><\/blockquote><iframe sandbox=\"allow-scripts\" security=\"restricted\" src=\"https:\/\/instytutpolski.pl\/bucuresti\/2021\/06\/14\/saptamana-poloneza-la-eforie-sud\/embed\/#?secret=q3nItWnrQS\" width=\"600\" height=\"338\" title=\"&#8222;S\u0103pt\u0103m\u00e2n\u0103 polonez\u0103 la Eforie Sud&#8221; &#8212; Instytut Polski w Bukareszcie\" data-secret=\"q3nItWnrQS\" frameborder=\"0\" marginwidth=\"0\" marginheight=\"0\" scrolling=\"no\" class=\"wp-embedded-content\"><\/iframe><script type=\"text\/javascript\">\n\/* <![CDATA[ *\/\n\/*! This file is auto-generated *\/\n!function(d,l){\"use strict\";l.querySelector&&d.addEventListener&&\"undefined\"!=typeof URL&&(d.wp=d.wp||{},d.wp.receiveEmbedMessage||(d.wp.receiveEmbedMessage=function(e){var t=e.data;if((t||t.secret||t.message||t.value)&&!\/[^a-zA-Z0-9]\/.test(t.secret)){for(var s,r,n,a=l.querySelectorAll('iframe[data-secret=\"'+t.secret+'\"]'),o=l.querySelectorAll('blockquote[data-secret=\"'+t.secret+'\"]'),c=new RegExp(\"^https?:$\",\"i\"),i=0;i<o.length;i++)o[i].style.display=\"none\";for(i=0;i<a.length;i++)s=a[i],e.source===s.contentWindow&&(s.removeAttribute(\"style\"),\"height\"===t.message?(1e3<(r=parseInt(t.value,10))?r=1e3:~~r<200&&(r=200),s.height=r):\"link\"===t.message&&(r=new URL(s.getAttribute(\"src\")),n=new URL(t.value),c.test(n.protocol))&&n.host===r.host&&l.activeElement===s&&(d.top.location.href=t.value))}},d.addEventListener(\"message\",d.wp.receiveEmbedMessage,!1),l.addEventListener(\"DOMContentLoaded\",function(){for(var e,t,s=l.querySelectorAll(\"iframe.wp-embedded-content\"),r=0;r<s.length;r++)(t=(e=s[r]).getAttribute(\"data-secret\"))||(t=Math.random().toString(36).substring(2,12),e.src+=\"#?secret=\"+t,e.setAttribute(\"data-secret\",t)),e.contentWindow.postMessage({message:\"ready\",secret:t},\"*\")},!1)))}(window,document);\n\/* ]]> *\/\n<\/script>\n","thumbnail_url":"https:\/\/instytutpolski.pl\/bucuresti\/wp-content\/uploads\/sites\/11\/2021\/06\/190089542_3011189122444877_5269487688703460960_n.png","thumbnail_width":1577,"thumbnail_height":600,"description":"Zi de zi, \u00eentre 14 iunie \u015fi 12 septembrie, Gr\u0103dina de var\u0103 din Eforie Sud (str. Tudor Vladimirescu nr. 2) invit\u0103 publicul la filme, expozi\u0163ii, ateliere creative \u015fi educative, concerte \u015fi multe alte evenimente. Proiectul Eforie Colorat, organizat de Asocia\u0163ia Forumul Artelor Vizuale \u015fi RADEF Rom\u00e2niaFilm, propune un program cultural complex care ofer\u0103 localnicilor \u015fi [&hellip;]"}