{"version":"1.0","provider_name":"Instytut Polski w Bukareszcie","provider_url":"https:\/\/instytutpolski.pl\/bucuresti","author_name":"nicolaua","author_url":"https:\/\/instytutpolski.pl\/bucuresti\/author\/nicolaua\/","title":"Un nou episod pe Raftul polonez - podcasturi despre c\u0103r\u021bi poloneze - Instytut Polski w Bukareszcie","type":"rich","width":600,"height":338,"html":"<blockquote class=\"wp-embedded-content\" data-secret=\"hpdSD2PX1Z\"><a href=\"https:\/\/instytutpolski.pl\/bucuresti\/2022\/01\/13\/raftul-polonez-podcasturi-despre-carti-poloneze\/\">Un nou episod pe Raftul polonez &#8211; podcasturi despre c\u0103r\u021bi poloneze<\/a><\/blockquote><iframe sandbox=\"allow-scripts\" security=\"restricted\" src=\"https:\/\/instytutpolski.pl\/bucuresti\/2022\/01\/13\/raftul-polonez-podcasturi-despre-carti-poloneze\/embed\/#?secret=hpdSD2PX1Z\" width=\"600\" height=\"338\" title=\"&#8222;Un nou episod pe Raftul polonez &#8211; podcasturi despre c\u0103r\u021bi poloneze&#8221; &#8212; Instytut Polski w Bukareszcie\" data-secret=\"hpdSD2PX1Z\" frameborder=\"0\" marginwidth=\"0\" marginheight=\"0\" scrolling=\"no\" class=\"wp-embedded-content\"><\/iframe><script type=\"text\/javascript\">\n\/* <![CDATA[ *\/\n\/*! This file is auto-generated *\/\n!function(d,l){\"use strict\";l.querySelector&&d.addEventListener&&\"undefined\"!=typeof URL&&(d.wp=d.wp||{},d.wp.receiveEmbedMessage||(d.wp.receiveEmbedMessage=function(e){var t=e.data;if((t||t.secret||t.message||t.value)&&!\/[^a-zA-Z0-9]\/.test(t.secret)){for(var s,r,n,a=l.querySelectorAll('iframe[data-secret=\"'+t.secret+'\"]'),o=l.querySelectorAll('blockquote[data-secret=\"'+t.secret+'\"]'),c=new RegExp(\"^https?:$\",\"i\"),i=0;i<o.length;i++)o[i].style.display=\"none\";for(i=0;i<a.length;i++)s=a[i],e.source===s.contentWindow&&(s.removeAttribute(\"style\"),\"height\"===t.message?(1e3<(r=parseInt(t.value,10))?r=1e3:~~r<200&&(r=200),s.height=r):\"link\"===t.message&&(r=new URL(s.getAttribute(\"src\")),n=new URL(t.value),c.test(n.protocol))&&n.host===r.host&&l.activeElement===s&&(d.top.location.href=t.value))}},d.addEventListener(\"message\",d.wp.receiveEmbedMessage,!1),l.addEventListener(\"DOMContentLoaded\",function(){for(var e,t,s=l.querySelectorAll(\"iframe.wp-embedded-content\"),r=0;r<s.length;r++)(t=(e=s[r]).getAttribute(\"data-secret\"))||(t=Math.random().toString(36).substring(2,12),e.src+=\"#?secret=\"+t,e.setAttribute(\"data-secret\",t)),e.contentWindow.postMessage({message:\"ready\",secret:t},\"*\")},!1)))}(window,document);\n\/* ]]> *\/\n<\/script>\n","thumbnail_url":"https:\/\/instytutpolski.pl\/bucuresti\/wp-content\/uploads\/sites\/11\/2022\/01\/raftul-polonez.png","thumbnail_width":1640,"thumbnail_height":924,"description":"Gazdele podcastului, Simina Popa \u0219i Claudiu Sfirschi-L\u0103udat, povestesc cu invita\u021bii lor despre c\u0103r\u021bile poloneze care au ap\u0103rut recent \u00een limba rom\u00e2n\u0103. Primul episod este dedicat c\u0103r\u021bilor lui Stanis\u0142aw Lem, apoi urmeaz\u0103 \u201eAlbinele\u201d de Piotr Socha \u0219i Wojciech Grajkowski. \u00cen cel mai nou episod discu\u021biile se \u00eenv\u0103rt \u00een jurul c\u0103r\u021bii &#8222;Poart\u0103-\u021bi plugul peste oasele mor\u021bilor&#8221; de [&hellip;]"}