{"version":"1.0","provider_name":"Instytut Polski w Bukareszcie","provider_url":"https:\/\/instytutpolski.pl\/bucuresti","author_name":"mirelal","author_url":"https:\/\/instytutpolski.pl\/bucuresti\/author\/mirelal\/","title":"Expozi\u021bia \u201ePolska. Architecture\u201d \u00een Eforie Sud - Instytut Polski w Bukareszcie","type":"rich","width":600,"height":338,"html":"<blockquote class=\"wp-embedded-content\" data-secret=\"3zPyI5tjRq\"><a href=\"https:\/\/instytutpolski.pl\/bucuresti\/2022\/07\/26\/expozitia-polska-architecture-in-eforie-sud\/\">Expozi\u021bia \u201ePolska. Architecture\u201d \u00een Eforie Sud<\/a><\/blockquote><iframe sandbox=\"allow-scripts\" security=\"restricted\" src=\"https:\/\/instytutpolski.pl\/bucuresti\/2022\/07\/26\/expozitia-polska-architecture-in-eforie-sud\/embed\/#?secret=3zPyI5tjRq\" width=\"600\" height=\"338\" title=\"&#8222;Expozi\u021bia \u201ePolska. Architecture\u201d \u00een Eforie Sud&#8221; &#8212; Instytut Polski w Bukareszcie\" data-secret=\"3zPyI5tjRq\" frameborder=\"0\" marginwidth=\"0\" marginheight=\"0\" scrolling=\"no\" class=\"wp-embedded-content\"><\/iframe><script type=\"text\/javascript\">\n\/* <![CDATA[ *\/\n\/*! This file is auto-generated *\/\n!function(d,l){\"use strict\";l.querySelector&&d.addEventListener&&\"undefined\"!=typeof URL&&(d.wp=d.wp||{},d.wp.receiveEmbedMessage||(d.wp.receiveEmbedMessage=function(e){var t=e.data;if((t||t.secret||t.message||t.value)&&!\/[^a-zA-Z0-9]\/.test(t.secret)){for(var s,r,n,a=l.querySelectorAll('iframe[data-secret=\"'+t.secret+'\"]'),o=l.querySelectorAll('blockquote[data-secret=\"'+t.secret+'\"]'),c=new RegExp(\"^https?:$\",\"i\"),i=0;i<o.length;i++)o[i].style.display=\"none\";for(i=0;i<a.length;i++)s=a[i],e.source===s.contentWindow&&(s.removeAttribute(\"style\"),\"height\"===t.message?(1e3<(r=parseInt(t.value,10))?r=1e3:~~r<200&&(r=200),s.height=r):\"link\"===t.message&&(r=new URL(s.getAttribute(\"src\")),n=new URL(t.value),c.test(n.protocol))&&n.host===r.host&&l.activeElement===s&&(d.top.location.href=t.value))}},d.addEventListener(\"message\",d.wp.receiveEmbedMessage,!1),l.addEventListener(\"DOMContentLoaded\",function(){for(var e,t,s=l.querySelectorAll(\"iframe.wp-embedded-content\"),r=0;r<s.length;r++)(t=(e=s[r]).getAttribute(\"data-secret\"))||(t=Math.random().toString(36).substring(2,12),e.src+=\"#?secret=\"+t,e.setAttribute(\"data-secret\",t)),e.contentWindow.postMessage({message:\"ready\",secret:t},\"*\")},!1)))}(window,document);\n\/* ]]> *\/\n<\/script>\n","thumbnail_url":"https:\/\/instytutpolski.pl\/bucuresti\/wp-content\/uploads\/sites\/11\/2022\/07\/294905489_3324841934412926_5457434740106485849_n.jpg","thumbnail_width":2048,"thumbnail_height":1082,"description":"Arhitectura din Polonia se afl\u0103 \u00een plin\u0103 expansiune. Sunt construite filarmonici noi, opere, s\u0103li de concerte \u0219i de sport, dar \u0219i alte cl\u0103diri de mari dimensiuni cu diferite \u00eentrebuin\u021b\u0103ri. Mul\u021bumit\u0103 investi\u021biilor la aceast\u0103 scar\u0103 sunt realizate construc\u021bii remarcabile, selectate \u00een concursuri \u0219i premiate \u00een lume. Multe dintre ele sunt co-finan\u021bate din fondurile Uniunii Europene, f\u0103r\u0103 [&hellip;]"}