{"version":"1.0","provider_name":"Instytut Polski w Bukareszcie","provider_url":"https:\/\/instytutpolski.pl\/bucuresti","author_name":"mirelal","author_url":"https:\/\/instytutpolski.pl\/bucuresti\/author\/mirelal\/","title":"Jazz polonez la Timi\u0219oara - Instytut Polski w Bukareszcie","type":"rich","width":600,"height":338,"html":"<blockquote class=\"wp-embedded-content\" data-secret=\"kmihAgp2cK\"><a href=\"https:\/\/instytutpolski.pl\/bucuresti\/2023\/09\/26\/jazz-polonez-la-timisoara-2\/\">Jazz polonez la Timi\u0219oara<\/a><\/blockquote><iframe sandbox=\"allow-scripts\" security=\"restricted\" src=\"https:\/\/instytutpolski.pl\/bucuresti\/2023\/09\/26\/jazz-polonez-la-timisoara-2\/embed\/#?secret=kmihAgp2cK\" width=\"600\" height=\"338\" title=\"&#8222;Jazz polonez la Timi\u0219oara&#8221; &#8212; Instytut Polski w Bukareszcie\" data-secret=\"kmihAgp2cK\" frameborder=\"0\" marginwidth=\"0\" marginheight=\"0\" scrolling=\"no\" class=\"wp-embedded-content\"><\/iframe><script type=\"text\/javascript\">\n\/* <![CDATA[ *\/\n\/*! This file is auto-generated *\/\n!function(d,l){\"use strict\";l.querySelector&&d.addEventListener&&\"undefined\"!=typeof URL&&(d.wp=d.wp||{},d.wp.receiveEmbedMessage||(d.wp.receiveEmbedMessage=function(e){var t=e.data;if((t||t.secret||t.message||t.value)&&!\/[^a-zA-Z0-9]\/.test(t.secret)){for(var s,r,n,a=l.querySelectorAll('iframe[data-secret=\"'+t.secret+'\"]'),o=l.querySelectorAll('blockquote[data-secret=\"'+t.secret+'\"]'),c=new RegExp(\"^https?:$\",\"i\"),i=0;i<o.length;i++)o[i].style.display=\"none\";for(i=0;i<a.length;i++)s=a[i],e.source===s.contentWindow&&(s.removeAttribute(\"style\"),\"height\"===t.message?(1e3<(r=parseInt(t.value,10))?r=1e3:~~r<200&&(r=200),s.height=r):\"link\"===t.message&&(r=new URL(s.getAttribute(\"src\")),n=new URL(t.value),c.test(n.protocol))&&n.host===r.host&&l.activeElement===s&&(d.top.location.href=t.value))}},d.addEventListener(\"message\",d.wp.receiveEmbedMessage,!1),l.addEventListener(\"DOMContentLoaded\",function(){for(var e,t,s=l.querySelectorAll(\"iframe.wp-embedded-content\"),r=0;r<s.length;r++)(t=(e=s[r]).getAttribute(\"data-secret\"))||(t=Math.random().toString(36).substring(2,12),e.src+=\"#?secret=\"+t,e.setAttribute(\"data-secret\",t)),e.contentWindow.postMessage({message:\"ready\",secret:t},\"*\")},!1)))}(window,document);\n\/* ]]> *\/\n<\/script>\n","thumbnail_url":"https:\/\/instytutpolski.pl\/bucuresti\/wp-content\/uploads\/sites\/11\/2023\/09\/photo_AgaWojtun\u2560u_Pawel_Kaczmarczyk_Trio3.jpg","thumbnail_width":1440,"thumbnail_height":960,"description":"Pawe\u0142 Kaczmarczyk Trio este cel mai nou grup al unuia dintre cei mai renumi\u021bi piani\u0219ti de jazz polonezi. \u00cen afar\u0103 de lider, din componen\u021ba forma\u021biei fac parte muzicieni de top ai scenei din Cracovia \u2013 contrabasistul Alan Wykpisz \u0219i bateristul Grzegorz Pa\u0142ka. Pawe\u0142 Kaczmarczyk a absolvit Institutul de Jazz din Katowice, unde \u00een 2001 \u0219i-a [&hellip;]"}