{"version":"1.0","provider_name":"Instytut Polski w Bukareszcie","provider_url":"https:\/\/instytutpolski.pl\/bucuresti","author_name":"zalaszewskak","author_url":"https:\/\/instytutpolski.pl\/bucuresti\/author\/zalaszewskak\/","title":"Despre limba polon\u0103 la Biblioteca Adam Mickiewicz - Instytut Polski w Bukareszcie","type":"rich","width":600,"height":338,"html":"<blockquote class=\"wp-embedded-content\" data-secret=\"DDWHtSbfkr\"><a href=\"https:\/\/instytutpolski.pl\/bucuresti\/2023\/11\/21\/despre-limba-polona-la-biblioteca-adam-mickiewicz\/\">Despre limba polon\u0103 la Biblioteca Adam Mickiewicz<\/a><\/blockquote><iframe sandbox=\"allow-scripts\" security=\"restricted\" src=\"https:\/\/instytutpolski.pl\/bucuresti\/2023\/11\/21\/despre-limba-polona-la-biblioteca-adam-mickiewicz\/embed\/#?secret=DDWHtSbfkr\" width=\"600\" height=\"338\" title=\"&#8222;Despre limba polon\u0103 la Biblioteca Adam Mickiewicz&#8221; &#8212; Instytut Polski w Bukareszcie\" data-secret=\"DDWHtSbfkr\" frameborder=\"0\" marginwidth=\"0\" marginheight=\"0\" scrolling=\"no\" class=\"wp-embedded-content\"><\/iframe><script type=\"text\/javascript\">\n\/* <![CDATA[ *\/\n\/*! This file is auto-generated *\/\n!function(d,l){\"use strict\";l.querySelector&&d.addEventListener&&\"undefined\"!=typeof URL&&(d.wp=d.wp||{},d.wp.receiveEmbedMessage||(d.wp.receiveEmbedMessage=function(e){var t=e.data;if((t||t.secret||t.message||t.value)&&!\/[^a-zA-Z0-9]\/.test(t.secret)){for(var s,r,n,a=l.querySelectorAll('iframe[data-secret=\"'+t.secret+'\"]'),o=l.querySelectorAll('blockquote[data-secret=\"'+t.secret+'\"]'),c=new RegExp(\"^https?:$\",\"i\"),i=0;i<o.length;i++)o[i].style.display=\"none\";for(i=0;i<a.length;i++)s=a[i],e.source===s.contentWindow&&(s.removeAttribute(\"style\"),\"height\"===t.message?(1e3<(r=parseInt(t.value,10))?r=1e3:~~r<200&&(r=200),s.height=r):\"link\"===t.message&&(r=new URL(s.getAttribute(\"src\")),n=new URL(t.value),c.test(n.protocol))&&n.host===r.host&&l.activeElement===s&&(d.top.location.href=t.value))}},d.addEventListener(\"message\",d.wp.receiveEmbedMessage,!1),l.addEventListener(\"DOMContentLoaded\",function(){for(var e,t,s=l.querySelectorAll(\"iframe.wp-embedded-content\"),r=0;r<s.length;r++)(t=(e=s[r]).getAttribute(\"data-secret\"))||(t=Math.random().toString(36).substring(2,12),e.src+=\"#?secret=\"+t,e.setAttribute(\"data-secret\",t)),e.contentWindow.postMessage({message:\"ready\",secret:t},\"*\")},!1)))}(window,document);\n\/* ]]> *\/\n<\/script>\n","thumbnail_url":"https:\/\/instytutpolski.pl\/bucuresti\/wp-content\/uploads\/sites\/11\/2021\/05\/Copie-a-Copie-a-Copie-a-Copie-a-Expozitia-despre-viata-si-opera-lui-Fryderyk-Chopin-1.png","thumbnail_width":1920,"thumbnail_height":1080,"description":"V\u0103 invit\u0103m \u00eentr-o c\u0103l\u0103torie printr-un alfabet neobi\u0219nuit, ascult\u00e2nd sunetele \u0219uier\u0103toare \u0219i fo\u0219nitoare ale limbii polone. Ghizii no\u0219tri vor fi asocierile, punctele, liniu\u021bele \u0219i codi\u021bele, care te vor ajuta s\u0103 \u021bii minte cele mai interesante lucruri despre limba polon\u0103. Expozi\u021bia despre limba polon\u0103 este prezentat\u0103 \u00een luna noiembrie \u0219i \u00eenso\u021be\u0219te, s\u0103rb\u0103toarea Zilei Biblioteci \u0219i Zilei Independen\u021bei [&hellip;]"}