{"version":"1.0","provider_name":"Instytut Polski w Bukareszcie","provider_url":"https:\/\/instytutpolski.pl\/bucuresti","author_name":"mirelal","author_url":"https:\/\/instytutpolski.pl\/bucuresti\/author\/mirelal\/","title":"Seri cu film polonez la TVR Cultural - Instytut Polski w Bukareszcie","type":"rich","width":600,"height":338,"html":"<blockquote class=\"wp-embedded-content\" data-secret=\"5rmGBYloY0\"><a href=\"https:\/\/instytutpolski.pl\/bucuresti\/2024\/03\/11\/seri-cu-film-polonez-la-tvr-cultural\/\">Seri cu film polonez la TVR Cultural<\/a><\/blockquote><iframe sandbox=\"allow-scripts\" security=\"restricted\" src=\"https:\/\/instytutpolski.pl\/bucuresti\/2024\/03\/11\/seri-cu-film-polonez-la-tvr-cultural\/embed\/#?secret=5rmGBYloY0\" width=\"600\" height=\"338\" title=\"&#8222;Seri cu film polonez la TVR Cultural&#8221; &#8212; Instytut Polski w Bukareszcie\" data-secret=\"5rmGBYloY0\" frameborder=\"0\" marginwidth=\"0\" marginheight=\"0\" scrolling=\"no\" class=\"wp-embedded-content\"><\/iframe><script type=\"text\/javascript\">\n\/* <![CDATA[ *\/\n\/*! This file is auto-generated *\/\n!function(d,l){\"use strict\";l.querySelector&&d.addEventListener&&\"undefined\"!=typeof URL&&(d.wp=d.wp||{},d.wp.receiveEmbedMessage||(d.wp.receiveEmbedMessage=function(e){var t=e.data;if((t||t.secret||t.message||t.value)&&!\/[^a-zA-Z0-9]\/.test(t.secret)){for(var s,r,n,a=l.querySelectorAll('iframe[data-secret=\"'+t.secret+'\"]'),o=l.querySelectorAll('blockquote[data-secret=\"'+t.secret+'\"]'),c=new RegExp(\"^https?:$\",\"i\"),i=0;i<o.length;i++)o[i].style.display=\"none\";for(i=0;i<a.length;i++)s=a[i],e.source===s.contentWindow&&(s.removeAttribute(\"style\"),\"height\"===t.message?(1e3<(r=parseInt(t.value,10))?r=1e3:~~r<200&&(r=200),s.height=r):\"link\"===t.message&&(r=new URL(s.getAttribute(\"src\")),n=new URL(t.value),c.test(n.protocol))&&n.host===r.host&&l.activeElement===s&&(d.top.location.href=t.value))}},d.addEventListener(\"message\",d.wp.receiveEmbedMessage,!1),l.addEventListener(\"DOMContentLoaded\",function(){for(var e,t,s=l.querySelectorAll(\"iframe.wp-embedded-content\"),r=0;r<s.length;r++)(t=(e=s[r]).getAttribute(\"data-secret\"))||(t=Math.random().toString(36).substring(2,12),e.src+=\"#?secret=\"+t,e.setAttribute(\"data-secret\",t)),e.contentWindow.postMessage({message:\"ready\",secret:t},\"*\")},!1)))}(window,document);\n\/* ]]> *\/\n<\/script>\n","thumbnail_url":"https:\/\/instytutpolski.pl\/bucuresti\/wp-content\/uploads\/sites\/11\/2024\/03\/YoOneZLzQoT80D5PyK1b7HsJININeq.png","thumbnail_width":1600,"thumbnail_height":758,"description":"La TVR Cultural continu\u0103 serile de luni cu filme regizate de remarcabilul Krzysztof Kie\u015blowski. De aceast\u0103 dat\u0103 este r\u00e2ndul renumitei trilogii \u201eTrei culori\u201d \u2013 \u201eAlbastru\u201d, \u201eAlb\u201d \u0219i \u201eRo\u0219u\u201d, ale c\u0103rei titluri fac trimitere la culorile drapelului francez \u0219i la lozinca Revolu\u021biei franceze: \u201elibertate, egalitate, fraternitate\u201d. De\u0219i au trecut aproape treizeci de ani de la realizarea [&hellip;]"}