{"version":"1.0","provider_name":"Instytut Polski w Bukareszcie","provider_url":"https:\/\/instytutpolski.pl\/bucuresti","author_name":"mirelal","author_url":"https:\/\/instytutpolski.pl\/bucuresti\/author\/mirelal\/","title":"Film de Oscar la festivalul Moldox \u00een Chi\u0219in\u0103u - Instytut Polski w Bukareszcie","type":"rich","width":600,"height":338,"html":"<blockquote class=\"wp-embedded-content\" data-secret=\"5a0jLklj7n\"><a href=\"https:\/\/instytutpolski.pl\/bucuresti\/2024\/11\/26\/film-de-oscar-la-festivalul-moldox-in-chisinau\/\">Film de Oscar la festivalul Moldox \u00een Chi\u0219in\u0103u<\/a><\/blockquote><iframe sandbox=\"allow-scripts\" security=\"restricted\" src=\"https:\/\/instytutpolski.pl\/bucuresti\/2024\/11\/26\/film-de-oscar-la-festivalul-moldox-in-chisinau\/embed\/#?secret=5a0jLklj7n\" width=\"600\" height=\"338\" title=\"&#8222;Film de Oscar la festivalul Moldox \u00een Chi\u0219in\u0103u&#8221; &#8212; Instytut Polski w Bukareszcie\" data-secret=\"5a0jLklj7n\" frameborder=\"0\" marginwidth=\"0\" marginheight=\"0\" scrolling=\"no\" class=\"wp-embedded-content\"><\/iframe><script type=\"text\/javascript\">\n\/* <![CDATA[ *\/\n\/*! This file is auto-generated *\/\n!function(d,l){\"use strict\";l.querySelector&&d.addEventListener&&\"undefined\"!=typeof URL&&(d.wp=d.wp||{},d.wp.receiveEmbedMessage||(d.wp.receiveEmbedMessage=function(e){var t=e.data;if((t||t.secret||t.message||t.value)&&!\/[^a-zA-Z0-9]\/.test(t.secret)){for(var s,r,n,a=l.querySelectorAll('iframe[data-secret=\"'+t.secret+'\"]'),o=l.querySelectorAll('blockquote[data-secret=\"'+t.secret+'\"]'),c=new RegExp(\"^https?:$\",\"i\"),i=0;i<o.length;i++)o[i].style.display=\"none\";for(i=0;i<a.length;i++)s=a[i],e.source===s.contentWindow&&(s.removeAttribute(\"style\"),\"height\"===t.message?(1e3<(r=parseInt(t.value,10))?r=1e3:~~r<200&&(r=200),s.height=r):\"link\"===t.message&&(r=new URL(s.getAttribute(\"src\")),n=new URL(t.value),c.test(n.protocol))&&n.host===r.host&&l.activeElement===s&&(d.top.location.href=t.value))}},d.addEventListener(\"message\",d.wp.receiveEmbedMessage,!1),l.addEventListener(\"DOMContentLoaded\",function(){for(var e,t,s=l.querySelectorAll(\"iframe.wp-embedded-content\"),r=0;r<s.length;r++)(t=(e=s[r]).getAttribute(\"data-secret\"))||(t=Math.random().toString(36).substring(2,12),e.src+=\"#?secret=\"+t,e.setAttribute(\"data-secret\",t)),e.contentWindow.postMessage({message:\"ready\",secret:t},\"*\")},!1)))}(window,document);\n\/* ]]> *\/\n<\/script>\n","thumbnail_url":"https:\/\/instytutpolski.pl\/bucuresti\/wp-content\/uploads\/sites\/11\/2024\/11\/skaddokad_1_5_1_auto_800x900.png","thumbnail_width":800,"thumbnail_height":450,"description":"\u00cen retrovizor\u00a0\/ Sk\u0105d dok\u0105d 2023, Polonia-Fran\u021ba-Ucraina, 84 min. Regia: Maciej Hamela \u00cenceputul invaziei Rusiei \u00een Ucraina. Oameni suspenda\u021bi \u00een timp \u0219i spa\u021biu \u00een fa\u021ba incertitudinii prezentului, iau decizia s\u0103 renun\u021be la ceea ce au mai de valoare \u0219i, f\u0103r\u0103 s\u0103 stea pe g\u00e2nduri, se urc\u0103 \u00eentr-o dub\u0103 pr\u0103fuit\u0103 cu pl\u0103cu\u021be de \u00eenmatriculare str\u0103ine. Ma\u0219ina parcurge [&hellip;]"}