{"version":"1.0","provider_name":"Instytut Polski w Bukareszcie","provider_url":"https:\/\/instytutpolski.pl\/bucuresti","author_name":"mirelal","author_url":"https:\/\/instytutpolski.pl\/bucuresti\/author\/mirelal\/","title":"Jazz polonez la Chi\u0219in\u0103u - Instytut Polski w Bukareszcie","type":"rich","width":600,"height":338,"html":"<blockquote class=\"wp-embedded-content\" data-secret=\"nJvmVOE9d6\"><a href=\"https:\/\/instytutpolski.pl\/bucuresti\/2025\/06\/04\/jazz-polonez-la-chisinau-2\/\">Jazz polonez la Chi\u0219in\u0103u<\/a><\/blockquote><iframe sandbox=\"allow-scripts\" security=\"restricted\" src=\"https:\/\/instytutpolski.pl\/bucuresti\/2025\/06\/04\/jazz-polonez-la-chisinau-2\/embed\/#?secret=nJvmVOE9d6\" width=\"600\" height=\"338\" title=\"&#8222;Jazz polonez la Chi\u0219in\u0103u&#8221; &#8212; Instytut Polski w Bukareszcie\" data-secret=\"nJvmVOE9d6\" frameborder=\"0\" marginwidth=\"0\" marginheight=\"0\" scrolling=\"no\" class=\"wp-embedded-content\"><\/iframe><script type=\"text\/javascript\">\n\/* <![CDATA[ *\/\n\/*! This file is auto-generated *\/\n!function(d,l){\"use strict\";l.querySelector&&d.addEventListener&&\"undefined\"!=typeof URL&&(d.wp=d.wp||{},d.wp.receiveEmbedMessage||(d.wp.receiveEmbedMessage=function(e){var t=e.data;if((t||t.secret||t.message||t.value)&&!\/[^a-zA-Z0-9]\/.test(t.secret)){for(var s,r,n,a=l.querySelectorAll('iframe[data-secret=\"'+t.secret+'\"]'),o=l.querySelectorAll('blockquote[data-secret=\"'+t.secret+'\"]'),c=new RegExp(\"^https?:$\",\"i\"),i=0;i<o.length;i++)o[i].style.display=\"none\";for(i=0;i<a.length;i++)s=a[i],e.source===s.contentWindow&&(s.removeAttribute(\"style\"),\"height\"===t.message?(1e3<(r=parseInt(t.value,10))?r=1e3:~~r<200&&(r=200),s.height=r):\"link\"===t.message&&(r=new URL(s.getAttribute(\"src\")),n=new URL(t.value),c.test(n.protocol))&&n.host===r.host&&l.activeElement===s&&(d.top.location.href=t.value))}},d.addEventListener(\"message\",d.wp.receiveEmbedMessage,!1),l.addEventListener(\"DOMContentLoaded\",function(){for(var e,t,s=l.querySelectorAll(\"iframe.wp-embedded-content\"),r=0;r<s.length;r++)(t=(e=s[r]).getAttribute(\"data-secret\"))||(t=Math.random().toString(36).substring(2,12),e.src+=\"#?secret=\"+t,e.setAttribute(\"data-secret\",t)),e.contentWindow.postMessage({message:\"ready\",secret:t},\"*\")},!1)))}(window,document);\n\/* ]]> *\/\n<\/script>\n","thumbnail_url":"https:\/\/instytutpolski.pl\/bucuresti\/wp-content\/uploads\/sites\/11\/2025\/06\/ion-virlan.jpg","thumbnail_width":940,"thumbnail_height":788,"description":"Ion V\u00eerlan Quintet s-a format \u00een 2024 \u00een cadrul prestigiosului proiect de burse Gaude Polonia. Muzica compus\u0103 de Ion V\u00eerlan este o combina\u021bie \u00eentre tradi\u021bia balcanic\u0103 \u0219i limbajul modern al jazz-ului european. Astfel, ascult\u0103torii pot experimenta o fuziune unic\u0103 de culturi care \u00eei conduce \u00eentr-o lume a emo\u021biilor \u0219i ritmurilor profunde, ar\u0103t\u00e2nd \u00een acela\u0219i timp [&hellip;]"}