{"version":"1.0","provider_name":"Instytut Polski w Bukareszcie","provider_url":"https:\/\/instytutpolski.pl\/bucuresti","author_name":"zalaszewskak","author_url":"https:\/\/instytutpolski.pl\/bucuresti\/author\/zalaszewskak\/","title":"Polscy poeci na festiwalu w Bystrzycy - Instytut Polski w Bukareszcie","type":"rich","width":600,"height":338,"html":"<blockquote class=\"wp-embedded-content\" data-secret=\"0Ga8gpjLBe\"><a href=\"https:\/\/instytutpolski.pl\/bucuresti\/pl\/2015\/07\/13\/polscy-poeci-na-festiwalu-w-bystrzycy\/\">Polscy poeci na festiwalu w Bystrzycy<\/a><\/blockquote><iframe sandbox=\"allow-scripts\" security=\"restricted\" src=\"https:\/\/instytutpolski.pl\/bucuresti\/pl\/2015\/07\/13\/polscy-poeci-na-festiwalu-w-bystrzycy\/embed\/#?secret=0Ga8gpjLBe\" width=\"600\" height=\"338\" title=\"&#8222;Polscy poeci na festiwalu w Bystrzycy&#8221; &#8212; Instytut Polski w Bukareszcie\" data-secret=\"0Ga8gpjLBe\" frameborder=\"0\" marginwidth=\"0\" marginheight=\"0\" scrolling=\"no\" class=\"wp-embedded-content\"><\/iframe><script type=\"text\/javascript\">\n\/* <![CDATA[ *\/\n\/*! This file is auto-generated *\/\n!function(d,l){\"use strict\";l.querySelector&&d.addEventListener&&\"undefined\"!=typeof URL&&(d.wp=d.wp||{},d.wp.receiveEmbedMessage||(d.wp.receiveEmbedMessage=function(e){var t=e.data;if((t||t.secret||t.message||t.value)&&!\/[^a-zA-Z0-9]\/.test(t.secret)){for(var s,r,n,a=l.querySelectorAll('iframe[data-secret=\"'+t.secret+'\"]'),o=l.querySelectorAll('blockquote[data-secret=\"'+t.secret+'\"]'),c=new RegExp(\"^https?:$\",\"i\"),i=0;i<o.length;i++)o[i].style.display=\"none\";for(i=0;i<a.length;i++)s=a[i],e.source===s.contentWindow&&(s.removeAttribute(\"style\"),\"height\"===t.message?(1e3<(r=parseInt(t.value,10))?r=1e3:~~r<200&&(r=200),s.height=r):\"link\"===t.message&&(r=new URL(s.getAttribute(\"src\")),n=new URL(t.value),c.test(n.protocol))&&n.host===r.host&&l.activeElement===s&&(d.top.location.href=t.value))}},d.addEventListener(\"message\",d.wp.receiveEmbedMessage,!1),l.addEventListener(\"DOMContentLoaded\",function(){for(var e,t,s=l.querySelectorAll(\"iframe.wp-embedded-content\"),r=0;r<s.length;r++)(t=(e=s[r]).getAttribute(\"data-secret\"))||(t=Math.random().toString(36).substring(2,12),e.src+=\"#?secret=\"+t,e.setAttribute(\"data-secret\",t)),e.contentWindow.postMessage({message:\"ready\",secret:t},\"*\")},!1)))}(window,document);\n\/* ]]> *\/\n<\/script>\n","thumbnail_url":"https:\/\/instytutpolski.pl\/bucuresti\/wp-content\/uploads\/sites\/11\/2020\/06\/poetii-polonezi-la-festivalul-de-la-bistrita.jpg","thumbnail_width":599,"thumbnail_height":383,"description":"PI\u0104TEK, 17 LIPCA\u00a0 \u2022 w Centrum Wielokulturowym Synagoga\u00a019:00 \u2013 21:00ODCZYTY:Ion Mure\u0219an (Rumunia), Paula Erizanu (Mo\u0142dawia), Paul Vinicius (Rumunia),\u00a0Wojciech Bonowicz\u00a0(Polska), Alexandra Turcu (Rumunia), Pablo Garc\u00eda Casado (Hiszpania), Svetlana C\u00e2rstean, Octavian Soviany (Rumunia), Krisztina T\u00f3th (W\u0119gry), Florin Dan Prodan\u00a0(Rumunia) RECITAL KAMERALNYEugen Dumitrescu (fortepian)i Corina R\u0103ducanu (fortepian)w programie:Ignacy Jan Paderewski\u00a0\u2013 Album Tatrza\u0144ski Op.12Ern\u0151 Dohn\u00e1nyi \u2013 Walc Op.3Leon Klepper [&hellip;]"}