{"id":15,"date":"2019-06-04T13:53:38","date_gmt":"2019-06-04T11:53:38","guid":{"rendered":"https:\/\/instytutpolski.pl\/bukareszt\/?page_id=15"},"modified":"2019-06-24T09:01:00","modified_gmt":"2019-06-24T07:01:00","slug":"rodo","status":"publish","type":"page","link":"https:\/\/instytutpolski.pl\/bucuresti\/rodo\/","title":{"rendered":"RODO"},"content":{"rendered":"\n<p><strong>Informare cu privire la prelucrarea datelor cu caracter personal ale abona\u021bilor la newsletter-ul Institutului Polonez din Bucure\u0219ti, str. Popa Savu nr. 28<\/strong><\/p>\n<p>Prezenta informare reprezint\u0103 \u00eendeplinirea obliga\u021biei prev\u0103zute \u00een art. 13 din Regulamentul (UE) 2016\/679 al Parlamentului European \u0219i al Consiliului, din data de 27 aprilie 2016, privind protec\u021bia persoanelor fizice \u00een ceea ce prive\u0219te prelucrarea datelor cu caracter personal \u0219i privind libera circula\u021bie a acestor date \u0219i de abrogare a Directivei 95\/46\/CE (GDPR).<\/p>\n<ol>\n<li>Conform art. 4 pct. 7 al GDPR, administratorul datelor dvs. personale este Ministrul Afacerilor Externe cu sediul \u00een Polonia, la Var\u0219ovia, Al. J. Ch. Szucha 23, \u00een timp ce atribu\u021biile de administrator sunt \u00eendeplinite de directorul Institutului Polonez din Bucure\u0219ti, str. Popa Savu nr. 28.<\/li>\n<li>\u00cen cadrul MAE \u0219i al misiunilor din str\u0103in\u0103tate a fost numit un Responsabil cu Protec\u021bia Datelor (DPO).<br \/>Date de contact DPO:<br \/>adres\u0103 sediu: Al. J. Ch. Szucha 23, 00-580 Warszawa (Var\u0219ovia)<br \/>e-mail: <a href=\"mailto:iod@msz.gov.pl\">iod@msz.gov.pl<\/a><\/li>\n<\/ol>\n<ol start=\"3\">\n<li>Datele sunt prelucrate \u00een baza art. 6 pct. 1 lit. a) al GDPR &#8211; cu acordul persoanei c\u0103reia \u00eei apar\u021bin datele, cu scopul de a trimite, prin intermediul newsletter-ului, informa\u021bii despre programul \u0219i activit\u0103\u021bile Institutului Polonez din Bucure\u0219ti. Transmiterea datelor este voluntar\u0103 \u0219i totodat\u0103 obligatorie pentru primirea newsletter-ului.<\/li>\n<li>Datele sunt protejate conform prevederilor GDPR \u0219i nu pot fi puse la dispozi\u021bia unor ter\u021be p\u0103r\u021bi neautorizate s\u0103 foloseasc\u0103 aceste date.<\/li>\n<li>Datele nu vor fi transmise unui stat ter\u021b sau unei organiza\u021bii interna\u021bionale.<\/li>\n<li>Datele vor fi folosite exclusiv de angaja\u021bii autoriza\u021bi ai Institutului Polonez din Bucure\u0219ti.<\/li>\n<li>Datele vor fi prelucrate p\u00e2n\u0103 c\u00e2nd persoana c\u0103reia \u00eei apar\u021bin datele \u00ee\u0219i va retrage acordul pentru prelucrarea lor ulterioar\u0103. Acordul poate fi retras \u00een orice moment, prin utilizarea mecanismului de renun\u021bare aflat \u00een subsolul fiec\u0103rui newsletter sau prin trimiterea unei inform\u0103ri corespunz\u0103toare la adresa de e-mail: bucuresti@instytutpolski.org<\/li>\n<li>Persoana c\u0103reia \u00eei apar\u021bin datele are dreptul de a verifica prelucrarea datelor men\u021bionate \u00een art. 15-20 al GDPR, \u00een special dreptul de acces la con\u021binutul datelor sale, precum \u0219i dreptul de corectare, \u0219tergere sau limitare a prelucr\u0103rii lor.<\/li>\n<li>Datele nu vor fi prelucrate \u00een mod automat \u0219i nici nu vor fi supuse profil\u0103rii.<\/li>\n<li>\u00cen cazul \u00eenc\u0103lc\u0103rii dispozi\u021biilor privind protec\u021bia datelor cu caracter personal \u00een ceea ce prive\u0219te prelucrarea datelor dvs., ave\u021bi dreptul s\u0103 depune\u021bi o pl\u00e2ngere la organul de supraveghere de la urm\u0103toarea adres\u0103: <br \/>Urz\u0105d Ochrony Danych Osobowych <br \/>ul. Stawki 2<br \/>00-193 Warszawa (Var\u0219ovia)<\/li>\n<\/ol>\n","protected":false},"excerpt":{"rendered":"<p>Informare cu privire la prelucrarea datelor cu caracter personal ale abona\u021bilor la newsletter-ul Institutului Polonez din Bucure\u0219ti, str. Popa Savu nr. 28 Prezenta informare reprezint\u0103 \u00eendeplinirea obliga\u021biei prev\u0103zute \u00een art. 13 din Regulamentul (UE) 2016\/679 al Parlamentului European \u0219i al Consiliului, din data de 27 aprilie 2016, privind protec\u021bia persoanelor fizice \u00een ceea ce prive\u0219te [&hellip;]<\/p>\n","protected":false},"author":1,"featured_media":0,"parent":0,"menu_order":0,"comment_status":"closed","ping_status":"closed","template":"","meta":{"inline_featured_image":false,"_monsterinsights_skip_tracking":false,"_monsterinsights_sitenote_active":false,"_monsterinsights_sitenote_note":"","_monsterinsights_sitenote_category":0,"footnotes":""},"class_list":["post-15","page","type-page","status-publish","hentry"],"yoast_head":"<!-- This site is optimized with the Yoast SEO plugin v24.6 - https:\/\/yoast.com\/wordpress\/plugins\/seo\/ -->\n<title>RODO - Instytut Polski w Bukareszcie<\/title>\n<meta name=\"robots\" content=\"index, follow, max-snippet:-1, max-image-preview:large, max-video-preview:-1\" \/>\n<link rel=\"canonical\" href=\"https:\/\/instytutpolski.pl\/bucuresti\/rodo\/\" \/>\n<meta property=\"og:locale\" content=\"pl_PL\" \/>\n<meta property=\"og:type\" content=\"article\" \/>\n<meta property=\"og:title\" content=\"RODO - Instytut Polski w Bukareszcie\" \/>\n<meta property=\"og:description\" content=\"Informare cu privire la prelucrarea datelor cu caracter personal ale abona\u021bilor la newsletter-ul Institutului Polonez din Bucure\u0219ti, str. Popa Savu nr. 28 Prezenta informare reprezint\u0103 \u00eendeplinirea obliga\u021biei prev\u0103zute \u00een art. 13 din Regulamentul (UE) 2016\/679 al Parlamentului European \u0219i al Consiliului, din data de 27 aprilie 2016, privind protec\u021bia persoanelor fizice \u00een ceea ce prive\u0219te [&hellip;]\" \/>\n<meta property=\"og:url\" content=\"https:\/\/instytutpolski.pl\/bucuresti\/rodo\/\" \/>\n<meta property=\"og:site_name\" content=\"Instytut Polski w Bukareszcie\" \/>\n<meta property=\"article:modified_time\" content=\"2019-06-24T07:01:00+00:00\" \/>\n<meta name=\"twitter:card\" content=\"summary_large_image\" \/>\n<meta name=\"twitter:label1\" content=\"Szacowany czas czytania\" \/>\n\t<meta name=\"twitter:data1\" content=\"2 minuty\" \/>\n<script type=\"application\/ld+json\" class=\"yoast-schema-graph\">{\"@context\":\"https:\/\/schema.org\",\"@graph\":[{\"@type\":\"WebPage\",\"@id\":\"https:\/\/instytutpolski.pl\/bucuresti\/rodo\/\",\"url\":\"https:\/\/instytutpolski.pl\/bucuresti\/rodo\/\",\"name\":\"RODO - Instytut Polski w Bukareszcie\",\"isPartOf\":{\"@id\":\"https:\/\/instytutpolski.pl\/bucuresti\/#website\"},\"datePublished\":\"2019-06-04T11:53:38+00:00\",\"dateModified\":\"2019-06-24T07:01:00+00:00\",\"breadcrumb\":{\"@id\":\"https:\/\/instytutpolski.pl\/bucuresti\/rodo\/#breadcrumb\"},\"inLanguage\":\"pl-PL\",\"potentialAction\":[{\"@type\":\"ReadAction\",\"target\":[\"https:\/\/instytutpolski.pl\/bucuresti\/rodo\/\"]}]},{\"@type\":\"BreadcrumbList\",\"@id\":\"https:\/\/instytutpolski.pl\/bucuresti\/rodo\/#breadcrumb\",\"itemListElement\":[{\"@type\":\"ListItem\",\"position\":1,\"name\":\"Home\",\"item\":\"https:\/\/instytutpolski.pl\/bucuresti\/\"},{\"@type\":\"ListItem\",\"position\":2,\"name\":\"RODO\"}]},{\"@type\":\"WebSite\",\"@id\":\"https:\/\/instytutpolski.pl\/bucuresti\/#website\",\"url\":\"https:\/\/instytutpolski.pl\/bucuresti\/\",\"name\":\"Instytut Polski w Bukareszcie\",\"description\":\"Instytuty Polskie\",\"potentialAction\":[{\"@type\":\"SearchAction\",\"target\":{\"@type\":\"EntryPoint\",\"urlTemplate\":\"https:\/\/instytutpolski.pl\/bucuresti\/?s={search_term_string}\"},\"query-input\":{\"@type\":\"PropertyValueSpecification\",\"valueRequired\":true,\"valueName\":\"search_term_string\"}}],\"inLanguage\":\"pl-PL\"}]}<\/script>\n<!-- \/ Yoast SEO plugin. -->","yoast_head_json":{"title":"RODO - Instytut Polski w Bukareszcie","robots":{"index":"index","follow":"follow","max-snippet":"max-snippet:-1","max-image-preview":"max-image-preview:large","max-video-preview":"max-video-preview:-1"},"canonical":"https:\/\/instytutpolski.pl\/bucuresti\/rodo\/","og_locale":"pl_PL","og_type":"article","og_title":"RODO - Instytut Polski w Bukareszcie","og_description":"Informare cu privire la prelucrarea datelor cu caracter personal ale abona\u021bilor la newsletter-ul Institutului Polonez din Bucure\u0219ti, str. Popa Savu nr. 28 Prezenta informare reprezint\u0103 \u00eendeplinirea obliga\u021biei prev\u0103zute \u00een art. 13 din Regulamentul (UE) 2016\/679 al Parlamentului European \u0219i al Consiliului, din data de 27 aprilie 2016, privind protec\u021bia persoanelor fizice \u00een ceea ce prive\u0219te [&hellip;]","og_url":"https:\/\/instytutpolski.pl\/bucuresti\/rodo\/","og_site_name":"Instytut Polski w Bukareszcie","article_modified_time":"2019-06-24T07:01:00+00:00","twitter_card":"summary_large_image","twitter_misc":{"Szacowany czas czytania":"2 minuty"},"schema":{"@context":"https:\/\/schema.org","@graph":[{"@type":"WebPage","@id":"https:\/\/instytutpolski.pl\/bucuresti\/rodo\/","url":"https:\/\/instytutpolski.pl\/bucuresti\/rodo\/","name":"RODO - Instytut Polski w Bukareszcie","isPartOf":{"@id":"https:\/\/instytutpolski.pl\/bucuresti\/#website"},"datePublished":"2019-06-04T11:53:38+00:00","dateModified":"2019-06-24T07:01:00+00:00","breadcrumb":{"@id":"https:\/\/instytutpolski.pl\/bucuresti\/rodo\/#breadcrumb"},"inLanguage":"pl-PL","potentialAction":[{"@type":"ReadAction","target":["https:\/\/instytutpolski.pl\/bucuresti\/rodo\/"]}]},{"@type":"BreadcrumbList","@id":"https:\/\/instytutpolski.pl\/bucuresti\/rodo\/#breadcrumb","itemListElement":[{"@type":"ListItem","position":1,"name":"Home","item":"https:\/\/instytutpolski.pl\/bucuresti\/"},{"@type":"ListItem","position":2,"name":"RODO"}]},{"@type":"WebSite","@id":"https:\/\/instytutpolski.pl\/bucuresti\/#website","url":"https:\/\/instytutpolski.pl\/bucuresti\/","name":"Instytut Polski w Bukareszcie","description":"Instytuty Polskie","potentialAction":[{"@type":"SearchAction","target":{"@type":"EntryPoint","urlTemplate":"https:\/\/instytutpolski.pl\/bucuresti\/?s={search_term_string}"},"query-input":{"@type":"PropertyValueSpecification","valueRequired":true,"valueName":"search_term_string"}}],"inLanguage":"pl-PL"}]}},"_links":{"self":[{"href":"https:\/\/instytutpolski.pl\/bucuresti\/wp-json\/wp\/v2\/pages\/15","targetHints":{"allow":["GET"]}}],"collection":[{"href":"https:\/\/instytutpolski.pl\/bucuresti\/wp-json\/wp\/v2\/pages"}],"about":[{"href":"https:\/\/instytutpolski.pl\/bucuresti\/wp-json\/wp\/v2\/types\/page"}],"author":[{"embeddable":true,"href":"https:\/\/instytutpolski.pl\/bucuresti\/wp-json\/wp\/v2\/users\/1"}],"replies":[{"embeddable":true,"href":"https:\/\/instytutpolski.pl\/bucuresti\/wp-json\/wp\/v2\/comments?post=15"}],"version-history":[{"count":2,"href":"https:\/\/instytutpolski.pl\/bucuresti\/wp-json\/wp\/v2\/pages\/15\/revisions"}],"predecessor-version":[{"id":253,"href":"https:\/\/instytutpolski.pl\/bucuresti\/wp-json\/wp\/v2\/pages\/15\/revisions\/253"}],"wp:attachment":[{"href":"https:\/\/instytutpolski.pl\/bucuresti\/wp-json\/wp\/v2\/media?parent=15"}],"curies":[{"name":"wp","href":"https:\/\/api.w.org\/{rel}","templated":true}]}}