{"version":"1.0","provider_name":"Instytut Polski w Budapeszcie","provider_url":"https:\/\/instytutpolski.pl\/budapest","author_name":"takacsm","author_url":"https:\/\/instytutpolski.pl\/budapest\/author\/takacsm\/","title":"\u00dcnnepi koncert a Lengyel-magyar nap alkalm\u00e1b\u00f3l! - Instytut Polski w Budapeszcie","type":"rich","width":600,"height":338,"html":"<blockquote class=\"wp-embedded-content\" data-secret=\"kqtHla4FDM\"><a href=\"https:\/\/instytutpolski.pl\/budapest\/2016\/02\/06\/unnepi-koncert-a-lengyel-magyar-nap-alkalmabol\/\">\u00dcnnepi koncert a Lengyel-magyar nap alkalm\u00e1b\u00f3l!<\/a><\/blockquote><iframe sandbox=\"allow-scripts\" security=\"restricted\" src=\"https:\/\/instytutpolski.pl\/budapest\/2016\/02\/06\/unnepi-koncert-a-lengyel-magyar-nap-alkalmabol\/embed\/#?secret=kqtHla4FDM\" width=\"600\" height=\"338\" title=\"&#8222;\u00dcnnepi koncert a Lengyel-magyar nap alkalm\u00e1b\u00f3l!&#8221; &#8212; Instytut Polski w Budapeszcie\" data-secret=\"kqtHla4FDM\" frameborder=\"0\" marginwidth=\"0\" marginheight=\"0\" scrolling=\"no\" class=\"wp-embedded-content\"><\/iframe><script type=\"text\/javascript\">\n\/* <![CDATA[ *\/\n\/*! This file is auto-generated *\/\n!function(d,l){\"use strict\";l.querySelector&&d.addEventListener&&\"undefined\"!=typeof URL&&(d.wp=d.wp||{},d.wp.receiveEmbedMessage||(d.wp.receiveEmbedMessage=function(e){var t=e.data;if((t||t.secret||t.message||t.value)&&!\/[^a-zA-Z0-9]\/.test(t.secret)){for(var s,r,n,a=l.querySelectorAll('iframe[data-secret=\"'+t.secret+'\"]'),o=l.querySelectorAll('blockquote[data-secret=\"'+t.secret+'\"]'),c=new RegExp(\"^https?:$\",\"i\"),i=0;i<o.length;i++)o[i].style.display=\"none\";for(i=0;i<a.length;i++)s=a[i],e.source===s.contentWindow&&(s.removeAttribute(\"style\"),\"height\"===t.message?(1e3<(r=parseInt(t.value,10))?r=1e3:~~r<200&&(r=200),s.height=r):\"link\"===t.message&&(r=new URL(s.getAttribute(\"src\")),n=new URL(t.value),c.test(n.protocol))&&n.host===r.host&&l.activeElement===s&&(d.top.location.href=t.value))}},d.addEventListener(\"message\",d.wp.receiveEmbedMessage,!1),l.addEventListener(\"DOMContentLoaded\",function(){for(var e,t,s=l.querySelectorAll(\"iframe.wp-embedded-content\"),r=0;r<s.length;r++)(t=(e=s[r]).getAttribute(\"data-secret\"))||(t=Math.random().toString(36).substring(2,12),e.src+=\"#?secret=\"+t,e.setAttribute(\"data-secret\",t)),e.contentWindow.postMessage({message:\"ready\",secret:t},\"*\")},!1)))}(window,document);\n\/* ]]> *\/\n<\/script>\n","thumbnail_url":"https:\/\/instytutpolski.pl\/budapest\/wp-content\/uploads\/sites\/21\/2020\/02\/lengyel-magyar_nap.jpg","thumbnail_width":350,"thumbnail_height":233,"description":"Hungarian FolkEmbassy &#8211; Magyar N\u00e9pzenei Nagyk\u00f6vets\u00e9g: So\u00f3s Andr\u00e1s, Rosonczy-Kov\u00e1cs Mih\u00e1ly (heged\u0171); Heged\u0171s Luca (cimbalom); Ors\u00f3s Tam\u00e1s (br\u00e1cs\u00e1k); Hanszul Zolt\u00e1n (b\u0151g\u0151) Vend\u00e9gek: Sebesty\u00e9n M\u00e1rta, Navratil Andrea, Het\u00e9nyi Mil\u00e1n (\u00e9nek), Berecz Istv\u00e1n \u00e9s bar\u00e1tai \u2013 t\u00e1nc, Kov\u00e1cs Istv\u00e1n Janusz Prusinowski Kompania: Janusz Prusinowski (heged\u0171, \u00e9nek, cimbalom, harmonika)Piotr Piszczatowski (&#8217;baraban&#8217; dob \u00e9s cs\u00f6rg\u0151dob)Micha\u0142 Z\u0307ak (f\u00fav\u00f3s hangszerek)Piotr Zgorzelski csell\u00f3 [&hellip;]"}