{"version":"1.0","provider_name":"Instytut Polski w Budapeszcie","provider_url":"https:\/\/instytutpolski.pl\/budapest","author_name":"felvidekie","author_url":"https:\/\/instytutpolski.pl\/budapest\/author\/felvidekie\/","title":"GEOMETRIKUS GENER\u00c1CI\u00d3K - Instytut Polski w Budapeszcie","type":"rich","width":600,"height":338,"html":"<blockquote class=\"wp-embedded-content\" data-secret=\"kYhGA0G4nl\"><a href=\"https:\/\/instytutpolski.pl\/budapest\/2017\/06\/06\/geometrikus-generaciok\/\">GEOMETRIKUS GENER\u00c1CI\u00d3K<\/a><\/blockquote><iframe sandbox=\"allow-scripts\" security=\"restricted\" src=\"https:\/\/instytutpolski.pl\/budapest\/2017\/06\/06\/geometrikus-generaciok\/embed\/#?secret=kYhGA0G4nl\" width=\"600\" height=\"338\" title=\"&#8222;GEOMETRIKUS GENER\u00c1CI\u00d3K&#8221; &#8212; Instytut Polski w Budapeszcie\" data-secret=\"kYhGA0G4nl\" frameborder=\"0\" marginwidth=\"0\" marginheight=\"0\" scrolling=\"no\" class=\"wp-embedded-content\"><\/iframe><script type=\"text\/javascript\">\n\/* <![CDATA[ *\/\n\/*! This file is auto-generated *\/\n!function(d,l){\"use strict\";l.querySelector&&d.addEventListener&&\"undefined\"!=typeof URL&&(d.wp=d.wp||{},d.wp.receiveEmbedMessage||(d.wp.receiveEmbedMessage=function(e){var t=e.data;if((t||t.secret||t.message||t.value)&&!\/[^a-zA-Z0-9]\/.test(t.secret)){for(var s,r,n,a=l.querySelectorAll('iframe[data-secret=\"'+t.secret+'\"]'),o=l.querySelectorAll('blockquote[data-secret=\"'+t.secret+'\"]'),c=new RegExp(\"^https?:$\",\"i\"),i=0;i<o.length;i++)o[i].style.display=\"none\";for(i=0;i<a.length;i++)s=a[i],e.source===s.contentWindow&&(s.removeAttribute(\"style\"),\"height\"===t.message?(1e3<(r=parseInt(t.value,10))?r=1e3:~~r<200&&(r=200),s.height=r):\"link\"===t.message&&(r=new URL(s.getAttribute(\"src\")),n=new URL(t.value),c.test(n.protocol))&&n.host===r.host&&l.activeElement===s&&(d.top.location.href=t.value))}},d.addEventListener(\"message\",d.wp.receiveEmbedMessage,!1),l.addEventListener(\"DOMContentLoaded\",function(){for(var e,t,s=l.querySelectorAll(\"iframe.wp-embedded-content\"),r=0;r<s.length;r++)(t=(e=s[r]).getAttribute(\"data-secret\"))||(t=Math.random().toString(36).substring(2,12),e.src+=\"#?secret=\"+t,e.setAttribute(\"data-secret\",t)),e.contentWindow.postMessage({message:\"ready\",secret:t},\"*\")},!1)))}(window,document);\n\/* ]]> *\/\n<\/script>\n","thumbnail_url":"https:\/\/instytutpolski.pl\/budapest\/wp-content\/uploads\/sites\/21\/2020\/02\/geometrikus-gener\u00e1ci\u00f3k.png","thumbnail_width":350,"thumbnail_height":228,"description":"GEOMETRIKUS GENER\u00c1CI\u00d3K 2017. j\u00falius 21.- szeptember 3.FUGA Budapesti \u00c9p\u00edt\u00e9szeti K\u00f6zpont (1052 Budapest, Pet\u0151fi S\u00e1ndor u. 5.) Megnyit\u00f3:\u00a02017. j\u00falius 20., 19:00 Megnyitja: M\u00e9sz\u00e1ros Zsolt, m\u0171v\u00e9szett\u00f6rt\u00e9n\u00e9sz Ki\u00e1ll\u00edt\u00f3 m\u0171v\u00e9szek:\u00a0Dob\u00f3 Krisztina, Forg\u00f3 \u00c1rp\u00e1d, Jerzy Grochocki (PL), Ha\u00e1sz Istv\u00e1n, Halmi-Horv\u00e1th Istv\u00e1n, Marafk\u00f3 Bence, Somfai Rezs\u0151 A ki\u00e1ll\u00edt\u00e1s a Magyarorsz\u00e1gon el\u0151sz\u00f6r szerepl\u0151 Jerzy Grochocki lengyel k\u00e9pz\u0151m\u0171v\u00e9sz \u00e9s hat magyar kort\u00e1rsa k\u00f6z\u00f6tti [&hellip;]"}