{"version":"1.0","provider_name":"Instytut Polski w Budapeszcie","provider_url":"https:\/\/instytutpolski.pl\/budapest","author_name":"felvidekie","author_url":"https:\/\/instytutpolski.pl\/budapest\/author\/felvidekie\/","title":"Bo\u017ce, co\u015b Polsk\u0119 \/ Isten, ki Lengyelhont - Instytut Polski w Budapeszcie","type":"rich","width":600,"height":338,"html":"<blockquote class=\"wp-embedded-content\" data-secret=\"UsyMdbjmp7\"><a href=\"https:\/\/instytutpolski.pl\/budapest\/2018\/09\/20\/boze-cos-polske-isten-ki-lengyelhont\/\">Bo\u017ce, co\u015b Polsk\u0119 \/ Isten, ki Lengyelhont<\/a><\/blockquote><iframe sandbox=\"allow-scripts\" security=\"restricted\" src=\"https:\/\/instytutpolski.pl\/budapest\/2018\/09\/20\/boze-cos-polske-isten-ki-lengyelhont\/embed\/#?secret=UsyMdbjmp7\" width=\"600\" height=\"338\" title=\"&#8222;Bo\u017ce, co\u015b Polsk\u0119 \/ Isten, ki Lengyelhont&#8221; &#8212; Instytut Polski w Budapeszcie\" data-secret=\"UsyMdbjmp7\" frameborder=\"0\" marginwidth=\"0\" marginheight=\"0\" scrolling=\"no\" class=\"wp-embedded-content\"><\/iframe><script type=\"text\/javascript\">\n\/* <![CDATA[ *\/\n\/*! This file is auto-generated *\/\n!function(d,l){\"use strict\";l.querySelector&&d.addEventListener&&\"undefined\"!=typeof URL&&(d.wp=d.wp||{},d.wp.receiveEmbedMessage||(d.wp.receiveEmbedMessage=function(e){var t=e.data;if((t||t.secret||t.message||t.value)&&!\/[^a-zA-Z0-9]\/.test(t.secret)){for(var s,r,n,a=l.querySelectorAll('iframe[data-secret=\"'+t.secret+'\"]'),o=l.querySelectorAll('blockquote[data-secret=\"'+t.secret+'\"]'),c=new RegExp(\"^https?:$\",\"i\"),i=0;i<o.length;i++)o[i].style.display=\"none\";for(i=0;i<a.length;i++)s=a[i],e.source===s.contentWindow&&(s.removeAttribute(\"style\"),\"height\"===t.message?(1e3<(r=parseInt(t.value,10))?r=1e3:~~r<200&&(r=200),s.height=r):\"link\"===t.message&&(r=new URL(s.getAttribute(\"src\")),n=new URL(t.value),c.test(n.protocol))&&n.host===r.host&&l.activeElement===s&&(d.top.location.href=t.value))}},d.addEventListener(\"message\",d.wp.receiveEmbedMessage,!1),l.addEventListener(\"DOMContentLoaded\",function(){for(var e,t,s=l.querySelectorAll(\"iframe.wp-embedded-content\"),r=0;r<s.length;r++)(t=(e=s[r]).getAttribute(\"data-secret\"))||(t=Math.random().toString(36).substring(2,12),e.src+=\"#?secret=\"+t,e.setAttribute(\"data-secret\",t)),e.contentWindow.postMessage({message:\"ready\",secret:t},\"*\")},!1)))}(window,document);\n\/* ]]> *\/\n<\/script>\n","thumbnail_url":"https:\/\/instytutpolski.pl\/budapest\/wp-content\/uploads\/sites\/21\/2020\/01\/boze_siedlecki.jpg","thumbnail_width":350,"thumbnail_height":273,"description":"TUDOM\u00c1NYOS KONFERENCIA a Lengyel K\u00f6zt\u00e1rsas\u00e1g magyarorsz\u00e1gi Nagyk\u00f6vets\u00e9ge \u00e9s\u00a0 a budapesti Lengyel Int\u00e9zet szervez\u00e9s\u00e9ben A\u00a0Bo\u017ce, co\u015b Polsk\u0119\u00a0(Isten, ki Lengyelhont) \u2013 200 \u00e9ves t\u00f6rt\u00e9nete \u00e9s hat\u00e1sa Budapest, 2018. okt\u00f3ber \u00a025. A\u00a0 KONFERENCIA PROGRAMJA 10.30-10.40\u00a0 A konferencia megnyit\u00e1sa Jerzy Snopek, a Lengyel K\u00f6zt\u00e1rsas\u00e1g magyarorsz\u00e1gi nagyk\u00f6vete Joanna Urba\u0144ska, a budapesti Lengyel Int\u00e9zet igazgat\u00f3ja 10.40-11.40 I. r\u00e9sz Moder\u00e1tor:\u00a0Jerzy Snopek Kabdeb\u00f3 [&hellip;]"}