{"version":"1.0","provider_name":"Instytut Polski w Budapeszcie","provider_url":"https:\/\/instytutpolski.pl\/budapest","author_name":"sienkiewiczl.disabled","author_url":"https:\/\/instytutpolski.pl\/budapest\/author\/msz\/","title":"80 \u00e9ves a budapesti Lengyel Int\u00e9zet - Instytut Polski w Budapeszcie","type":"rich","width":600,"height":338,"html":"<blockquote class=\"wp-embedded-content\" data-secret=\"yX3rF64CYo\"><a href=\"https:\/\/instytutpolski.pl\/budapest\/2019\/05\/30\/80-eves-a-budapesti-lengyel-intezet\/\">80 \u00e9ves a budapesti Lengyel Int\u00e9zet<\/a><\/blockquote><iframe sandbox=\"allow-scripts\" security=\"restricted\" src=\"https:\/\/instytutpolski.pl\/budapest\/2019\/05\/30\/80-eves-a-budapesti-lengyel-intezet\/embed\/#?secret=yX3rF64CYo\" width=\"600\" height=\"338\" title=\"&#8222;80 \u00e9ves a budapesti Lengyel Int\u00e9zet&#8221; &#8212; Instytut Polski w Budapeszcie\" data-secret=\"yX3rF64CYo\" frameborder=\"0\" marginwidth=\"0\" marginheight=\"0\" scrolling=\"no\" class=\"wp-embedded-content\"><\/iframe><script type=\"text\/javascript\">\n\/* <![CDATA[ *\/\n\/*! This file is auto-generated *\/\n!function(d,l){\"use strict\";l.querySelector&&d.addEventListener&&\"undefined\"!=typeof URL&&(d.wp=d.wp||{},d.wp.receiveEmbedMessage||(d.wp.receiveEmbedMessage=function(e){var t=e.data;if((t||t.secret||t.message||t.value)&&!\/[^a-zA-Z0-9]\/.test(t.secret)){for(var s,r,n,a=l.querySelectorAll('iframe[data-secret=\"'+t.secret+'\"]'),o=l.querySelectorAll('blockquote[data-secret=\"'+t.secret+'\"]'),c=new RegExp(\"^https?:$\",\"i\"),i=0;i<o.length;i++)o[i].style.display=\"none\";for(i=0;i<a.length;i++)s=a[i],e.source===s.contentWindow&&(s.removeAttribute(\"style\"),\"height\"===t.message?(1e3<(r=parseInt(t.value,10))?r=1e3:~~r<200&&(r=200),s.height=r):\"link\"===t.message&&(r=new URL(s.getAttribute(\"src\")),n=new URL(t.value),c.test(n.protocol))&&n.host===r.host&&l.activeElement===s&&(d.top.location.href=t.value))}},d.addEventListener(\"message\",d.wp.receiveEmbedMessage,!1),l.addEventListener(\"DOMContentLoaded\",function(){for(var e,t,s=l.querySelectorAll(\"iframe.wp-embedded-content\"),r=0;r<s.length;r++)(t=(e=s[r]).getAttribute(\"data-secret\"))||(t=Math.random().toString(36).substring(2,12),e.src+=\"#?secret=\"+t,e.setAttribute(\"data-secret\",t)),e.contentWindow.postMessage({message:\"ready\",secret:t},\"*\")},!1)))}(window,document);\n\/* ]]> *\/\n<\/script>\n","thumbnail_url":"https:\/\/instytutpolski.pl\/budapest\/wp-content\/uploads\/sites\/21\/2019\/05\/plakat_7.jpg","thumbnail_width":349,"thumbnail_height":500,"description":"K\u00e9tnapos programsorozat szabadt\u00e9ri koncertekkel, zen\u00e9vel, t\u00e1nccal, k\u00fcl\u00f6nleges filmvet\u00edt\u00e9ssel, ki\u00e1ll\u00edt\u00e1sokkal, csal\u00e1di programokkal \u00e9s m\u00e9g sok m\u00e1s meglepet\u00e9ssel! 2019. m\u00e1jus 31. (p\u00e9ntek), 16.00 \u2014 j\u00fanius 1. (szombat), 15.00 Lengyel Int\u00e9zet Budapest 1065 Nagymez\u0151 u. 15. PROGRAM 2019. m\u00e1jus 31. 16:00-22:00 &#8211;&nbsp; Szabadt\u00e9ri koncertek \u00e9s filmvet\u00edt\u00e9s a Lengyel Int\u00e9zet el\u0151tt 16:00 \u2013 zen\u00e9s-t\u00e1ncos \u00fcnnepi mulats\u00e1g a&nbsp;T\u0119gie Ch\u0142opy&nbsp;n\u00e9pzenei egy\u00fcttes [&hellip;]"}