{"version":"1.0","provider_name":"Instytut Polski w Budapeszcie","provider_url":"https:\/\/instytutpolski.pl\/budapest","author_name":"sienkiewiczl.disabled","author_url":"https:\/\/instytutpolski.pl\/budapest\/author\/msz\/","title":"Eur\u00f3pai Els\u0151k\u00f6nyvesek Fesztiv\u00e1lja 2019 - Instytut Polski w Budapeszcie","type":"rich","width":600,"height":338,"html":"<blockquote class=\"wp-embedded-content\" data-secret=\"6wy7GzG7s2\"><a href=\"https:\/\/instytutpolski.pl\/budapest\/2019\/05\/30\/europai-elsokonyvesek-fesztivalja-2019\/\">Eur\u00f3pai Els\u0151k\u00f6nyvesek Fesztiv\u00e1lja 2019<\/a><\/blockquote><iframe sandbox=\"allow-scripts\" security=\"restricted\" src=\"https:\/\/instytutpolski.pl\/budapest\/2019\/05\/30\/europai-elsokonyvesek-fesztivalja-2019\/embed\/#?secret=6wy7GzG7s2\" width=\"600\" height=\"338\" title=\"&#8222;Eur\u00f3pai Els\u0151k\u00f6nyvesek Fesztiv\u00e1lja 2019&#8221; &#8212; Instytut Polski w Budapeszcie\" data-secret=\"6wy7GzG7s2\" frameborder=\"0\" marginwidth=\"0\" marginheight=\"0\" scrolling=\"no\" class=\"wp-embedded-content\"><\/iframe><script type=\"text\/javascript\">\n\/* <![CDATA[ *\/\n\/*! This file is auto-generated *\/\n!function(d,l){\"use strict\";l.querySelector&&d.addEventListener&&\"undefined\"!=typeof URL&&(d.wp=d.wp||{},d.wp.receiveEmbedMessage||(d.wp.receiveEmbedMessage=function(e){var t=e.data;if((t||t.secret||t.message||t.value)&&!\/[^a-zA-Z0-9]\/.test(t.secret)){for(var s,r,n,a=l.querySelectorAll('iframe[data-secret=\"'+t.secret+'\"]'),o=l.querySelectorAll('blockquote[data-secret=\"'+t.secret+'\"]'),c=new RegExp(\"^https?:$\",\"i\"),i=0;i<o.length;i++)o[i].style.display=\"none\";for(i=0;i<a.length;i++)s=a[i],e.source===s.contentWindow&&(s.removeAttribute(\"style\"),\"height\"===t.message?(1e3<(r=parseInt(t.value,10))?r=1e3:~~r<200&&(r=200),s.height=r):\"link\"===t.message&&(r=new URL(s.getAttribute(\"src\")),n=new URL(t.value),c.test(n.protocol))&&n.host===r.host&&l.activeElement===s&&(d.top.location.href=t.value))}},d.addEventListener(\"message\",d.wp.receiveEmbedMessage,!1),l.addEventListener(\"DOMContentLoaded\",function(){for(var e,t,s=l.querySelectorAll(\"iframe.wp-embedded-content\"),r=0;r<s.length;r++)(t=(e=s[r]).getAttribute(\"data-secret\"))||(t=Math.random().toString(36).substring(2,12),e.src+=\"#?secret=\"+t,e.setAttribute(\"data-secret\",t)),e.contentWindow.postMessage({message:\"ready\",secret:t},\"*\")},!1)))}(window,document);\n\/* ]]> *\/\n<\/script>\n","thumbnail_url":"https:\/\/instytutpolski.pl\/budapest\/wp-content\/uploads\/sites\/21\/2019\/05\/bwmbunda33_fot._leszek_zych.jpg","thumbnail_width":350,"thumbnail_height":353,"description":"Id\u00e9n az Eur\u00f3pai Els\u0151k\u00f6nyvesek Fesztiv\u00e1lj\u00e1nak lengyel vend\u00e9ge Martyna Bunda lesz Nieczu\u0142o\u015b\u0107 (Ridegs\u00e9g) c\u00edm\u0171 reg\u00e9ny\u00e9vel. 2019. \u00e1prilis 27. (szombat), 10.00 Millen\u00e1ris B, L\u00e1z\u00e1r Ervin terem 1024 Budapest, Kis R\u00f3kus u. 16\u201320. Martyna Bunda&nbsp;\u2013 18 \u00e9ves kor\u00e1t\u00f3l \u00fajs\u00e1g\u00edr\u00f3-riporter; mint kider\u00fclt, ez \u00e9lete legfontosabb iskol\u00e1ja. Otthonok sz\u00e1zaiba l\u00e1togatott \u00edgy el &#8211; a lengyelek szeretik, ha a vend\u00e9g leh\u00fazza [&hellip;]"}