{"version":"1.0","provider_name":"Instytut Polski w Budapeszcie","provider_url":"https:\/\/instytutpolski.pl\/budapest","author_name":"jergert","author_url":"https:\/\/instytutpolski.pl\/budapest\/author\/jergert\/","title":"Esterh\u00e1zy J\u00e1nos kereszt\u00fatja j\u00fanius 8-\u00e1n a P\u00e1rbesz\u00e9d H\u00e1z\u00e1ban - Instytut Polski w Budapeszcie","type":"rich","width":600,"height":338,"html":"<blockquote class=\"wp-embedded-content\" data-secret=\"U5Lm24uBTu\"><a href=\"https:\/\/instytutpolski.pl\/budapest\/2022\/05\/31\/esterhazy-janos-keresztutja\/\">Esterh\u00e1zy J\u00e1nos kereszt\u00fatja j\u00fanius 8-\u00e1n a P\u00e1rbesz\u00e9d H\u00e1z\u00e1ban<\/a><\/blockquote><iframe sandbox=\"allow-scripts\" security=\"restricted\" src=\"https:\/\/instytutpolski.pl\/budapest\/2022\/05\/31\/esterhazy-janos-keresztutja\/embed\/#?secret=U5Lm24uBTu\" width=\"600\" height=\"338\" title=\"&#8222;Esterh\u00e1zy J\u00e1nos kereszt\u00fatja j\u00fanius 8-\u00e1n a P\u00e1rbesz\u00e9d H\u00e1z\u00e1ban&#8221; &#8212; Instytut Polski w Budapeszcie\" data-secret=\"U5Lm24uBTu\" frameborder=\"0\" marginwidth=\"0\" marginheight=\"0\" scrolling=\"no\" class=\"wp-embedded-content\"><\/iframe><script type=\"text\/javascript\">\n\/* <![CDATA[ *\/\n\/*! This file is auto-generated *\/\n!function(d,l){\"use strict\";l.querySelector&&d.addEventListener&&\"undefined\"!=typeof URL&&(d.wp=d.wp||{},d.wp.receiveEmbedMessage||(d.wp.receiveEmbedMessage=function(e){var t=e.data;if((t||t.secret||t.message||t.value)&&!\/[^a-zA-Z0-9]\/.test(t.secret)){for(var s,r,n,a=l.querySelectorAll('iframe[data-secret=\"'+t.secret+'\"]'),o=l.querySelectorAll('blockquote[data-secret=\"'+t.secret+'\"]'),c=new RegExp(\"^https?:$\",\"i\"),i=0;i<o.length;i++)o[i].style.display=\"none\";for(i=0;i<a.length;i++)s=a[i],e.source===s.contentWindow&&(s.removeAttribute(\"style\"),\"height\"===t.message?(1e3<(r=parseInt(t.value,10))?r=1e3:~~r<200&&(r=200),s.height=r):\"link\"===t.message&&(r=new URL(s.getAttribute(\"src\")),n=new URL(t.value),c.test(n.protocol))&&n.host===r.host&&l.activeElement===s&&(d.top.location.href=t.value))}},d.addEventListener(\"message\",d.wp.receiveEmbedMessage,!1),l.addEventListener(\"DOMContentLoaded\",function(){for(var e,t,s=l.querySelectorAll(\"iframe.wp-embedded-content\"),r=0;r<s.length;r++)(t=(e=s[r]).getAttribute(\"data-secret\"))||(t=Math.random().toString(36).substring(2,12),e.src+=\"#?secret=\"+t,e.setAttribute(\"data-secret\",t)),e.contentWindow.postMessage({message:\"ready\",secret:t},\"*\")},!1)))}(window,document);\n\/* ]]> *\/\n<\/script>\n","thumbnail_url":"https:\/\/instytutpolski.pl\/budapest\/wp-content\/uploads\/sites\/21\/2022\/05\/esterhazy-vetites-esemeny-48be996b17-3fddd3011547ee15f566948c32c8f0b0.jpg","thumbnail_width":885,"thumbnail_height":498,"description":"A budapesti Lengyel Int\u00e9zet, a P\u00e1rbesz\u00e9d H\u00e1za \u00e9s a Reconciliatio Esterh\u00e1zy J\u00e1nos Egyes\u00fclet szeretettel v\u00e1r minden \u00e9rdekl\u0151d\u0151t\u00a0Artur Janicki lengyel rendez\u0151 Esterh\u00e1zy J\u00e1nos kereszt\u00fatja c\u00edm\u0171 dokumentumfilmj\u00e9nek vet\u00edt\u00e9s\u00e9re \u00e9s az azt k\u00f6vet\u0151 besz\u00e9lget\u00e9sre. A besz\u00e9lget\u00e9s r\u00e9sztvev\u0151i:Artur Janicki, a dokumentumfilm rendez\u0151jeCs\u00e1nyi J\u00e1nos, filmproducerMoln\u00e1r Imre, t\u00f6rt\u00e9n\u00e9szSurj\u00e1n L\u00e1szl\u00f3, a Charta XXI. eln\u00f6keSajg\u00f3 Szabolcs SJ Moder\u00e1tor: Joanna Urba\u0144ska, a Lengyel Int\u00e9zet [&hellip;]"}