{"version":"1.0","provider_name":"Instytut Polski w Budapeszcie","provider_url":"https:\/\/instytutpolski.pl\/budapest","author_name":"jergert","author_url":"https:\/\/instytutpolski.pl\/budapest\/author\/jergert\/","title":"Stanis\u0142aw \u0141opuszy\u0144ski: Krakk\u00f3-Isztambul t\u00fara - Instytut Polski w Budapeszcie","type":"rich","width":600,"height":338,"html":"<blockquote class=\"wp-embedded-content\" data-secret=\"IrlFg0BhLJ\"><a href=\"https:\/\/instytutpolski.pl\/budapest\/2024\/06\/17\/stanislaw-lopuszynski-krakko-isztambul-tura\/\">Stanis\u0142aw \u0141opuszy\u0144ski: Krakk\u00f3-Isztambul t\u00fara<\/a><\/blockquote><iframe sandbox=\"allow-scripts\" security=\"restricted\" src=\"https:\/\/instytutpolski.pl\/budapest\/2024\/06\/17\/stanislaw-lopuszynski-krakko-isztambul-tura\/embed\/#?secret=IrlFg0BhLJ\" width=\"600\" height=\"338\" title=\"&#8222;Stanis\u0142aw \u0141opuszy\u0144ski: Krakk\u00f3-Isztambul t\u00fara&#8221; &#8212; Instytut Polski w Budapeszcie\" data-secret=\"IrlFg0BhLJ\" frameborder=\"0\" marginwidth=\"0\" marginheight=\"0\" scrolling=\"no\" class=\"wp-embedded-content\"><\/iframe><script type=\"text\/javascript\">\n\/* <![CDATA[ *\/\n\/*! This file is auto-generated *\/\n!function(d,l){\"use strict\";l.querySelector&&d.addEventListener&&\"undefined\"!=typeof URL&&(d.wp=d.wp||{},d.wp.receiveEmbedMessage||(d.wp.receiveEmbedMessage=function(e){var t=e.data;if((t||t.secret||t.message||t.value)&&!\/[^a-zA-Z0-9]\/.test(t.secret)){for(var s,r,n,a=l.querySelectorAll('iframe[data-secret=\"'+t.secret+'\"]'),o=l.querySelectorAll('blockquote[data-secret=\"'+t.secret+'\"]'),c=new RegExp(\"^https?:$\",\"i\"),i=0;i<o.length;i++)o[i].style.display=\"none\";for(i=0;i<a.length;i++)s=a[i],e.source===s.contentWindow&&(s.removeAttribute(\"style\"),\"height\"===t.message?(1e3<(r=parseInt(t.value,10))?r=1e3:~~r<200&&(r=200),s.height=r):\"link\"===t.message&&(r=new URL(s.getAttribute(\"src\")),n=new URL(t.value),c.test(n.protocol))&&n.host===r.host&&l.activeElement===s&&(d.top.location.href=t.value))}},d.addEventListener(\"message\",d.wp.receiveEmbedMessage,!1),l.addEventListener(\"DOMContentLoaded\",function(){for(var e,t,s=l.querySelectorAll(\"iframe.wp-embedded-content\"),r=0;r<s.length;r++)(t=(e=s[r]).getAttribute(\"data-secret\"))||(t=Math.random().toString(36).substring(2,12),e.src+=\"#?secret=\"+t,e.setAttribute(\"data-secret\",t)),e.contentWindow.postMessage({message:\"ready\",secret:t},\"*\")},!1)))}(window,document);\n\/* ]]> *\/\n<\/script>\n","thumbnail_url":"https:\/\/instytutpolski.pl\/budapest\/wp-content\/uploads\/sites\/21\/2024\/07\/448771803_935487228621024_7464294143516177198_n-1.jpg","thumbnail_width":1600,"thumbnail_height":900,"description":"J\u00fanius 27-\u00e9n, cs\u00fct\u00f6rt\u00f6k\u00f6n 19 \u00f3rakor ad koncertet Stanis\u0142aw \u0141opuszy\u0144ski lengyel csembal\u00f3m\u0171v\u00e9sz a debreceni Szent II. J\u00e1nos P\u00e1l Int\u00e9zetben. A zen\u00e9sz egy kultur\u00e1lis misszi\u00f3 keret\u00e9ben ker\u00e9kp\u00e1ron teszi meg a Krakk\u00f3-Isztambul \u00fatvonalat, s \u00fatk\u00f6zben sz\u00e1mos helysz\u00ednen, t\u00f6bbek k\u00f6z\u00f6tt Debrecenben, ingyenes koncertekkel n\u00e9pszer\u0171s\u00edti hangszer\u00e9t \u00e9s a lengyel, illetve az eur\u00f3pai kult\u00far\u00e1t. Vide\u00f3s besz\u00e1mol\u00f3 &#8211; Posta \u00c1kos Istv\u00e1n felv\u00e9telei:"}