{"version":"1.0","provider_name":"Instytut Polski w Budapeszcie","provider_url":"https:\/\/instytutpolski.pl\/budapest","author_name":"jergert","author_url":"https:\/\/instytutpolski.pl\/budapest\/author\/jergert\/","title":"Szyksznian Wanda: 2024 - Finissz\u00e1zs: janu\u00e1r 24. - Instytut Polski w Budapeszcie","type":"rich","width":600,"height":338,"html":"<blockquote class=\"wp-embedded-content\" data-secret=\"EG4T8WqYSp\"><a href=\"https:\/\/instytutpolski.pl\/budapest\/2025\/01\/20\/szyksznian-wanda-2024-finisszazs-januar-24\/\">Szyksznian Wanda: 2024 &#8211; Finissz\u00e1zs: janu\u00e1r 24.<\/a><\/blockquote><iframe sandbox=\"allow-scripts\" security=\"restricted\" src=\"https:\/\/instytutpolski.pl\/budapest\/2025\/01\/20\/szyksznian-wanda-2024-finisszazs-januar-24\/embed\/#?secret=EG4T8WqYSp\" width=\"600\" height=\"338\" title=\"&#8222;Szyksznian Wanda: 2024 &#8211; Finissz\u00e1zs: janu\u00e1r 24.&#8221; &#8212; Instytut Polski w Budapeszcie\" data-secret=\"EG4T8WqYSp\" frameborder=\"0\" marginwidth=\"0\" marginheight=\"0\" scrolling=\"no\" class=\"wp-embedded-content\"><\/iframe><script type=\"text\/javascript\">\n\/* <![CDATA[ *\/\n\/*! This file is auto-generated *\/\n!function(d,l){\"use strict\";l.querySelector&&d.addEventListener&&\"undefined\"!=typeof URL&&(d.wp=d.wp||{},d.wp.receiveEmbedMessage||(d.wp.receiveEmbedMessage=function(e){var t=e.data;if((t||t.secret||t.message||t.value)&&!\/[^a-zA-Z0-9]\/.test(t.secret)){for(var s,r,n,a=l.querySelectorAll('iframe[data-secret=\"'+t.secret+'\"]'),o=l.querySelectorAll('blockquote[data-secret=\"'+t.secret+'\"]'),c=new RegExp(\"^https?:$\",\"i\"),i=0;i<o.length;i++)o[i].style.display=\"none\";for(i=0;i<a.length;i++)s=a[i],e.source===s.contentWindow&&(s.removeAttribute(\"style\"),\"height\"===t.message?(1e3<(r=parseInt(t.value,10))?r=1e3:~~r<200&&(r=200),s.height=r):\"link\"===t.message&&(r=new URL(s.getAttribute(\"src\")),n=new URL(t.value),c.test(n.protocol))&&n.host===r.host&&l.activeElement===s&&(d.top.location.href=t.value))}},d.addEventListener(\"message\",d.wp.receiveEmbedMessage,!1),l.addEventListener(\"DOMContentLoaded\",function(){for(var e,t,s=l.querySelectorAll(\"iframe.wp-embedded-content\"),r=0;r<s.length;r++)(t=(e=s[r]).getAttribute(\"data-secret\"))||(t=Math.random().toString(36).substring(2,12),e.src+=\"#?secret=\"+t,e.setAttribute(\"data-secret\",t)),e.contentWindow.postMessage({message:\"ready\",secret:t},\"*\")},!1)))}(window,document);\n\/* ]]> *\/\n<\/script>\n","thumbnail_url":"https:\/\/instytutpolski.pl\/budapest\/wp-content\/uploads\/sites\/21\/2025\/01\/473789574_1092514136251665_6334474948092019026_n.jpg","thumbnail_width":1772,"thumbnail_height":1772,"description":"Ha m\u00e1r l\u00e1ttad Szyksznian Wanda ki\u00e1ll\u00edt\u00e1s\u00e1t akkor is \u00e9rdemes elj\u00f6nni, mert erre az alkalomra \u00faj grafik\u00e1t k\u00e9sz\u00edtett a m\u0171v\u00e9sz! \u00a0 Ha pedig m\u00e9g nem l\u00e1ttad, gyere el, mert m\u00e1r csak janu\u00e1r 31-ig tekinthet\u0151 meg a t\u00f6bbsz\u00f6r\u00f6s n\u00edv\u00f3 \u00e9s Ferenczy No\u00e9mi-d\u00edjas grafikus \u00e9s plak\u00e1ttervez\u0151 ki\u00e1ll\u00edt\u00e1sa a Plat\u00e1n Gal\u00e9ri\u00e1ban. \u00a0 Finissz\u00e1zs: 2025. janu\u00e1r 24. (p\u00e9ntek), 17.00 \u00f3ra [&hellip;]"}