{"version":"1.0","provider_name":"Instytut Polski w Budapeszcie","provider_url":"https:\/\/instytutpolski.pl\/budapest","author_name":"sienkiewiczl.disabled","author_url":"https:\/\/instytutpolski.pl\/budapest\/author\/msz\/","title":"Lengyelorsz\u00e1gi \u00f6szt\u00f6nd\u00edjak - Instytut Polski w Budapeszcie","type":"rich","width":600,"height":338,"html":"<blockquote class=\"wp-embedded-content\" data-secret=\"97q7LYbuIA\"><a href=\"https:\/\/instytutpolski.pl\/budapest\/lengyelorszagi-osztondijak\/\">Lengyelorsz\u00e1gi \u00f6szt\u00f6nd\u00edjak<\/a><\/blockquote><iframe sandbox=\"allow-scripts\" security=\"restricted\" src=\"https:\/\/instytutpolski.pl\/budapest\/lengyelorszagi-osztondijak\/embed\/#?secret=97q7LYbuIA\" width=\"600\" height=\"338\" title=\"&#8222;Lengyelorsz\u00e1gi \u00f6szt\u00f6nd\u00edjak&#8221; &#8212; Instytut Polski w Budapeszcie\" data-secret=\"97q7LYbuIA\" frameborder=\"0\" marginwidth=\"0\" marginheight=\"0\" scrolling=\"no\" class=\"wp-embedded-content\"><\/iframe><script type=\"text\/javascript\">\n\/* <![CDATA[ *\/\n\/*! This file is auto-generated *\/\n!function(d,l){\"use strict\";l.querySelector&&d.addEventListener&&\"undefined\"!=typeof URL&&(d.wp=d.wp||{},d.wp.receiveEmbedMessage||(d.wp.receiveEmbedMessage=function(e){var t=e.data;if((t||t.secret||t.message||t.value)&&!\/[^a-zA-Z0-9]\/.test(t.secret)){for(var s,r,n,a=l.querySelectorAll('iframe[data-secret=\"'+t.secret+'\"]'),o=l.querySelectorAll('blockquote[data-secret=\"'+t.secret+'\"]'),c=new RegExp(\"^https?:$\",\"i\"),i=0;i<o.length;i++)o[i].style.display=\"none\";for(i=0;i<a.length;i++)s=a[i],e.source===s.contentWindow&&(s.removeAttribute(\"style\"),\"height\"===t.message?(1e3<(r=parseInt(t.value,10))?r=1e3:~~r<200&&(r=200),s.height=r):\"link\"===t.message&&(r=new URL(s.getAttribute(\"src\")),n=new URL(t.value),c.test(n.protocol))&&n.host===r.host&&l.activeElement===s&&(d.top.location.href=t.value))}},d.addEventListener(\"message\",d.wp.receiveEmbedMessage,!1),l.addEventListener(\"DOMContentLoaded\",function(){for(var e,t,s=l.querySelectorAll(\"iframe.wp-embedded-content\"),r=0;r<s.length;r++)(t=(e=s[r]).getAttribute(\"data-secret\"))||(t=Math.random().toString(36).substring(2,12),e.src+=\"#?secret=\"+t,e.setAttribute(\"data-secret\",t)),e.contentWindow.postMessage({message:\"ready\",secret:t},\"*\")},!1)))}(window,document);\n\/* ]]> *\/\n<\/script>\n","description":"T\u00d6BB MINT 450 FELS\u0150OKTAT\u00c1SI INT\u00c9ZM\u00c9NY 315 ERASMUS UNIVERSITY CHARTER T\u00d6BB MINT 200 TANULM\u00c1NYI SZAK 1998 \u00d3TA 36 EZER DI\u00c1K VETT R\u00c9SZT LENGYELORSZ\u00c1GBAN ERASMUS PROGRAMBAN \u00a0 MAGYAR \u00d6SZT\u00d6ND\u00cdJ BIZOTTS\u00c1G (M\u00d6B) \u00c1LTAL KI\u00cdRT P\u00c1LY\u00c1ZATOK\u00a0(K\u00c9TOLDAL\u00da OKTAT\u00c1SI EGY\u00dcTTM\u0170K\u00d6D\u00c9SI MEG\u00c1LLAPOD\u00c1SOK KERETEIN BEL\u00dcL) A Magyar \u00d6szt\u00f6nd\u00edj Bizotts\u00e1g \u00e1ltal meghirdetett lengyel-magyar egy\u00fcttm\u0171k\u00f6d\u00e9si meg\u00e1llapod\u00e1sban szerepl\u0151, lengyel fels\u0151oktat\u00e1si int\u00e9zm\u00e9nyekbe sz\u00f3l\u00f3 tanulm\u00e1nyi programok Lengyel filol\u00f3gia [&hellip;]","thumbnail_url":"https:\/\/instytutpolski.pl\/budapeszt\/wp-content\/uploads\/sites\/21\/2019\/05\/g6.jpg"}